{"id":36352,"date":"2023-02-06T14:01:53","date_gmt":"2023-02-06T14:01:53","guid":{"rendered":"https:\/\/www.fosa.fr\/meetingdelair\/faq\/"},"modified":"2026-03-24T18:51:52","modified_gmt":"2026-03-24T17:51:52","slug":"faq","status":"publish","type":"page","link":"https:\/\/www.fosa.fr\/meetingdelair\/faq\/","title":{"rendered":"FAQ"},"content":{"rendered":"\t\t<div data-elementor-type=\"wp-page\" data-elementor-id=\"36352\" class=\"elementor elementor-36352\" data-elementor-post-type=\"page\">\n\t\t\t\t\t\t<section class=\"elementor-section elementor-top-section elementor-element elementor-element-26371f47 elementor-section-height-min-height elementor-section-stretched elementor-section-full_width elementor-section-height-default elementor-section-items-middle elementor-invisible\" data-id=\"26371f47\" data-element_type=\"section\" data-e-type=\"section\" data-settings=\"{&quot;stretch_section&quot;:&quot;section-stretched&quot;,&quot;background_background&quot;:&quot;classic&quot;,&quot;sticky&quot;:&quot;top&quot;,&quot;sticky_effects_offset&quot;:100,&quot;animation&quot;:&quot;fadeIn&quot;,&quot;sticky_on&quot;:[&quot;desktop&quot;],&quot;sticky_offset&quot;:0,&quot;sticky_anchor_link_offset&quot;:0}\">\n\t\t\t\t\t\t<div class=\"elementor-container elementor-column-gap-default\">\n\t\t\t\t\t<div class=\"elementor-column elementor-col-25 elementor-top-column elementor-element elementor-element-2ba026f9\" data-id=\"2ba026f9\" data-element_type=\"column\" data-e-type=\"column\">\n\t\t\t<div class=\"elementor-widget-wrap elementor-element-populated\">\n\t\t\t\t\t\t<div class=\"elementor-element elementor-element-424c9415 shrink-logo elementor-widget elementor-widget-image\" data-id=\"424c9415\" data-element_type=\"widget\" data-e-type=\"widget\" data-widget_type=\"image.default\">\n\t\t\t\t<div class=\"elementor-widget-container\">\n\t\t\t\t\t\t\t\t\t\t\t\t\t\t\t\t<a href=\"https:\/\/www.fosa.fr\/meetingdelair\/\">\n\t\t\t\t\t\t\t<img decoding=\"async\" width=\"427\" height=\"100\" src=\"https:\/\/www.fosa.fr\/meetingdelair\/wp-content\/uploads\/2025\/12\/Logo-Meeting-de-lair-2026-transp-V1-h100.png\" class=\"attachment-full size-full wp-image-41716\" alt=\"\" srcset=\"https:\/\/www.fosa.fr\/meetingdelair\/wp-content\/uploads\/2025\/12\/Logo-Meeting-de-lair-2026-transp-V1-h100.png 427w, https:\/\/www.fosa.fr\/meetingdelair\/wp-content\/uploads\/2025\/12\/Logo-Meeting-de-lair-2026-transp-V1-h100-300x70.png 300w\" sizes=\"(max-width: 427px) 100vw, 427px\" \/>\t\t\t\t\t\t\t\t<\/a>\n\t\t\t\t\t\t\t\t\t\t\t\t\t\t\t<\/div>\n\t\t\t\t<\/div>\n\t\t\t\t<div class=\"elementor-element elementor-element-69dd4767 elementor-widget elementor-widget-heading\" data-id=\"69dd4767\" data-element_type=\"widget\" data-e-type=\"widget\" data-widget_type=\"heading.default\">\n\t\t\t\t<div class=\"elementor-widget-container\">\n\t\t\t\t\t<h2 class=\"elementor-heading-title elementor-size-default\">30 &amp; 31 MAI 2026<\/h2>\t\t\t\t<\/div>\n\t\t\t\t<\/div>\n\t\t\t\t<div class=\"elementor-element elementor-element-1db62c76 elementor-widget elementor-widget-heading\" data-id=\"1db62c76\" data-element_type=\"widget\" data-e-type=\"widget\" data-widget_type=\"heading.default\">\n\t\t\t\t<div class=\"elementor-widget-container\">\n\t\t\t\t\t<h2 class=\"elementor-heading-title elementor-size-default\">Organis\u00e9 par la  Fondation des \u0152uvres Sociales de l'Air<\/h2>\t\t\t\t<\/div>\n\t\t\t\t<\/div>\n\t\t\t\t\t<\/div>\n\t\t<\/div>\n\t\t\t\t<div class=\"elementor-column elementor-col-25 elementor-top-column elementor-element elementor-element-5d2977ba\" data-id=\"5d2977ba\" data-element_type=\"column\" data-e-type=\"column\">\n\t\t\t<div class=\"elementor-widget-wrap elementor-element-populated\">\n\t\t\t\t\t\t<div class=\"elementor-element elementor-element-6eddc05f elementor-nav-menu__align-center elementor-nav-menu--dropdown-mobile elementor-nav-menu--stretch elementor-nav-menu__text-align-center elementor-nav-menu--toggle elementor-nav-menu--burger elementor-widget elementor-widget-nav-menu\" data-id=\"6eddc05f\" data-element_type=\"widget\" data-e-type=\"widget\" data-settings=\"{&quot;full_width&quot;:&quot;stretch&quot;,&quot;layout&quot;:&quot;horizontal&quot;,&quot;submenu_icon&quot;:{&quot;value&quot;:&quot;&lt;i class=\\&quot;fas fa-caret-down\\&quot; aria-hidden=\\&quot;true\\&quot;&gt;&lt;\\\/i&gt;&quot;,&quot;library&quot;:&quot;fa-solid&quot;},&quot;toggle&quot;:&quot;burger&quot;}\" data-widget_type=\"nav-menu.default\">\n\t\t\t\t<div class=\"elementor-widget-container\">\n\t\t\t\t\t\t\t\t<nav aria-label=\"Menu\" class=\"elementor-nav-menu--main elementor-nav-menu__container elementor-nav-menu--layout-horizontal e--pointer-underline e--animation-fade\">\n\t\t\t\t<ul id=\"menu-1-6eddc05f\" class=\"elementor-nav-menu\"><li  class=\" sf-dropdown menu-item-has-children menu-item-41908 menu-item menu-a-propos-du-meeting\"><a href=\"#\" class=\"elementor-item elementor-item-anchor\"><span>A PROPOS DU MEETING<\/span><\/a>\n<ul class=\"sub-menu sf-dropdown-menu dropdown elementor-nav-menu--dropdown\">\n\t<li  class=\" menu-item-41910 menu-item menu-la-fondation-des-oeuvres-sociales-de-lair-fosa\"><a href=\"https:\/\/www.fosa.fr\/meetingdelair\/la-fondation-des-oeuvres-sociales-de-lair\/\" class=\"elementor-sub-item\"><span>La Fondation des \u0152uvres Sociales de l\u2019Air (FOSA)<\/span><\/a><\/li>\n\t<li  class=\" menu-item-41909 menu-item menu-quest-ce-quun-meeting-de-lair\"><a href=\"https:\/\/www.fosa.fr\/meetingdelair\/a-propos-des-meetings-de-lair\/\" class=\"elementor-sub-item\"><span>Qu\u2019est-ce qu\u2019un Meeting de l\u2019air<\/span><\/a><\/li>\n\t<li  class=\" menu-item-43121 menu-item menu-la-base-aerienne-709-de-cognac-chateaubernard\"><a href=\"https:\/\/www.fosa.fr\/meetingdelair\/la-base-aerienne-709\/\" class=\"elementor-sub-item\"><span>La Base A\u00e9rienne 709 de Cognac-Ch\u00e2teaubernard<\/span><\/a><\/li>\n\t<li  class=\" menu-item-43413 menu-item menu-le-mot-du-commandant-de-base\"><a href=\"https:\/\/www.fosa.fr\/meetingdelair\/le-mot-du-commandant-de-base\/\" class=\"elementor-sub-item\"><span>Le mot du Commandant de Base<\/span><\/a><\/li>\n\t<li  class=\" menu-item-42599 menu-item menu-les-partenaires-du-meeting-de-lair-de-cognac-chateaubernard\"><a href=\"https:\/\/www.fosa.fr\/meetingdelair\/les-partenaires\/\" class=\"elementor-sub-item\"><span>Les partenaires du Meeting de l&#8217;Air de Cognac-Ch\u00e2teaubernard<\/span><\/a><\/li>\n\t<li  class=\" menu-item-41911 menu-item menu-devenez-partenaires\"><a href=\"https:\/\/www.fosa.fr\/meetingdelair\/devenez-partenaire\/\" class=\"elementor-sub-item\"><span>Devenez Partenaires<\/span><\/a><\/li>\n<\/ul>\n<\/li>\n<li  class=\" menu-item-42626 menu-item menu-billetterie\"><a href=\"https:\/\/www.fosa.fr\/meetingdelair\/billetterie\/\" class=\"elementor-item\"><span>BILLETTERIE<\/span><\/a><\/li>\n<li  class=\" sf-dropdown menu-item-has-children menu-item-43333 menu-item menu-plateau-aerien\"><a href=\"#\" class=\"elementor-item elementor-item-anchor\"><span>PLATEAU A\u00c9RIEN<\/span><\/a>\n<ul class=\"sub-menu sf-dropdown-menu dropdown elementor-nav-menu--dropdown\">\n\t<li  class=\" menu-item-43335 menu-item menu-plateau-aerien-civil\"><a href=\"https:\/\/www.fosa.fr\/meetingdelair\/plateau-aerien-civil\/\" class=\"elementor-sub-item\"><span>Plateau A\u00e9rien Civil<\/span><\/a><\/li>\n\t<li  class=\" menu-item-43334 menu-item menu-plateau-aerien-militaire\"><a href=\"https:\/\/www.fosa.fr\/meetingdelair\/plateau-aerien-militaire\/\" class=\"elementor-sub-item\"><span>Plateau A\u00e9rien Militaire<\/span><\/a><\/li>\n<\/ul>\n<\/li>\n<li  class=\" sf-dropdown menu-item-has-children menu-item-41912 menu-item menu-infos-pratiques\"><a href=\"#\" class=\"elementor-item elementor-item-anchor\"><span>INFOS PRATIQUES<\/span><\/a>\n<ul class=\"sub-menu sf-dropdown-menu dropdown elementor-nav-menu--dropdown\">\n\t<li  class=\" menu-item-43573 menu-item menu-mesures-de-securite\"><a href=\"https:\/\/www.fosa.fr\/meetingdelair\/mesures-de-securite\/\" class=\"elementor-sub-item\"><span>Mesures de S\u00e9curit\u00e9<\/span><\/a><\/li>\n\t<li  class=\" menu-item-43453 menu-item menu-plan-du-site\"><a href=\"https:\/\/www.fosa.fr\/meetingdelair\/plan-du-site\/\" class=\"elementor-sub-item\"><span>Plan du Site<\/span><\/a><\/li>\n\t<li  class=\" menu-item-42600 menu-item menu-faq\"><a href=\"https:\/\/www.fosa.fr\/meetingdelair\/faq\/\" class=\"elementor-sub-item\"><span>FAQ<\/span><\/a><\/li>\n\t<li  class=\" menu-item-41913 menu-item menu-contact\"><a href=\"https:\/\/www.fosa.fr\/meetingdelair\/contact\/\" class=\"elementor-sub-item\"><span>Contact<\/span><\/a><\/li>\n<\/ul>\n<\/li>\n<\/ul>\t\t\t<\/nav>\n\t\t\t\t\t<div class=\"elementor-menu-toggle\" role=\"button\" tabindex=\"0\" aria-label=\"Permuter le menu\" aria-expanded=\"false\">\n\t\t\t<i aria-hidden=\"true\" role=\"presentation\" class=\"elementor-menu-toggle__icon--open eicon-menu-bar\"><\/i><i aria-hidden=\"true\" role=\"presentation\" class=\"elementor-menu-toggle__icon--close eicon-close\"><\/i>\t\t<\/div>\n\t\t\t\t\t<nav class=\"elementor-nav-menu--dropdown elementor-nav-menu__container\" aria-hidden=\"true\">\n\t\t\t\t<ul id=\"menu-2-6eddc05f\" class=\"elementor-nav-menu\"><li  class=\" sf-dropdown menu-item-has-children menu-item-41908 menu-item menu-a-propos-du-meeting\"><a href=\"#\" class=\"elementor-item elementor-item-anchor\" tabindex=\"-1\"><span>A PROPOS DU MEETING<\/span><\/a>\n<ul class=\"sub-menu sf-dropdown-menu dropdown elementor-nav-menu--dropdown\">\n\t<li  class=\" menu-item-41910 menu-item menu-la-fondation-des-oeuvres-sociales-de-lair-fosa\"><a href=\"https:\/\/www.fosa.fr\/meetingdelair\/la-fondation-des-oeuvres-sociales-de-lair\/\" class=\"elementor-sub-item\" tabindex=\"-1\"><span>La Fondation des \u0152uvres Sociales de l\u2019Air (FOSA)<\/span><\/a><\/li>\n\t<li  class=\" menu-item-41909 menu-item menu-quest-ce-quun-meeting-de-lair\"><a href=\"https:\/\/www.fosa.fr\/meetingdelair\/a-propos-des-meetings-de-lair\/\" class=\"elementor-sub-item\" tabindex=\"-1\"><span>Qu\u2019est-ce qu\u2019un Meeting de l\u2019air<\/span><\/a><\/li>\n\t<li  class=\" menu-item-43121 menu-item menu-la-base-aerienne-709-de-cognac-chateaubernard\"><a href=\"https:\/\/www.fosa.fr\/meetingdelair\/la-base-aerienne-709\/\" class=\"elementor-sub-item\" tabindex=\"-1\"><span>La Base A\u00e9rienne 709 de Cognac-Ch\u00e2teaubernard<\/span><\/a><\/li>\n\t<li  class=\" menu-item-43413 menu-item menu-le-mot-du-commandant-de-base\"><a href=\"https:\/\/www.fosa.fr\/meetingdelair\/le-mot-du-commandant-de-base\/\" class=\"elementor-sub-item\" tabindex=\"-1\"><span>Le mot du Commandant de Base<\/span><\/a><\/li>\n\t<li  class=\" menu-item-42599 menu-item menu-les-partenaires-du-meeting-de-lair-de-cognac-chateaubernard\"><a href=\"https:\/\/www.fosa.fr\/meetingdelair\/les-partenaires\/\" class=\"elementor-sub-item\" tabindex=\"-1\"><span>Les partenaires du Meeting de l&#8217;Air de Cognac-Ch\u00e2teaubernard<\/span><\/a><\/li>\n\t<li  class=\" menu-item-41911 menu-item menu-devenez-partenaires\"><a href=\"https:\/\/www.fosa.fr\/meetingdelair\/devenez-partenaire\/\" class=\"elementor-sub-item\" tabindex=\"-1\"><span>Devenez Partenaires<\/span><\/a><\/li>\n<\/ul>\n<\/li>\n<li  class=\" menu-item-42626 menu-item menu-billetterie\"><a href=\"https:\/\/www.fosa.fr\/meetingdelair\/billetterie\/\" class=\"elementor-item\" tabindex=\"-1\"><span>BILLETTERIE<\/span><\/a><\/li>\n<li  class=\" sf-dropdown menu-item-has-children menu-item-43333 menu-item menu-plateau-aerien\"><a href=\"#\" class=\"elementor-item elementor-item-anchor\" tabindex=\"-1\"><span>PLATEAU A\u00c9RIEN<\/span><\/a>\n<ul class=\"sub-menu sf-dropdown-menu dropdown elementor-nav-menu--dropdown\">\n\t<li  class=\" menu-item-43335 menu-item menu-plateau-aerien-civil\"><a href=\"https:\/\/www.fosa.fr\/meetingdelair\/plateau-aerien-civil\/\" class=\"elementor-sub-item\" tabindex=\"-1\"><span>Plateau A\u00e9rien Civil<\/span><\/a><\/li>\n\t<li  class=\" menu-item-43334 menu-item menu-plateau-aerien-militaire\"><a href=\"https:\/\/www.fosa.fr\/meetingdelair\/plateau-aerien-militaire\/\" class=\"elementor-sub-item\" tabindex=\"-1\"><span>Plateau A\u00e9rien Militaire<\/span><\/a><\/li>\n<\/ul>\n<\/li>\n<li  class=\" sf-dropdown menu-item-has-children menu-item-41912 menu-item menu-infos-pratiques\"><a href=\"#\" class=\"elementor-item elementor-item-anchor\" tabindex=\"-1\"><span>INFOS PRATIQUES<\/span><\/a>\n<ul class=\"sub-menu sf-dropdown-menu dropdown elementor-nav-menu--dropdown\">\n\t<li  class=\" menu-item-43573 menu-item menu-mesures-de-securite\"><a href=\"https:\/\/www.fosa.fr\/meetingdelair\/mesures-de-securite\/\" class=\"elementor-sub-item\" tabindex=\"-1\"><span>Mesures de S\u00e9curit\u00e9<\/span><\/a><\/li>\n\t<li  class=\" menu-item-43453 menu-item menu-plan-du-site\"><a href=\"https:\/\/www.fosa.fr\/meetingdelair\/plan-du-site\/\" class=\"elementor-sub-item\" tabindex=\"-1\"><span>Plan du Site<\/span><\/a><\/li>\n\t<li  class=\" menu-item-42600 menu-item menu-faq\"><a href=\"https:\/\/www.fosa.fr\/meetingdelair\/faq\/\" class=\"elementor-sub-item\" tabindex=\"-1\"><span>FAQ<\/span><\/a><\/li>\n\t<li  class=\" menu-item-41913 menu-item menu-contact\"><a href=\"https:\/\/www.fosa.fr\/meetingdelair\/contact\/\" class=\"elementor-sub-item\" tabindex=\"-1\"><span>Contact<\/span><\/a><\/li>\n<\/ul>\n<\/li>\n<\/ul>\t\t\t<\/nav>\n\t\t\t\t\t\t<\/div>\n\t\t\t\t<\/div>\n\t\t\t\t\t<\/div>\n\t\t<\/div>\n\t\t\t\t<div class=\"elementor-column elementor-col-25 elementor-top-column elementor-element elementor-element-37d49914 elementor-hidden-mobile\" data-id=\"37d49914\" data-element_type=\"column\" data-e-type=\"column\">\n\t\t\t<div class=\"elementor-widget-wrap elementor-element-populated\">\n\t\t\t\t\t\t<div class=\"elementor-element elementor-element-7e90fe8d elementor-align-center elementor-widget elementor-widget-button\" data-id=\"7e90fe8d\" data-element_type=\"widget\" data-e-type=\"widget\" data-widget_type=\"button.default\">\n\t\t\t\t<div class=\"elementor-widget-container\">\n\t\t\t\t\t\t\t\t\t<div class=\"elementor-button-wrapper\">\n\t\t\t\t\t<a class=\"elementor-button elementor-button-link elementor-size-sm elementor-animation-grow\" href=\"https:\/\/www.fosa.fr\/meetingdelair\/espace-spotters\/\">\n\t\t\t\t\t\t<span class=\"elementor-button-content-wrapper\">\n\t\t\t\t\t\t\t\t\t<span class=\"elementor-button-text\">ESPACE SPOTTERS<\/span>\n\t\t\t\t\t<\/span>\n\t\t\t\t\t<\/a>\n\t\t\t\t<\/div>\n\t\t\t\t\t\t\t\t<\/div>\n\t\t\t\t<\/div>\n\t\t\t\t\t<\/div>\n\t\t<\/div>\n\t\t\t\t<div class=\"elementor-column elementor-col-25 elementor-top-column elementor-element elementor-element-1c7af6c3\" data-id=\"1c7af6c3\" data-element_type=\"column\" data-e-type=\"column\" data-settings=\"{&quot;background_background&quot;:&quot;classic&quot;}\">\n\t\t\t<div class=\"elementor-widget-wrap elementor-element-populated\">\n\t\t\t\t\t\t<div class=\"elementor-element elementor-element-3fd91558 shrink-logo elementor-widget elementor-widget-image\" data-id=\"3fd91558\" data-element_type=\"widget\" data-e-type=\"widget\" data-widget_type=\"image.default\">\n\t\t\t\t<div class=\"elementor-widget-container\">\n\t\t\t\t\t\t\t\t\t\t\t\t\t\t\t\t<a href=\"https:\/\/www.fosa.fr\/\" target=\"_blank\">\n\t\t\t\t\t\t\t<img fetchpriority=\"high\" decoding=\"async\" width=\"624\" height=\"200\" src=\"https:\/\/www.fosa.fr\/meetingdelair\/wp-content\/uploads\/2025\/12\/Logo-FOSA-HD-Transp-h200.png\" class=\"attachment-full size-full wp-image-41733\" alt=\"\" srcset=\"https:\/\/www.fosa.fr\/meetingdelair\/wp-content\/uploads\/2025\/12\/Logo-FOSA-HD-Transp-h200.png 624w, https:\/\/www.fosa.fr\/meetingdelair\/wp-content\/uploads\/2025\/12\/Logo-FOSA-HD-Transp-h200-300x96.png 300w\" sizes=\"(max-width: 624px) 100vw, 624px\" \/>\t\t\t\t\t\t\t\t<\/a>\n\t\t\t\t\t\t\t\t\t\t\t\t\t\t\t<\/div>\n\t\t\t\t<\/div>\n\t\t\t\t\t<\/div>\n\t\t<\/div>\n\t\t\t\t\t<\/div>\n\t\t<\/section>\n\t\t\t\t<section class=\"elementor-section elementor-top-section elementor-element elementor-element-2b1b619e elementor-section-boxed elementor-section-height-default elementor-section-height-default\" data-id=\"2b1b619e\" data-element_type=\"section\" data-e-type=\"section\">\n\t\t\t\t\t\t<div class=\"elementor-container elementor-column-gap-default\">\n\t\t\t\t\t<div class=\"elementor-column elementor-col-100 elementor-top-column elementor-element elementor-element-30a6e310\" data-id=\"30a6e310\" data-element_type=\"column\" data-e-type=\"column\">\n\t\t\t<div class=\"elementor-widget-wrap elementor-element-populated\">\n\t\t\t\t\t\t<div class=\"elementor-element elementor-element-4aa8887b elementor-widget elementor-widget-heading\" data-id=\"4aa8887b\" data-element_type=\"widget\" data-e-type=\"widget\" data-widget_type=\"heading.default\">\n\t\t\t\t<div class=\"elementor-widget-container\">\n\t\t\t\t\t<h2 class=\"elementor-heading-title elementor-size-default\">Foire aux Questions<\/h2>\t\t\t\t<\/div>\n\t\t\t\t<\/div>\n\t\t\t\t\t<\/div>\n\t\t<\/div>\n\t\t\t\t\t<\/div>\n\t\t<\/section>\n\t\t\t\t<section class=\"elementor-section elementor-top-section elementor-element elementor-element-6a1dea71 elementor-section-stretched elementor-section-content-middle elementor-section-full_width elementor-section-height-min-height elementor-section-height-default elementor-section-items-middle\" data-id=\"6a1dea71\" data-element_type=\"section\" data-e-type=\"section\" data-settings=\"{&quot;stretch_section&quot;:&quot;section-stretched&quot;,&quot;background_background&quot;:&quot;classic&quot;,&quot;background_motion_fx_motion_fx_scrolling&quot;:&quot;yes&quot;,&quot;background_motion_fx_translateY_effect&quot;:&quot;yes&quot;,&quot;background_motion_fx_translateY_speed&quot;:{&quot;unit&quot;:&quot;px&quot;,&quot;size&quot;:4,&quot;sizes&quot;:[]},&quot;background_motion_fx_translateY_affectedRange&quot;:{&quot;unit&quot;:&quot;%&quot;,&quot;size&quot;:&quot;&quot;,&quot;sizes&quot;:{&quot;start&quot;:0,&quot;end&quot;:100}},&quot;background_motion_fx_devices&quot;:[&quot;desktop&quot;,&quot;tablet&quot;,&quot;mobile&quot;]}\">\n\t\t\t\t\t\t<div class=\"elementor-container elementor-column-gap-default\">\n\t\t\t\t\t<div class=\"elementor-column elementor-col-100 elementor-top-column elementor-element elementor-element-896be82\" data-id=\"896be82\" data-element_type=\"column\" data-e-type=\"column\">\n\t\t\t<div class=\"elementor-widget-wrap\">\n\t\t\t\t\t\t\t<\/div>\n\t\t<\/div>\n\t\t\t\t\t<\/div>\n\t\t<\/section>\n\t\t\t\t<section class=\"elementor-section elementor-top-section elementor-element elementor-element-776c7c71 elementor-section-content-middle elementor-section-boxed elementor-section-height-default elementor-section-height-default\" data-id=\"776c7c71\" data-element_type=\"section\" data-e-type=\"section\">\n\t\t\t\t\t\t<div class=\"elementor-container elementor-column-gap-no\">\n\t\t\t\t\t<div class=\"elementor-column elementor-col-100 elementor-top-column elementor-element elementor-element-3e96933f\" data-id=\"3e96933f\" data-element_type=\"column\" data-e-type=\"column\">\n\t\t\t<div class=\"elementor-widget-wrap elementor-element-populated\">\n\t\t\t\t\t\t<div class=\"elementor-element elementor-element-8b2848b elementor-widget elementor-widget-heading\" data-id=\"8b2848b\" data-element_type=\"widget\" data-e-type=\"widget\" data-widget_type=\"heading.default\">\n\t\t\t\t<div class=\"elementor-widget-container\">\n\t\t\t\t\t<h5 class=\"elementor-heading-title elementor-size-default\">Retrouvez les questions les plus fr\u00e9quemment pos\u00e9es et leurs r\u00e9ponses<\/h5>\t\t\t\t<\/div>\n\t\t\t\t<\/div>\n\t\t\t\t<div class=\"elementor-element elementor-element-66c507ca elementor-widget elementor-widget-heading\" data-id=\"66c507ca\" data-element_type=\"widget\" data-e-type=\"widget\" data-widget_type=\"heading.default\">\n\t\t\t\t<div class=\"elementor-widget-container\">\n\t\t\t\t\t<h2 class=\"elementor-heading-title elementor-size-default\">Billetterie<\/h2>\t\t\t\t<\/div>\n\t\t\t\t<\/div>\n\t\t\t\t<div class=\"elementor-element elementor-element-7f13658f elementor-widget elementor-widget-toggle\" data-id=\"7f13658f\" data-element_type=\"widget\" data-e-type=\"widget\" data-widget_type=\"toggle.default\">\n\t\t\t\t<div class=\"elementor-widget-container\">\n\t\t\t\t\t\t\t<div class=\"elementor-toggle\">\n\t\t\t\t\t\t\t<div class=\"elementor-toggle-item\">\n\t\t\t\t\t<div id=\"elementor-tab-title-2131\" class=\"elementor-tab-title\" data-tab=\"1\" role=\"button\" aria-controls=\"elementor-tab-content-2131\" aria-expanded=\"false\">\n\t\t\t\t\t\t\t\t\t\t\t\t<span class=\"elementor-toggle-icon elementor-toggle-icon-right\" aria-hidden=\"true\">\n\t\t\t\t\t\t\t\t\t\t\t\t\t\t\t<span class=\"elementor-toggle-icon-closed\"><i class=\"fas fa-caret-right\"><\/i><\/span>\n\t\t\t\t\t\t\t\t<span class=\"elementor-toggle-icon-opened\"><i class=\"elementor-toggle-icon-opened fas fa-caret-up\"><\/i><\/span>\n\t\t\t\t\t\t\t\t\t\t\t\t\t<\/span>\n\t\t\t\t\t\t\t\t\t\t\t\t<a class=\"elementor-toggle-title\" tabindex=\"0\">O\u00f9 et comment acheter les Billets pour le Meeting<\/a>\n\t\t\t\t\t<\/div>\n\n\t\t\t\t\t<div id=\"elementor-tab-content-2131\" class=\"elementor-tab-content elementor-clearfix\" data-tab=\"1\" role=\"region\" aria-labelledby=\"elementor-tab-title-2131\"><p>La billetterie pour le Meeting ouvrira lundi 2 f\u00e9vrier \u00e0 10h00 et les billets seront disponibles exclusivement sur notre site (pas de vente physique de billets, y compris les jours de Meeting).<\/p><\/div>\n\t\t\t\t<\/div>\n\t\t\t\t\t\t\t\t<\/div>\n\t\t\t\t\t\t<\/div>\n\t\t\t\t<\/div>\n\t\t\t\t<div class=\"elementor-element elementor-element-2b95c1ec elementor-widget elementor-widget-toggle\" data-id=\"2b95c1ec\" data-element_type=\"widget\" data-e-type=\"widget\" data-widget_type=\"toggle.default\">\n\t\t\t\t<div class=\"elementor-widget-container\">\n\t\t\t\t\t\t\t<div class=\"elementor-toggle\">\n\t\t\t\t\t\t\t<div class=\"elementor-toggle-item\">\n\t\t\t\t\t<div id=\"elementor-tab-title-7311\" class=\"elementor-tab-title\" data-tab=\"1\" role=\"button\" aria-controls=\"elementor-tab-content-7311\" aria-expanded=\"false\">\n\t\t\t\t\t\t\t\t\t\t\t\t<span class=\"elementor-toggle-icon elementor-toggle-icon-right\" aria-hidden=\"true\">\n\t\t\t\t\t\t\t\t\t\t\t\t\t\t\t<span class=\"elementor-toggle-icon-closed\"><i class=\"fas fa-caret-right\"><\/i><\/span>\n\t\t\t\t\t\t\t\t<span class=\"elementor-toggle-icon-opened\"><i class=\"elementor-toggle-icon-opened fas fa-caret-up\"><\/i><\/span>\n\t\t\t\t\t\t\t\t\t\t\t\t\t<\/span>\n\t\t\t\t\t\t\t\t\t\t\t\t<a class=\"elementor-toggle-title\" tabindex=\"0\">Quels sont les tarifs pour assister au Meeting<\/a>\n\t\t\t\t\t<\/div>\n\n\t\t\t\t\t<div id=\"elementor-tab-content-7311\" class=\"elementor-tab-content elementor-clearfix\" data-tab=\"1\" role=\"region\" aria-labelledby=\"elementor-tab-title-7311\"><p>Les tarifs des billets pour assister au Meeting de l&#8217;Air de Cognac-Ch\u00e2teaubernard.<\/p><p><strong>Tarifs en pr\u00e9ventes jusqu&#8217;au 30 Avril 2026 :<\/strong><br \/>&#8211; ADULTE : 18 <span style=\"background-color: rgba(0, 0, 0, 0); font-family: var( --e-global-typography-text-font-family ), Sans-serif;\">\u20ac<br \/>&#8211; ENFANT DE 10\/17 : 10<\/span><span style=\"background-color: rgba(0, 0, 0, 0); font-family: var( --e-global-typography-text-font-family ), Sans-serif;\">\u00a0<\/span><span style=\"background-color: rgba(0, 0, 0, 0); font-family: var( --e-global-typography-text-font-family ), Sans-serif;\">\u20ac<br \/>&#8211; ENFANT DE MOINS DE 10 ANS : GRATUIT<\/span><\/p><p><span style=\"background-color: rgba(0, 0, 0, 0); font-family: var( --e-global-typography-text-font-family ), Sans-serif;\"><strong>Tarifs (\u00e0 compter du 1er mai 2026) :\u00a0<\/strong><br \/>&#8211; ADULTE : 22 \u20ac<br \/>&#8211; ENFANT DE 10\/17 : 12 \u20ac<br \/>&#8211; ENFANT DE MOINS DE 10 ANS : GRATUIT<\/span><\/p><\/div>\n\t\t\t\t<\/div>\n\t\t\t\t\t\t\t\t<\/div>\n\t\t\t\t\t\t<\/div>\n\t\t\t\t<\/div>\n\t\t\t\t<div class=\"elementor-element elementor-element-54f4317d elementor-widget elementor-widget-toggle\" data-id=\"54f4317d\" data-element_type=\"widget\" data-e-type=\"widget\" data-widget_type=\"toggle.default\">\n\t\t\t\t<div class=\"elementor-widget-container\">\n\t\t\t\t\t\t\t<div class=\"elementor-toggle\">\n\t\t\t\t\t\t\t<div class=\"elementor-toggle-item\">\n\t\t\t\t\t<div id=\"elementor-tab-title-1421\" class=\"elementor-tab-title\" data-tab=\"1\" role=\"button\" aria-controls=\"elementor-tab-content-1421\" aria-expanded=\"false\">\n\t\t\t\t\t\t\t\t\t\t\t\t<span class=\"elementor-toggle-icon elementor-toggle-icon-right\" aria-hidden=\"true\">\n\t\t\t\t\t\t\t\t\t\t\t\t\t\t\t<span class=\"elementor-toggle-icon-closed\"><i class=\"fas fa-caret-right\"><\/i><\/span>\n\t\t\t\t\t\t\t\t<span class=\"elementor-toggle-icon-opened\"><i class=\"elementor-toggle-icon-opened fas fa-caret-up\"><\/i><\/span>\n\t\t\t\t\t\t\t\t\t\t\t\t\t<\/span>\n\t\t\t\t\t\t\t\t\t\t\t\t<a class=\"elementor-toggle-title\" tabindex=\"0\">Y a-t-il un nombre de places limit\u00e9es<\/a>\n\t\t\t\t\t<\/div>\n\n\t\t\t\t\t<div id=\"elementor-tab-content-1421\" class=\"elementor-tab-content elementor-clearfix\" data-tab=\"1\" role=\"region\" aria-labelledby=\"elementor-tab-title-1421\"><p>Les entr\u00e9es au Meeting de l&#8217;Air de Cognac-Ch\u00e2teaubernard sont limit\u00e9s \u00e0 20 000 par jour (le samedi 30 mai et le dimanche 31 mai 2026).<\/p><\/div>\n\t\t\t\t<\/div>\n\t\t\t\t\t\t\t\t<\/div>\n\t\t\t\t\t\t<\/div>\n\t\t\t\t<\/div>\n\t\t\t\t<div class=\"elementor-element elementor-element-6f19f4a0 elementor-widget elementor-widget-toggle\" data-id=\"6f19f4a0\" data-element_type=\"widget\" data-e-type=\"widget\" data-widget_type=\"toggle.default\">\n\t\t\t\t<div class=\"elementor-widget-container\">\n\t\t\t\t\t\t\t<div class=\"elementor-toggle\">\n\t\t\t\t\t\t\t<div class=\"elementor-toggle-item\">\n\t\t\t\t\t<div id=\"elementor-tab-title-1861\" class=\"elementor-tab-title\" data-tab=\"1\" role=\"button\" aria-controls=\"elementor-tab-content-1861\" aria-expanded=\"false\">\n\t\t\t\t\t\t\t\t\t\t\t\t<span class=\"elementor-toggle-icon elementor-toggle-icon-right\" aria-hidden=\"true\">\n\t\t\t\t\t\t\t\t\t\t\t\t\t\t\t<span class=\"elementor-toggle-icon-closed\"><i class=\"fas fa-caret-right\"><\/i><\/span>\n\t\t\t\t\t\t\t\t<span class=\"elementor-toggle-icon-opened\"><i class=\"elementor-toggle-icon-opened fas fa-caret-up\"><\/i><\/span>\n\t\t\t\t\t\t\t\t\t\t\t\t\t<\/span>\n\t\t\t\t\t\t\t\t\t\t\t\t<a class=\"elementor-toggle-title\" tabindex=\"0\">Jusqu'\u00e0 quelle date peut-on acheter ses billets<\/a>\n\t\t\t\t\t<\/div>\n\n\t\t\t\t\t<div id=\"elementor-tab-content-1861\" class=\"elementor-tab-content elementor-clearfix\" data-tab=\"1\" role=\"region\" aria-labelledby=\"elementor-tab-title-1861\"><p>La <span data-olk-copy-source=\"MessageBody\">billetterie du Meeting de l&#8217;Air de Cognac-Ch\u00e2teaubernard est ouverte jusqu\u2019au 31 mai.<\/span><\/p><\/div>\n\t\t\t\t<\/div>\n\t\t\t\t\t\t\t\t<\/div>\n\t\t\t\t\t\t<\/div>\n\t\t\t\t<\/div>\n\t\t\t\t<div class=\"elementor-element elementor-element-53f5175f elementor-widget elementor-widget-toggle\" data-id=\"53f5175f\" data-element_type=\"widget\" data-e-type=\"widget\" data-widget_type=\"toggle.default\">\n\t\t\t\t<div class=\"elementor-widget-container\">\n\t\t\t\t\t\t\t<div class=\"elementor-toggle\">\n\t\t\t\t\t\t\t<div class=\"elementor-toggle-item\">\n\t\t\t\t\t<div id=\"elementor-tab-title-1401\" class=\"elementor-tab-title\" data-tab=\"1\" role=\"button\" aria-controls=\"elementor-tab-content-1401\" aria-expanded=\"false\">\n\t\t\t\t\t\t\t\t\t\t\t\t<span class=\"elementor-toggle-icon elementor-toggle-icon-right\" aria-hidden=\"true\">\n\t\t\t\t\t\t\t\t\t\t\t\t\t\t\t<span class=\"elementor-toggle-icon-closed\"><i class=\"fas fa-caret-right\"><\/i><\/span>\n\t\t\t\t\t\t\t\t<span class=\"elementor-toggle-icon-opened\"><i class=\"elementor-toggle-icon-opened fas fa-caret-up\"><\/i><\/span>\n\t\t\t\t\t\t\t\t\t\t\t\t\t<\/span>\n\t\t\t\t\t\t\t\t\t\t\t\t<a class=\"elementor-toggle-title\" tabindex=\"0\">Est-il possible d'acheter ses billets sur place<\/a>\n\t\t\t\t\t<\/div>\n\n\t\t\t\t\t<div id=\"elementor-tab-content-1401\" class=\"elementor-tab-content elementor-clearfix\" data-tab=\"1\" role=\"region\" aria-labelledby=\"elementor-tab-title-1401\"><p>Non, l<span data-olk-copy-source=\"MessageBody\">es billets sont uniquement en vente sur le site internet en d\u00e9mat\u00e9rialis\u00e9. Il n&#8217;y a pas de vente physique de billets les jours de Meeting.<\/span><\/p><\/div>\n\t\t\t\t<\/div>\n\t\t\t\t\t\t\t\t<\/div>\n\t\t\t\t\t\t<\/div>\n\t\t\t\t<\/div>\n\t\t\t\t<div class=\"elementor-element elementor-element-29b920af elementor-widget elementor-widget-toggle\" data-id=\"29b920af\" data-element_type=\"widget\" data-e-type=\"widget\" data-widget_type=\"toggle.default\">\n\t\t\t\t<div class=\"elementor-widget-container\">\n\t\t\t\t\t\t\t<div class=\"elementor-toggle\">\n\t\t\t\t\t\t\t<div class=\"elementor-toggle-item\">\n\t\t\t\t\t<div id=\"elementor-tab-title-6991\" class=\"elementor-tab-title\" data-tab=\"1\" role=\"button\" aria-controls=\"elementor-tab-content-6991\" aria-expanded=\"false\">\n\t\t\t\t\t\t\t\t\t\t\t\t<span class=\"elementor-toggle-icon elementor-toggle-icon-right\" aria-hidden=\"true\">\n\t\t\t\t\t\t\t\t\t\t\t\t\t\t\t<span class=\"elementor-toggle-icon-closed\"><i class=\"fas fa-caret-right\"><\/i><\/span>\n\t\t\t\t\t\t\t\t<span class=\"elementor-toggle-icon-opened\"><i class=\"elementor-toggle-icon-opened fas fa-caret-up\"><\/i><\/span>\n\t\t\t\t\t\t\t\t\t\t\t\t\t<\/span>\n\t\t\t\t\t\t\t\t\t\t\t\t<a class=\"elementor-toggle-title\" tabindex=\"0\">Des entr\u00e9es VIP sont-elles propos\u00e9es<\/a>\n\t\t\t\t\t<\/div>\n\n\t\t\t\t\t<div id=\"elementor-tab-content-6991\" class=\"elementor-tab-content elementor-clearfix\" data-tab=\"1\" role=\"region\" aria-labelledby=\"elementor-tab-title-6991\"><p>Des billets \u00ab privil\u00e8ges \u00bb (VIP) seront propos\u00e9s pour le Meeting de l&#8217;Air de Cognac-Ch\u00e2teaubernard (200 places par jour).<\/p><p>Ce tarif vous permet d&#8217;acc\u00e9der \u00e0 un parking d\u00e9di\u00e9 et \u00e0 la zone VIP dans laquelle vous seront servis des viennoiseries et boissons chaudes \u00e0 partir de 10h, puis un cocktail d\u00e9jeunatoire de qualit\u00e9 avec champagne \u00e0 discr\u00e9tion \u00e0 partir de 12h.<\/p><p>Confortablement install\u00e9s en terrasse vous pourrez profiter pleinement des 8 heures de spectacle a\u00e9rien.<\/p><p>Enfin, vous pourrez avoir la chance de rencontrer des \u00e9quipages ou cadres de l&#8217;Arm\u00e9e de l&#8217;Air et de l&#8217;Espace qui vous feront partager leur passion.<\/p><\/div>\n\t\t\t\t<\/div>\n\t\t\t\t\t\t\t\t<\/div>\n\t\t\t\t\t\t<\/div>\n\t\t\t\t<\/div>\n\t\t\t\t<div class=\"elementor-element elementor-element-5df5dce2 elementor-widget elementor-widget-toggle\" data-id=\"5df5dce2\" data-element_type=\"widget\" data-e-type=\"widget\" data-widget_type=\"toggle.default\">\n\t\t\t\t<div class=\"elementor-widget-container\">\n\t\t\t\t\t\t\t<div class=\"elementor-toggle\">\n\t\t\t\t\t\t\t<div class=\"elementor-toggle-item\">\n\t\t\t\t\t<div id=\"elementor-tab-title-1571\" class=\"elementor-tab-title\" data-tab=\"1\" role=\"button\" aria-controls=\"elementor-tab-content-1571\" aria-expanded=\"false\">\n\t\t\t\t\t\t\t\t\t\t\t\t<span class=\"elementor-toggle-icon elementor-toggle-icon-right\" aria-hidden=\"true\">\n\t\t\t\t\t\t\t\t\t\t\t\t\t\t\t<span class=\"elementor-toggle-icon-closed\"><i class=\"fas fa-caret-right\"><\/i><\/span>\n\t\t\t\t\t\t\t\t<span class=\"elementor-toggle-icon-opened\"><i class=\"elementor-toggle-icon-opened fas fa-caret-up\"><\/i><\/span>\n\t\t\t\t\t\t\t\t\t\t\t\t\t<\/span>\n\t\t\t\t\t\t\t\t\t\t\t\t<a class=\"elementor-toggle-title\" tabindex=\"0\">A quoi correspond un billet privil\u00e8ge<\/a>\n\t\t\t\t\t<\/div>\n\n\t\t\t\t\t<div id=\"elementor-tab-content-1571\" class=\"elementor-tab-content elementor-clearfix\" data-tab=\"1\" role=\"region\" aria-labelledby=\"elementor-tab-title-1571\"><p><span data-olk-copy-source=\"MessageBody\">Le tarif \u00ab\u00a0privil\u00e8ge\u00a0\u00bb correspond \u00e0 la possibilit\u00e9 d\u2019acc\u00e9der \u00e0 un traitement VIP au cours de ce meeting.<\/span><\/p><p>Ce billet comprend un acc\u00e8s au parking VIP et navette vers l\u2019accueil VIP. Vous serez ensuite dirig\u00e9 vers l\u2019espace \u00ab\u00a0privil\u00e8ge\u00a0\u00bb r\u00e9serv\u00e9 \u00e0 ces billets, o\u00f9 vous aurez\u00a0<u>la m\u00eame prestation<\/u>\u00a0que les \u00ab\u00a0VIP\u00a0\u00bb du meeting (Autorit\u00e9s militaires, civiles et industriels qui ont leur propre espace).<\/p><p>Viennoiserie, boissons chaudes et froides en matin\u00e9e, service traiteur avec mange debout pour le d\u00e9jeuner et sucr\u00e9 dans l\u2019apr\u00e8s-midi. L\u2019espace dispose d\u2019une terrasse aux premi\u00e8res loges pour assister aux d\u00e9monstrations a\u00e9riennes et certains des pr\u00e9sentateurs (dont la Patrouille de France) viendront vous saluer. Vous aurez bien \u00e9videmment la possibilit\u00e9 de sortir en zone grand public pour voir les diff\u00e9rents stands et expositions statiques des a\u00e9ronefs.<\/p><\/div>\n\t\t\t\t<\/div>\n\t\t\t\t\t\t\t\t<\/div>\n\t\t\t\t\t\t<\/div>\n\t\t\t\t<\/div>\n\t\t\t\t<div class=\"elementor-element elementor-element-26b6a4df elementor-widget elementor-widget-toggle\" data-id=\"26b6a4df\" data-element_type=\"widget\" data-e-type=\"widget\" data-widget_type=\"toggle.default\">\n\t\t\t\t<div class=\"elementor-widget-container\">\n\t\t\t\t\t\t\t<div class=\"elementor-toggle\">\n\t\t\t\t\t\t\t<div class=\"elementor-toggle-item\">\n\t\t\t\t\t<div id=\"elementor-tab-title-6491\" class=\"elementor-tab-title\" data-tab=\"1\" role=\"button\" aria-controls=\"elementor-tab-content-6491\" aria-expanded=\"false\">\n\t\t\t\t\t\t\t\t\t\t\t\t<span class=\"elementor-toggle-icon elementor-toggle-icon-right\" aria-hidden=\"true\">\n\t\t\t\t\t\t\t\t\t\t\t\t\t\t\t<span class=\"elementor-toggle-icon-closed\"><i class=\"fas fa-caret-right\"><\/i><\/span>\n\t\t\t\t\t\t\t\t<span class=\"elementor-toggle-icon-opened\"><i class=\"elementor-toggle-icon-opened fas fa-caret-up\"><\/i><\/span>\n\t\t\t\t\t\t\t\t\t\t\t\t\t<\/span>\n\t\t\t\t\t\t\t\t\t\t\t\t<a class=\"elementor-toggle-title\" tabindex=\"0\">Les places VIP sont-elles accessibles aux enfants<\/a>\n\t\t\t\t\t<\/div>\n\n\t\t\t\t\t<div id=\"elementor-tab-content-6491\" class=\"elementor-tab-content elementor-clearfix\" data-tab=\"1\" role=\"region\" aria-labelledby=\"elementor-tab-title-6491\"><p><span data-olk-copy-source=\"MessageBody\">L\u2019espace \u00ab\u00a0privil\u00e8ge\u00a0\u00bb a \u00e9t\u00e9 cr\u00e9\u00e9 afin de faire profiter \u00e0 des particuliers d\u2019un esprit \u00ab\u00a0VIP\u00a0\u00bb au profit de personnes d\u00e9sirant un traitement particulier. Il n\u2019est donc pas particuli\u00e8rement destin\u00e9 aux enfants.<\/span><\/p><p>Cependant il n\u2019est pas interdit de venir avec un jeune mais sans tarif r\u00e9duit, toujours dans l\u2019esprit de conserver cet esprit \u00ab\u00a0privil\u00e8ge\u00a0\u00bb.<\/p><\/div>\n\t\t\t\t<\/div>\n\t\t\t\t\t\t\t\t<\/div>\n\t\t\t\t\t\t<\/div>\n\t\t\t\t<\/div>\n\t\t\t\t<div class=\"elementor-element elementor-element-482855bd elementor-widget elementor-widget-toggle\" data-id=\"482855bd\" data-element_type=\"widget\" data-e-type=\"widget\" data-widget_type=\"toggle.default\">\n\t\t\t\t<div class=\"elementor-widget-container\">\n\t\t\t\t\t\t\t<div class=\"elementor-toggle\">\n\t\t\t\t\t\t\t<div class=\"elementor-toggle-item\">\n\t\t\t\t\t<div id=\"elementor-tab-title-1211\" class=\"elementor-tab-title\" data-tab=\"1\" role=\"button\" aria-controls=\"elementor-tab-content-1211\" aria-expanded=\"false\">\n\t\t\t\t\t\t\t\t\t\t\t\t<span class=\"elementor-toggle-icon elementor-toggle-icon-right\" aria-hidden=\"true\">\n\t\t\t\t\t\t\t\t\t\t\t\t\t\t\t<span class=\"elementor-toggle-icon-closed\"><i class=\"fas fa-caret-right\"><\/i><\/span>\n\t\t\t\t\t\t\t\t<span class=\"elementor-toggle-icon-opened\"><i class=\"elementor-toggle-icon-opened fas fa-caret-up\"><\/i><\/span>\n\t\t\t\t\t\t\t\t\t\t\t\t\t<\/span>\n\t\t\t\t\t\t\t\t\t\t\t\t<a class=\"elementor-toggle-title\" tabindex=\"0\">Faut-il \u00eatre adh\u00e9rent de la Fondation des \u0152uvres Sociales de l'Air (FOSA) pour  assister au Meeting <\/a>\n\t\t\t\t\t<\/div>\n\n\t\t\t\t\t<div id=\"elementor-tab-content-1211\" class=\"elementor-tab-content elementor-clearfix\" data-tab=\"1\" role=\"region\" aria-labelledby=\"elementor-tab-title-1211\"><p>La billetterie sera ouverte \u00e0 tous, il est nul besoin d\u2019adh\u00e9rer \u00e0 la FOSA.<br \/>La FOSA est une Fondation et nous n\u2019avons aucun adh\u00e9rent, nous organisons des meetings et la billetterie nous sert \u00e0 r\u00e9colter de l\u2019argent pour venir en aide \u00e0 plus de 300 orphelins.<\/p><\/div>\n\t\t\t\t<\/div>\n\t\t\t\t\t\t\t\t<\/div>\n\t\t\t\t\t\t<\/div>\n\t\t\t\t<\/div>\n\t\t\t\t<div class=\"elementor-element elementor-element-56ba8742 elementor-widget elementor-widget-toggle\" data-id=\"56ba8742\" data-element_type=\"widget\" data-e-type=\"widget\" data-widget_type=\"toggle.default\">\n\t\t\t\t<div class=\"elementor-widget-container\">\n\t\t\t\t\t\t\t<div class=\"elementor-toggle\">\n\t\t\t\t\t\t\t<div class=\"elementor-toggle-item\">\n\t\t\t\t\t<div id=\"elementor-tab-title-1451\" class=\"elementor-tab-title\" data-tab=\"1\" role=\"button\" aria-controls=\"elementor-tab-content-1451\" aria-expanded=\"false\">\n\t\t\t\t\t\t\t\t\t\t\t\t<span class=\"elementor-toggle-icon elementor-toggle-icon-right\" aria-hidden=\"true\">\n\t\t\t\t\t\t\t\t\t\t\t\t\t\t\t<span class=\"elementor-toggle-icon-closed\"><i class=\"fas fa-caret-right\"><\/i><\/span>\n\t\t\t\t\t\t\t\t<span class=\"elementor-toggle-icon-opened\"><i class=\"elementor-toggle-icon-opened fas fa-caret-up\"><\/i><\/span>\n\t\t\t\t\t\t\t\t\t\t\t\t\t<\/span>\n\t\t\t\t\t\t\t\t\t\t\t\t<a class=\"elementor-toggle-title\" tabindex=\"0\">A quoi correspondent les  tarifs du Meeting de l'AIr<\/a>\n\t\t\t\t\t<\/div>\n\n\t\t\t\t\t<div id=\"elementor-tab-content-1451\" class=\"elementor-tab-content elementor-clearfix\" data-tab=\"1\" role=\"region\" aria-labelledby=\"elementor-tab-title-1451\"><p>Les Meetings de l&#8217;Air sont payants (depuis quelques ann\u00e9es d\u00e9j\u00e0) car il sont organis\u00e9s au profit de la Fondation des \u0152uvres Sociales de l&#8217;Air (FOSA). Vous pouvez en apprendre d&#8217;avantage sur notre Fondation \u00e0 l&#8217;adresse suivante :<\/p><p><a href=\"https:\/\/www.fosa.fr\/meetingdelair\/la-fondation-des-oeuvres-sociales-de-lair\/\">https:\/\/www.fosa.fr\/meetingdelair\/la-fondation-des-oeuvres-sociales-de-lair\/<\/a><\/p><p>En achetant vos billets pour un Meeting de l&#8217;Air vous assistez \u00e0 un magnifique spectacle a\u00e9rien et vous faites une bonne action en apportant votre soutien aux familles, aux bless\u00e9s et aux orphelins.<\/p><p><strong>Les tarifs pour la pr\u00e9vente (jusqu&#8217;au 30 avril minuit)<\/strong> du Meeting de l&#8217;Air de Cognac-Ch\u00e2teaubernard\u00a0<\/p><p>&#8211; 18 euros pour un ADULTE (\u00e0 partir de 18 ans)<\/p><p>&#8211; 10 euros pour un JEUNE (de 10 \u00e0 17 ans inclus)<\/p><p>&#8211; Gratuit pour les ENFANTS (moins de 10 ans)<\/p><p><strong>Les tarifs \u00a0(\u00e0 partir du 1er mai)<\/strong><\/p><p>&#8211; 22 euros pour un ADULTE (\u00e0 partir de 18 ans)<\/p><p>&#8211; 12 euros pour un JEUNE (de 10 \u00e0 17 ans inclus)<\/p><p>&#8211; Gratuit pour les ENFANTS (moins de 10 ans)<\/p><\/div>\n\t\t\t\t<\/div>\n\t\t\t\t\t\t\t\t<\/div>\n\t\t\t\t\t\t<\/div>\n\t\t\t\t<\/div>\n\t\t\t\t<div class=\"elementor-element elementor-element-5a66e7f0 elementor-widget elementor-widget-toggle\" data-id=\"5a66e7f0\" data-element_type=\"widget\" data-e-type=\"widget\" data-widget_type=\"toggle.default\">\n\t\t\t\t<div class=\"elementor-widget-container\">\n\t\t\t\t\t\t\t<div class=\"elementor-toggle\">\n\t\t\t\t\t\t\t<div class=\"elementor-toggle-item\">\n\t\t\t\t\t<div id=\"elementor-tab-title-1511\" class=\"elementor-tab-title\" data-tab=\"1\" role=\"button\" aria-controls=\"elementor-tab-content-1511\" aria-expanded=\"false\">\n\t\t\t\t\t\t\t\t\t\t\t\t<span class=\"elementor-toggle-icon elementor-toggle-icon-right\" aria-hidden=\"true\">\n\t\t\t\t\t\t\t\t\t\t\t\t\t\t\t<span class=\"elementor-toggle-icon-closed\"><i class=\"fas fa-caret-right\"><\/i><\/span>\n\t\t\t\t\t\t\t\t<span class=\"elementor-toggle-icon-opened\"><i class=\"elementor-toggle-icon-opened fas fa-caret-up\"><\/i><\/span>\n\t\t\t\t\t\t\t\t\t\t\t\t\t<\/span>\n\t\t\t\t\t\t\t\t\t\t\t\t<a class=\"elementor-toggle-title\" tabindex=\"0\">Quelles sont les tranches d'\u00e2ges pour la billetterie  <\/a>\n\t\t\t\t\t<\/div>\n\n\t\t\t\t\t<div id=\"elementor-tab-content-1511\" class=\"elementor-tab-content elementor-clearfix\" data-tab=\"1\" role=\"region\" aria-labelledby=\"elementor-tab-title-1511\"><p class=\"x_MsoNormal\">Les tranches d&#8217;\u00e2ge sont :<\/p><p class=\"x_MsoNormal\">ADULTE \u00e0 partir de 18 ans inclus<\/p><p class=\"x_MsoNormal\">JEUNE de 10 \u00e0 17 ans inclus<\/p><p class=\"x_MsoNormal\">ENFANT moins de 10 ans\u00a0<\/p><p>Pour les enfants de 9-10 ans, merci de pr\u00e9voir un document permettant d&#8217;attester de leur \u00e2ge (CNI ou passeport) notamment <span data-olk-copy-source=\"MessageBody\">s\u2019ils font plus que leur \u00e2ge.<\/span><\/p><\/div>\n\t\t\t\t<\/div>\n\t\t\t\t\t\t\t\t<\/div>\n\t\t\t\t\t\t<\/div>\n\t\t\t\t<\/div>\n\t\t\t\t<div class=\"elementor-element elementor-element-1505c7b2 elementor-widget elementor-widget-toggle\" data-id=\"1505c7b2\" data-element_type=\"widget\" data-e-type=\"widget\" data-widget_type=\"toggle.default\">\n\t\t\t\t<div class=\"elementor-widget-container\">\n\t\t\t\t\t\t\t<div class=\"elementor-toggle\">\n\t\t\t\t\t\t\t<div class=\"elementor-toggle-item\">\n\t\t\t\t\t<div id=\"elementor-tab-title-3521\" class=\"elementor-tab-title\" data-tab=\"1\" role=\"button\" aria-controls=\"elementor-tab-content-3521\" aria-expanded=\"false\">\n\t\t\t\t\t\t\t\t\t\t\t\t<span class=\"elementor-toggle-icon elementor-toggle-icon-right\" aria-hidden=\"true\">\n\t\t\t\t\t\t\t\t\t\t\t\t\t\t\t<span class=\"elementor-toggle-icon-closed\"><i class=\"fas fa-caret-right\"><\/i><\/span>\n\t\t\t\t\t\t\t\t<span class=\"elementor-toggle-icon-opened\"><i class=\"elementor-toggle-icon-opened fas fa-caret-up\"><\/i><\/span>\n\t\t\t\t\t\t\t\t\t\t\t\t\t<\/span>\n\t\t\t\t\t\t\t\t\t\t\t\t<a class=\"elementor-toggle-title\" tabindex=\"0\">Y a-t-il des tarifs sp\u00e9cifiques <\/a>\n\t\t\t\t\t<\/div>\n\n\t\t\t\t\t<div id=\"elementor-tab-content-3521\" class=\"elementor-tab-content elementor-clearfix\" data-tab=\"1\" role=\"region\" aria-labelledby=\"elementor-tab-title-3521\"><p class=\"x_MsoNormal\">Il n&#8217;y a pas de tarifs particuliers, notamment pour les anciens militaires et les militaires d&#8217;active en tenue, les r\u00e9servistes, les groupes.<br>Il n&#8217;y \u00e9galement pas de tarif sp\u00e9cifique pour les personnes handicap\u00e9es, elle b\u00e9n\u00e9ficieront toutefois d&#8217;un acc\u00e8s r\u00e9serv\u00e9 et de places de stationnement d\u00e9di\u00e9es.<br>La vente de billets \u00e9tant destin\u00e9e \u00e0 financer les activit\u00e9s sociales de la Fondation (nous soutenons par exemple plus de 300 orphelins). Acheter un billet est donc un acte de solidarit\u00e9. Il s&#8217;agit d&#8217;un \u00e9v\u00e8nement \u00e0 caract\u00e8re caritatif.<\/p>\n<p>Il n&#8217;y a pas non plus de tarif gratuit pour les titulaires de la m\u00e9daille a\u00e9ronautique, la FOSA \u00e9tant une Fondation ind\u00e9pendante de l&#8217;Etat.<\/p><\/div>\n\t\t\t\t<\/div>\n\t\t\t\t\t\t\t\t<\/div>\n\t\t\t\t\t\t<\/div>\n\t\t\t\t<\/div>\n\t\t\t\t<div class=\"elementor-element elementor-element-3014a5a8 elementor-widget elementor-widget-toggle\" data-id=\"3014a5a8\" data-element_type=\"widget\" data-e-type=\"widget\" data-widget_type=\"toggle.default\">\n\t\t\t\t<div class=\"elementor-widget-container\">\n\t\t\t\t\t\t\t<div class=\"elementor-toggle\">\n\t\t\t\t\t\t\t<div class=\"elementor-toggle-item\">\n\t\t\t\t\t<div id=\"elementor-tab-title-8061\" class=\"elementor-tab-title\" data-tab=\"1\" role=\"button\" aria-controls=\"elementor-tab-content-8061\" aria-expanded=\"false\">\n\t\t\t\t\t\t\t\t\t\t\t\t<span class=\"elementor-toggle-icon elementor-toggle-icon-right\" aria-hidden=\"true\">\n\t\t\t\t\t\t\t\t\t\t\t\t\t\t\t<span class=\"elementor-toggle-icon-closed\"><i class=\"fas fa-caret-right\"><\/i><\/span>\n\t\t\t\t\t\t\t\t<span class=\"elementor-toggle-icon-opened\"><i class=\"elementor-toggle-icon-opened fas fa-caret-up\"><\/i><\/span>\n\t\t\t\t\t\t\t\t\t\t\t\t\t<\/span>\n\t\t\t\t\t\t\t\t\t\t\t\t<a class=\"elementor-toggle-title\" tabindex=\"0\">Y a-t-il un tarif sp\u00e9cifique pour les PMR<\/a>\n\t\t\t\t\t<\/div>\n\n\t\t\t\t\t<div id=\"elementor-tab-content-8061\" class=\"elementor-tab-content elementor-clearfix\" data-tab=\"1\" role=\"region\" aria-labelledby=\"elementor-tab-title-8061\"><p><span data-olk-copy-source=\"MessageBody\">Il n\u2019y a pas de tarif sp\u00e9cifique pour les PMR.<\/span><\/p>\n<p>Les PMR ont le droit \u00e0 un accompagnant, qui devra payer \u00e9galement sa place pour entrer au Meeting.<\/p>\n<p>Il faudra donc deux billets&nbsp;: un billet PMR (cocher la case PMR lors de la commande du billet) et un billet pour l\u2019accompagnant.<\/p><\/div>\n\t\t\t\t<\/div>\n\t\t\t\t\t\t\t\t<\/div>\n\t\t\t\t\t\t<\/div>\n\t\t\t\t<\/div>\n\t\t\t\t<div class=\"elementor-element elementor-element-56e850a9 elementor-widget elementor-widget-toggle\" data-id=\"56e850a9\" data-element_type=\"widget\" data-e-type=\"widget\" data-widget_type=\"toggle.default\">\n\t\t\t\t<div class=\"elementor-widget-container\">\n\t\t\t\t\t\t\t<div class=\"elementor-toggle\">\n\t\t\t\t\t\t\t<div class=\"elementor-toggle-item\">\n\t\t\t\t\t<div id=\"elementor-tab-title-1451\" class=\"elementor-tab-title\" data-tab=\"1\" role=\"button\" aria-controls=\"elementor-tab-content-1451\" aria-expanded=\"false\">\n\t\t\t\t\t\t\t\t\t\t\t\t<span class=\"elementor-toggle-icon elementor-toggle-icon-right\" aria-hidden=\"true\">\n\t\t\t\t\t\t\t\t\t\t\t\t\t\t\t<span class=\"elementor-toggle-icon-closed\"><i class=\"fas fa-caret-right\"><\/i><\/span>\n\t\t\t\t\t\t\t\t<span class=\"elementor-toggle-icon-opened\"><i class=\"elementor-toggle-icon-opened fas fa-caret-up\"><\/i><\/span>\n\t\t\t\t\t\t\t\t\t\t\t\t\t<\/span>\n\t\t\t\t\t\t\t\t\t\t\t\t<a class=\"elementor-toggle-title\" tabindex=\"0\">Peut-on se faire rembourser ses billets<\/a>\n\t\t\t\t\t<\/div>\n\n\t\t\t\t\t<div id=\"elementor-tab-content-1451\" class=\"elementor-tab-content elementor-clearfix\" data-tab=\"1\" role=\"region\" aria-labelledby=\"elementor-tab-title-1451\"><p>Les billets pour le Meeting de l&#8217;Air de Cognac-Ch\u00e2teaubernard ne sont pas remboursables.<\/p><p class=\"x_MsoNormal\">Par ailleurs, conform\u00e9ment \u00e0 l\u2019article L.221\u201328 alin\u00e9a 12 du code de la consommation, les billets ne font pas l\u2019objet d\u2019un droit de r\u00e9tractation. Toute commande est ferme et d\u00e9finitive. Ces informations peuvent \u00eatre consult\u00e9es\u00a0 dans les Conditions G\u00e9n\u00e9rales de Ventes ( CGV) lors de l&#8217;achat de billets.<\/p><\/div>\n\t\t\t\t<\/div>\n\t\t\t\t\t\t\t\t<\/div>\n\t\t\t\t\t\t<\/div>\n\t\t\t\t<\/div>\n\t\t\t\t<div class=\"elementor-element elementor-element-542723fe elementor-widget elementor-widget-toggle\" data-id=\"542723fe\" data-element_type=\"widget\" data-e-type=\"widget\" data-widget_type=\"toggle.default\">\n\t\t\t\t<div class=\"elementor-widget-container\">\n\t\t\t\t\t\t\t<div class=\"elementor-toggle\">\n\t\t\t\t\t\t\t<div class=\"elementor-toggle-item\">\n\t\t\t\t\t<div id=\"elementor-tab-title-1411\" class=\"elementor-tab-title\" data-tab=\"1\" role=\"button\" aria-controls=\"elementor-tab-content-1411\" aria-expanded=\"false\">\n\t\t\t\t\t\t\t\t\t\t\t\t<span class=\"elementor-toggle-icon elementor-toggle-icon-right\" aria-hidden=\"true\">\n\t\t\t\t\t\t\t\t\t\t\t\t\t\t\t<span class=\"elementor-toggle-icon-closed\"><i class=\"fas fa-caret-right\"><\/i><\/span>\n\t\t\t\t\t\t\t\t<span class=\"elementor-toggle-icon-opened\"><i class=\"elementor-toggle-icon-opened fas fa-caret-up\"><\/i><\/span>\n\t\t\t\t\t\t\t\t\t\t\t\t\t<\/span>\n\t\t\t\t\t\t\t\t\t\t\t\t<a class=\"elementor-toggle-title\" tabindex=\"0\">Si je suis de nationalit\u00e9 \u00e9trang\u00e8re, ai-je besoin de documents sp\u00e9cifiques pour assister au meeting ?<\/a>\n\t\t\t\t\t<\/div>\n\n\t\t\t\t\t<div id=\"elementor-tab-content-1411\" class=\"elementor-tab-content elementor-clearfix\" data-tab=\"1\" role=\"region\" aria-labelledby=\"elementor-tab-title-1411\"><p><span data-olk-copy-source=\"MessageBody\">Si vous \u00eates de nationalit\u00e9 \u00e9trang\u00e8re vous devez communiquer une adresse et un num\u00e9ro de t\u00e9l\u00e9phone lors de l&#8217;achat de vos billets. Votre passeport pourra vous \u00eatre demand\u00e9 \u00e0 l&#8217;entr\u00e9e.<\/span><\/p><\/div>\n\t\t\t\t<\/div>\n\t\t\t\t\t\t\t\t<\/div>\n\t\t\t\t\t\t<\/div>\n\t\t\t\t<\/div>\n\t\t\t\t<div class=\"elementor-element elementor-element-2680808b elementor-widget elementor-widget-heading\" data-id=\"2680808b\" data-element_type=\"widget\" data-e-type=\"widget\" data-widget_type=\"heading.default\">\n\t\t\t\t<div class=\"elementor-widget-container\">\n\t\t\t\t\t<h2 class=\"elementor-heading-title elementor-size-default\">Le programme du Meeting <\/h2>\t\t\t\t<\/div>\n\t\t\t\t<\/div>\n\t\t\t\t<div class=\"elementor-element elementor-element-3ad3d237 elementor-widget elementor-widget-toggle\" data-id=\"3ad3d237\" data-element_type=\"widget\" data-e-type=\"widget\" data-widget_type=\"toggle.default\">\n\t\t\t\t<div class=\"elementor-widget-container\">\n\t\t\t\t\t\t\t<div class=\"elementor-toggle\">\n\t\t\t\t\t\t\t<div class=\"elementor-toggle-item\">\n\t\t\t\t\t<div id=\"elementor-tab-title-9861\" class=\"elementor-tab-title\" data-tab=\"1\" role=\"button\" aria-controls=\"elementor-tab-content-9861\" aria-expanded=\"false\">\n\t\t\t\t\t\t\t\t\t\t\t\t<span class=\"elementor-toggle-icon elementor-toggle-icon-right\" aria-hidden=\"true\">\n\t\t\t\t\t\t\t\t\t\t\t\t\t\t\t<span class=\"elementor-toggle-icon-closed\"><i class=\"fas fa-caret-right\"><\/i><\/span>\n\t\t\t\t\t\t\t\t<span class=\"elementor-toggle-icon-opened\"><i class=\"elementor-toggle-icon-opened fas fa-caret-up\"><\/i><\/span>\n\t\t\t\t\t\t\t\t\t\t\t\t\t<\/span>\n\t\t\t\t\t\t\t\t\t\t\t\t<a class=\"elementor-toggle-title\" tabindex=\"0\">Ou consulter le programme du Meeting de l'Air de Cognac-Ch\u00e2teaubernard <\/a>\n\t\t\t\t\t<\/div>\n\n\t\t\t\t\t<div id=\"elementor-tab-content-9861\" class=\"elementor-tab-content elementor-clearfix\" data-tab=\"1\" role=\"region\" aria-labelledby=\"elementor-tab-title-9861\"><p>Le programme du Meeting de Cognac-Ch\u00e2teaubernard 2026 pourra \u00eatre consult\u00e9 prochainement sur notre site\u00a0<\/p><\/div>\n\t\t\t\t<\/div>\n\t\t\t\t\t\t\t\t<\/div>\n\t\t\t\t\t\t<\/div>\n\t\t\t\t<\/div>\n\t\t\t\t<div class=\"elementor-element elementor-element-551aa0b9 elementor-widget elementor-widget-toggle\" data-id=\"551aa0b9\" data-element_type=\"widget\" data-e-type=\"widget\" data-widget_type=\"toggle.default\">\n\t\t\t\t<div class=\"elementor-widget-container\">\n\t\t\t\t\t\t\t<div class=\"elementor-toggle\">\n\t\t\t\t\t\t\t<div class=\"elementor-toggle-item\">\n\t\t\t\t\t<div id=\"elementor-tab-title-1421\" class=\"elementor-tab-title\" data-tab=\"1\" role=\"button\" aria-controls=\"elementor-tab-content-1421\" aria-expanded=\"false\">\n\t\t\t\t\t\t\t\t\t\t\t\t<span class=\"elementor-toggle-icon elementor-toggle-icon-right\" aria-hidden=\"true\">\n\t\t\t\t\t\t\t\t\t\t\t\t\t\t\t<span class=\"elementor-toggle-icon-closed\"><i class=\"fas fa-caret-right\"><\/i><\/span>\n\t\t\t\t\t\t\t\t<span class=\"elementor-toggle-icon-opened\"><i class=\"elementor-toggle-icon-opened fas fa-caret-up\"><\/i><\/span>\n\t\t\t\t\t\t\t\t\t\t\t\t\t<\/span>\n\t\t\t\t\t\t\t\t\t\t\t\t<a class=\"elementor-toggle-title\" tabindex=\"0\">\u00c0 quelle heure d\u00e9buteront les d\u00e9monstrations a\u00e9riennes <\/a>\n\t\t\t\t\t<\/div>\n\n\t\t\t\t\t<div id=\"elementor-tab-content-1421\" class=\"elementor-tab-content elementor-clearfix\" data-tab=\"1\" role=\"region\" aria-labelledby=\"elementor-tab-title-1421\"><p>Les d\u00e9monstrations a\u00e9riennes d\u00e9buteront \u00e0 10h00.\u00a0<\/p><\/div>\n\t\t\t\t<\/div>\n\t\t\t\t\t\t\t\t<\/div>\n\t\t\t\t\t\t<\/div>\n\t\t\t\t<\/div>\n\t\t\t\t<div class=\"elementor-element elementor-element-70b57b4d elementor-widget elementor-widget-toggle\" data-id=\"70b57b4d\" data-element_type=\"widget\" data-e-type=\"widget\" data-widget_type=\"toggle.default\">\n\t\t\t\t<div class=\"elementor-widget-container\">\n\t\t\t\t\t\t\t<div class=\"elementor-toggle\">\n\t\t\t\t\t\t\t<div class=\"elementor-toggle-item\">\n\t\t\t\t\t<div id=\"elementor-tab-title-1891\" class=\"elementor-tab-title\" data-tab=\"1\" role=\"button\" aria-controls=\"elementor-tab-content-1891\" aria-expanded=\"false\">\n\t\t\t\t\t\t\t\t\t\t\t\t<span class=\"elementor-toggle-icon elementor-toggle-icon-right\" aria-hidden=\"true\">\n\t\t\t\t\t\t\t\t\t\t\t\t\t\t\t<span class=\"elementor-toggle-icon-closed\"><i class=\"fas fa-caret-right\"><\/i><\/span>\n\t\t\t\t\t\t\t\t<span class=\"elementor-toggle-icon-opened\"><i class=\"elementor-toggle-icon-opened fas fa-caret-up\"><\/i><\/span>\n\t\t\t\t\t\t\t\t\t\t\t\t\t<\/span>\n\t\t\t\t\t\t\t\t\t\t\t\t<a class=\"elementor-toggle-title\" tabindex=\"0\">Y aura-t-il des diff\u00e9rences entre le samedi et le dimanche<\/a>\n\t\t\t\t\t<\/div>\n\n\t\t\t\t\t<div id=\"elementor-tab-content-1891\" class=\"elementor-tab-content elementor-clearfix\" data-tab=\"1\" role=\"region\" aria-labelledby=\"elementor-tab-title-1891\"><p class=\"x_MsoNormal\">Le programme sera identique pour les deux jours de Meeting. Il pourra toutefois y avoir des modifications et des ajustements en fonctions des conditions m\u00e9t\u00e9orologiques et des al\u00e9as techniques.<\/p><\/div>\n\t\t\t\t<\/div>\n\t\t\t\t\t\t\t\t<\/div>\n\t\t\t\t\t\t<\/div>\n\t\t\t\t<\/div>\n\t\t\t\t<div class=\"elementor-element elementor-element-5b94f262 elementor-widget elementor-widget-toggle\" data-id=\"5b94f262\" data-element_type=\"widget\" data-e-type=\"widget\" data-widget_type=\"toggle.default\">\n\t\t\t\t<div class=\"elementor-widget-container\">\n\t\t\t\t\t\t\t<div class=\"elementor-toggle\">\n\t\t\t\t\t\t\t<div class=\"elementor-toggle-item\">\n\t\t\t\t\t<div id=\"elementor-tab-title-1531\" class=\"elementor-tab-title\" data-tab=\"1\" role=\"button\" aria-controls=\"elementor-tab-content-1531\" aria-expanded=\"false\">\n\t\t\t\t\t\t\t\t\t\t\t\t<span class=\"elementor-toggle-icon elementor-toggle-icon-right\" aria-hidden=\"true\">\n\t\t\t\t\t\t\t\t\t\t\t\t\t\t\t<span class=\"elementor-toggle-icon-closed\"><i class=\"fas fa-caret-right\"><\/i><\/span>\n\t\t\t\t\t\t\t\t<span class=\"elementor-toggle-icon-opened\"><i class=\"elementor-toggle-icon-opened fas fa-caret-up\"><\/i><\/span>\n\t\t\t\t\t\t\t\t\t\t\t\t\t<\/span>\n\t\t\t\t\t\t\t\t\t\t\t\t<a class=\"elementor-toggle-title\" tabindex=\"0\">la patrouille de France sera pr\u00e9sente sur le Meeting de Cognac-Ch\u00e2teaubernard <\/a>\n\t\t\t\t\t<\/div>\n\n\t\t\t\t\t<div id=\"elementor-tab-content-1531\" class=\"elementor-tab-content elementor-clearfix\" data-tab=\"1\" role=\"region\" aria-labelledby=\"elementor-tab-title-1531\"><p>Le Patrouille de France sera pr\u00e9sente les deux jours de Meeting, le samedi 30 et le dimanche 31 mai<\/p><\/div>\n\t\t\t\t<\/div>\n\t\t\t\t\t\t\t\t<\/div>\n\t\t\t\t\t\t<\/div>\n\t\t\t\t<\/div>\n\t\t\t\t<div class=\"elementor-element elementor-element-f6d8e37 elementor-widget elementor-widget-heading\" data-id=\"f6d8e37\" data-element_type=\"widget\" data-e-type=\"widget\" data-widget_type=\"heading.default\">\n\t\t\t\t<div class=\"elementor-widget-container\">\n\t\t\t\t\t<h2 class=\"elementor-heading-title elementor-size-default\">restauration<\/h2>\t\t\t\t<\/div>\n\t\t\t\t<\/div>\n\t\t\t\t<div class=\"elementor-element elementor-element-6cfcc235 elementor-widget elementor-widget-toggle\" data-id=\"6cfcc235\" data-element_type=\"widget\" data-e-type=\"widget\" data-widget_type=\"toggle.default\">\n\t\t\t\t<div class=\"elementor-widget-container\">\n\t\t\t\t\t\t\t<div class=\"elementor-toggle\">\n\t\t\t\t\t\t\t<div class=\"elementor-toggle-item\">\n\t\t\t\t\t<div id=\"elementor-tab-title-1821\" class=\"elementor-tab-title\" data-tab=\"1\" role=\"button\" aria-controls=\"elementor-tab-content-1821\" aria-expanded=\"false\">\n\t\t\t\t\t\t\t\t\t\t\t\t<span class=\"elementor-toggle-icon elementor-toggle-icon-right\" aria-hidden=\"true\">\n\t\t\t\t\t\t\t\t\t\t\t\t\t\t\t<span class=\"elementor-toggle-icon-closed\"><i class=\"fas fa-caret-right\"><\/i><\/span>\n\t\t\t\t\t\t\t\t<span class=\"elementor-toggle-icon-opened\"><i class=\"elementor-toggle-icon-opened fas fa-caret-up\"><\/i><\/span>\n\t\t\t\t\t\t\t\t\t\t\t\t\t<\/span>\n\t\t\t\t\t\t\t\t\t\t\t\t<a class=\"elementor-toggle-title\" tabindex=\"0\">Comment se restaurer lors du meeting<\/a>\n\t\t\t\t\t<\/div>\n\n\t\t\t\t\t<div id=\"elementor-tab-content-1821\" class=\"elementor-tab-content elementor-clearfix\" data-tab=\"1\" role=\"region\" aria-labelledby=\"elementor-tab-title-1821\"><p>Des points de restaurations rapides (type food-truck) seront \u00e0 votre disposition tout au long des deux jours de Meeting.<br \/>Nous vous invitons \u00e0 consulter le plan du Meeting, dans la rubrique Infos Pratiques, pour les trouver plus facilement.<\/p><\/div>\n\t\t\t\t<\/div>\n\t\t\t\t\t\t\t\t<\/div>\n\t\t\t\t\t\t<\/div>\n\t\t\t\t<\/div>\n\t\t\t\t<div class=\"elementor-element elementor-element-15b0ba16 elementor-widget elementor-widget-toggle\" data-id=\"15b0ba16\" data-element_type=\"widget\" data-e-type=\"widget\" data-widget_type=\"toggle.default\">\n\t\t\t\t<div class=\"elementor-widget-container\">\n\t\t\t\t\t\t\t<div class=\"elementor-toggle\">\n\t\t\t\t\t\t\t<div class=\"elementor-toggle-item\">\n\t\t\t\t\t<div id=\"elementor-tab-title-3631\" class=\"elementor-tab-title\" data-tab=\"1\" role=\"button\" aria-controls=\"elementor-tab-content-3631\" aria-expanded=\"false\">\n\t\t\t\t\t\t\t\t\t\t\t\t<span class=\"elementor-toggle-icon elementor-toggle-icon-right\" aria-hidden=\"true\">\n\t\t\t\t\t\t\t\t\t\t\t\t\t\t\t<span class=\"elementor-toggle-icon-closed\"><i class=\"fas fa-caret-right\"><\/i><\/span>\n\t\t\t\t\t\t\t\t<span class=\"elementor-toggle-icon-opened\"><i class=\"elementor-toggle-icon-opened fas fa-caret-up\"><\/i><\/span>\n\t\t\t\t\t\t\t\t\t\t\t\t\t<\/span>\n\t\t\t\t\t\t\t\t\t\t\t\t<a class=\"elementor-toggle-title\" tabindex=\"0\">y-aura-t-il des points d'eau a disposition<\/a>\n\t\t\t\t\t<\/div>\n\n\t\t\t\t\t<div id=\"elementor-tab-content-3631\" class=\"elementor-tab-content elementor-clearfix\" data-tab=\"1\" role=\"region\" aria-labelledby=\"elementor-tab-title-3631\"><p>Plusieurs points d&#8217;eau seront mis \u00e0 la disposition du public lors du Meeting.<br \/>Vous pouvez venir avec vos gourdes .<br \/>Pour des raisons de s\u00e9curit\u00e9\u00a0 seuls les r\u00e9cipients transparents seront autoris\u00e9s \u00e0 l&#8217;entr\u00e9e.\u00a0<\/p><\/div>\n\t\t\t\t<\/div>\n\t\t\t\t\t\t\t\t<\/div>\n\t\t\t\t\t\t<\/div>\n\t\t\t\t<\/div>\n\t\t\t\t<div class=\"elementor-element elementor-element-23c93eca elementor-widget elementor-widget-toggle\" data-id=\"23c93eca\" data-element_type=\"widget\" data-e-type=\"widget\" data-widget_type=\"toggle.default\">\n\t\t\t\t<div class=\"elementor-widget-container\">\n\t\t\t\t\t\t\t<div class=\"elementor-toggle\">\n\t\t\t\t\t\t\t<div class=\"elementor-toggle-item\">\n\t\t\t\t\t<div id=\"elementor-tab-title-6001\" class=\"elementor-tab-title\" data-tab=\"1\" role=\"button\" aria-controls=\"elementor-tab-content-6001\" aria-expanded=\"false\">\n\t\t\t\t\t\t\t\t\t\t\t\t<span class=\"elementor-toggle-icon elementor-toggle-icon-right\" aria-hidden=\"true\">\n\t\t\t\t\t\t\t\t\t\t\t\t\t\t\t<span class=\"elementor-toggle-icon-closed\"><i class=\"fas fa-caret-right\"><\/i><\/span>\n\t\t\t\t\t\t\t\t<span class=\"elementor-toggle-icon-opened\"><i class=\"elementor-toggle-icon-opened fas fa-caret-up\"><\/i><\/span>\n\t\t\t\t\t\t\t\t\t\t\t\t\t<\/span>\n\t\t\t\t\t\t\t\t\t\t\t\t<a class=\"elementor-toggle-title\" tabindex=\"0\">Peut-on apporter un Pique-nique le jour du Meeting<\/a>\n\t\t\t\t\t<\/div>\n\n\t\t\t\t\t<div id=\"elementor-tab-content-6001\" class=\"elementor-tab-content elementor-clearfix\" data-tab=\"1\" role=\"region\" aria-labelledby=\"elementor-tab-title-6001\"><p>Vous pourrez venir avec votre pique-nique.<br \/>Les contenants et r\u00e9cipients doivent \u00eatre transparents .<br \/>Il est interdit d&#8217;apporter de l&#8217;alcool.\u00a0<\/p><p>Pensez \u00e0 bien v\u00e9rifier les consignes de s\u00e9curit\u00e9 car certains objets sont interdis dans l&#8217;enceinte de la Base A\u00e9rienne 709.<\/p><\/div>\n\t\t\t\t<\/div>\n\t\t\t\t\t\t\t\t<\/div>\n\t\t\t\t\t\t<\/div>\n\t\t\t\t<\/div>\n\t\t\t\t<div class=\"elementor-element elementor-element-6b99d750 elementor-widget elementor-widget-heading\" data-id=\"6b99d750\" data-element_type=\"widget\" data-e-type=\"widget\" data-widget_type=\"heading.default\">\n\t\t\t\t<div class=\"elementor-widget-container\">\n\t\t\t\t\t<h2 class=\"elementor-heading-title elementor-size-default\">Personnes a mobilit\u00e9 r\u00e9duite<\/h2>\t\t\t\t<\/div>\n\t\t\t\t<\/div>\n\t\t\t\t<div class=\"elementor-element elementor-element-756f7bbf elementor-widget elementor-widget-toggle\" data-id=\"756f7bbf\" data-element_type=\"widget\" data-e-type=\"widget\" data-widget_type=\"toggle.default\">\n\t\t\t\t<div class=\"elementor-widget-container\">\n\t\t\t\t\t\t\t<div class=\"elementor-toggle\">\n\t\t\t\t\t\t\t<div class=\"elementor-toggle-item\">\n\t\t\t\t\t<div id=\"elementor-tab-title-1971\" class=\"elementor-tab-title\" data-tab=\"1\" role=\"button\" aria-controls=\"elementor-tab-content-1971\" aria-expanded=\"false\">\n\t\t\t\t\t\t\t\t\t\t\t\t<span class=\"elementor-toggle-icon elementor-toggle-icon-right\" aria-hidden=\"true\">\n\t\t\t\t\t\t\t\t\t\t\t\t\t\t\t<span class=\"elementor-toggle-icon-closed\"><i class=\"fas fa-caret-right\"><\/i><\/span>\n\t\t\t\t\t\t\t\t<span class=\"elementor-toggle-icon-opened\"><i class=\"elementor-toggle-icon-opened fas fa-caret-up\"><\/i><\/span>\n\t\t\t\t\t\t\t\t\t\t\t\t\t<\/span>\n\t\t\t\t\t\t\t\t\t\t\t\t<a class=\"elementor-toggle-title\" tabindex=\"0\">Le Meeting est-il accessible aux personnes \u00e0 mobilit\u00e9 r\u00e9duite (PMR)<\/a>\n\t\t\t\t\t<\/div>\n\n\t\t\t\t\t<div id=\"elementor-tab-content-1971\" class=\"elementor-tab-content elementor-clearfix\" data-tab=\"1\" role=\"region\" aria-labelledby=\"elementor-tab-title-1971\"><p>Les personnes \u00e0 mobilit\u00e9 r\u00e9duite pourront assister au Meeting de l&#8217;Air de Cognac-Ch\u00e2teaubernard , les acc\u00e8s permettront une libre circulation dans l&#8217;espace r\u00e9serv\u00e9 au public et un parking d\u00e9di\u00e9 sera disponible.<\/p><\/div>\n\t\t\t\t<\/div>\n\t\t\t\t\t\t\t\t<\/div>\n\t\t\t\t\t\t<\/div>\n\t\t\t\t<\/div>\n\t\t\t\t<div class=\"elementor-element elementor-element-737a22dd elementor-widget elementor-widget-toggle\" data-id=\"737a22dd\" data-element_type=\"widget\" data-e-type=\"widget\" data-widget_type=\"toggle.default\">\n\t\t\t\t<div class=\"elementor-widget-container\">\n\t\t\t\t\t\t\t<div class=\"elementor-toggle\">\n\t\t\t\t\t\t\t<div class=\"elementor-toggle-item\">\n\t\t\t\t\t<div id=\"elementor-tab-title-1931\" class=\"elementor-tab-title\" data-tab=\"1\" role=\"button\" aria-controls=\"elementor-tab-content-1931\" aria-expanded=\"false\">\n\t\t\t\t\t\t\t\t\t\t\t\t<span class=\"elementor-toggle-icon elementor-toggle-icon-right\" aria-hidden=\"true\">\n\t\t\t\t\t\t\t\t\t\t\t\t\t\t\t<span class=\"elementor-toggle-icon-closed\"><i class=\"fas fa-caret-right\"><\/i><\/span>\n\t\t\t\t\t\t\t\t<span class=\"elementor-toggle-icon-opened\"><i class=\"elementor-toggle-icon-opened fas fa-caret-up\"><\/i><\/span>\n\t\t\t\t\t\t\t\t\t\t\t\t\t<\/span>\n\t\t\t\t\t\t\t\t\t\t\t\t<a class=\"elementor-toggle-title\" tabindex=\"0\">Acc\u00e8s au Parking PMR<\/a>\n\t\t\t\t\t<\/div>\n\n\t\t\t\t\t<div id=\"elementor-tab-content-1931\" class=\"elementor-tab-content elementor-clearfix\" data-tab=\"1\" role=\"region\" aria-labelledby=\"elementor-tab-title-1931\"><p>Seuls les titulaires d&#8217;une Carte Mobilit\u00e9 Inclusion- Stationnement pourront avoir acc\u00e8s au parking PMR. Un contr\u00f4le sera effectu\u00e9 avant l&#8217;acc\u00e8s au parking.<\/p><\/div>\n\t\t\t\t<\/div>\n\t\t\t\t\t\t\t\t<\/div>\n\t\t\t\t\t\t<\/div>\n\t\t\t\t<\/div>\n\t\t\t\t<div class=\"elementor-element elementor-element-164fbb8 elementor-widget elementor-widget-toggle\" data-id=\"164fbb8\" data-element_type=\"widget\" data-e-type=\"widget\" data-widget_type=\"toggle.default\">\n\t\t\t\t<div class=\"elementor-widget-container\">\n\t\t\t\t\t\t\t<div class=\"elementor-toggle\">\n\t\t\t\t\t\t\t<div class=\"elementor-toggle-item\">\n\t\t\t\t\t<div id=\"elementor-tab-title-2331\" class=\"elementor-tab-title\" data-tab=\"1\" role=\"button\" aria-controls=\"elementor-tab-content-2331\" aria-expanded=\"false\">\n\t\t\t\t\t\t\t\t\t\t\t\t<span class=\"elementor-toggle-icon elementor-toggle-icon-right\" aria-hidden=\"true\">\n\t\t\t\t\t\t\t\t\t\t\t\t\t\t\t<span class=\"elementor-toggle-icon-closed\"><i class=\"fas fa-caret-right\"><\/i><\/span>\n\t\t\t\t\t\t\t\t<span class=\"elementor-toggle-icon-opened\"><i class=\"elementor-toggle-icon-opened fas fa-caret-up\"><\/i><\/span>\n\t\t\t\t\t\t\t\t\t\t\t\t\t<\/span>\n\t\t\t\t\t\t\t\t\t\t\t\t<a class=\"elementor-toggle-title\" tabindex=\"0\">Y aura-t-il un espace r\u00e9serv\u00e9 pour les personnes \u00e0 mobilit\u00e9 r\u00e9duite (PMR) ?<\/a>\n\t\t\t\t\t<\/div>\n\n\t\t\t\t\t<div id=\"elementor-tab-content-2331\" class=\"elementor-tab-content elementor-clearfix\" data-tab=\"1\" role=\"region\" aria-labelledby=\"elementor-tab-title-2331\"><p>Oui, une zone d\u00e9di\u00e9e aux PMR, dans la zone grand public, sera mise en place pendant les deux jours du meeting.<\/p><\/div>\n\t\t\t\t<\/div>\n\t\t\t\t\t\t\t\t<\/div>\n\t\t\t\t\t\t<\/div>\n\t\t\t\t<\/div>\n\t\t\t\t<div class=\"elementor-element elementor-element-366a14b3 elementor-widget elementor-widget-toggle\" data-id=\"366a14b3\" data-element_type=\"widget\" data-e-type=\"widget\" data-widget_type=\"toggle.default\">\n\t\t\t\t<div class=\"elementor-widget-container\">\n\t\t\t\t\t\t\t<div class=\"elementor-toggle\">\n\t\t\t\t\t\t\t<div class=\"elementor-toggle-item\">\n\t\t\t\t\t<div id=\"elementor-tab-title-9121\" class=\"elementor-tab-title\" data-tab=\"1\" role=\"button\" aria-controls=\"elementor-tab-content-9121\" aria-expanded=\"false\">\n\t\t\t\t\t\t\t\t\t\t\t\t<span class=\"elementor-toggle-icon elementor-toggle-icon-right\" aria-hidden=\"true\">\n\t\t\t\t\t\t\t\t\t\t\t\t\t\t\t<span class=\"elementor-toggle-icon-closed\"><i class=\"fas fa-caret-right\"><\/i><\/span>\n\t\t\t\t\t\t\t\t<span class=\"elementor-toggle-icon-opened\"><i class=\"elementor-toggle-icon-opened fas fa-caret-up\"><\/i><\/span>\n\t\t\t\t\t\t\t\t\t\t\t\t\t<\/span>\n\t\t\t\t\t\t\t\t\t\t\t\t<a class=\"elementor-toggle-title\" tabindex=\"0\">Peut-on apporter un si\u00e8ge pliant <\/a>\n\t\t\t\t\t<\/div>\n\n\t\t\t\t\t<div id=\"elementor-tab-content-9121\" class=\"elementor-tab-content elementor-clearfix\" data-tab=\"1\" role=\"region\" aria-labelledby=\"elementor-tab-title-9121\"><p>Vous pourrez apporter un si\u00e8ge pliant le jour du Meeting, sous r\u00e9serve qu&#8217;il soit d&#8217;un petit gabarit.<br \/>Veillez \u00e0 consulter les consignes de s\u00e9curit\u00e9 pour connaitre la liste des objets interdits dans l&#8217;enceinte de la Base A\u00e9rienne 709.\u00a0<\/p><\/div>\n\t\t\t\t<\/div>\n\t\t\t\t\t\t\t\t<\/div>\n\t\t\t\t\t\t<\/div>\n\t\t\t\t<\/div>\n\t\t\t\t<div class=\"elementor-element elementor-element-58b60ff4 elementor-widget elementor-widget-heading\" data-id=\"58b60ff4\" data-element_type=\"widget\" data-e-type=\"widget\" data-widget_type=\"heading.default\">\n\t\t\t\t<div class=\"elementor-widget-container\">\n\t\t\t\t\t<h2 class=\"elementor-heading-title elementor-size-default\">Assister au Meeting<\/h2>\t\t\t\t<\/div>\n\t\t\t\t<\/div>\n\t\t\t\t<div class=\"elementor-element elementor-element-69ebabb1 elementor-widget elementor-widget-toggle\" data-id=\"69ebabb1\" data-element_type=\"widget\" data-e-type=\"widget\" data-widget_type=\"toggle.default\">\n\t\t\t\t<div class=\"elementor-widget-container\">\n\t\t\t\t\t\t\t<div class=\"elementor-toggle\">\n\t\t\t\t\t\t\t<div class=\"elementor-toggle-item\">\n\t\t\t\t\t<div id=\"elementor-tab-title-1771\" class=\"elementor-tab-title\" data-tab=\"1\" role=\"button\" aria-controls=\"elementor-tab-content-1771\" aria-expanded=\"false\">\n\t\t\t\t\t\t\t\t\t\t\t\t<span class=\"elementor-toggle-icon elementor-toggle-icon-right\" aria-hidden=\"true\">\n\t\t\t\t\t\t\t\t\t\t\t\t\t\t\t<span class=\"elementor-toggle-icon-closed\"><i class=\"fas fa-caret-right\"><\/i><\/span>\n\t\t\t\t\t\t\t\t<span class=\"elementor-toggle-icon-opened\"><i class=\"elementor-toggle-icon-opened fas fa-caret-up\"><\/i><\/span>\n\t\t\t\t\t\t\t\t\t\t\t\t\t<\/span>\n\t\t\t\t\t\t\t\t\t\t\t\t<a class=\"elementor-toggle-title\" tabindex=\"0\">y aura-t-il des places assises<\/a>\n\t\t\t\t\t<\/div>\n\n\t\t\t\t\t<div id=\"elementor-tab-content-1771\" class=\"elementor-tab-content elementor-clearfix\" data-tab=\"1\" role=\"region\" aria-labelledby=\"elementor-tab-title-1771\"><p><span data-olk-copy-source=\"MessageBody\">Il y aura quelques places assises avec tables au niveau d\u2019un point de restauration et dans un espace uniquement d\u00e9di\u00e9 aux personnes ayant un acc\u00e8s Personne \u00e0 Mobilit\u00e9 R\u00e9duite (PMR).<\/span><\/p><p>Nous vous invitons \u00e0 prendre un petit si\u00e8ge pliant si n\u00e9cessaire.<\/p><\/div>\n\t\t\t\t<\/div>\n\t\t\t\t\t\t\t\t<\/div>\n\t\t\t\t\t\t<\/div>\n\t\t\t\t<\/div>\n\t\t\t\t<div class=\"elementor-element elementor-element-68d9ccb0 elementor-widget elementor-widget-heading\" data-id=\"68d9ccb0\" data-element_type=\"widget\" data-e-type=\"widget\" data-widget_type=\"heading.default\">\n\t\t\t\t<div class=\"elementor-widget-container\">\n\t\t\t\t\t<h2 class=\"elementor-heading-title elementor-size-default\">Assister au Meeting en FAMILLE<\/h2>\t\t\t\t<\/div>\n\t\t\t\t<\/div>\n\t\t\t\t<div class=\"elementor-element elementor-element-6fdb5c4b elementor-widget elementor-widget-toggle\" data-id=\"6fdb5c4b\" data-element_type=\"widget\" data-e-type=\"widget\" data-widget_type=\"toggle.default\">\n\t\t\t\t<div class=\"elementor-widget-container\">\n\t\t\t\t\t\t\t<div class=\"elementor-toggle\">\n\t\t\t\t\t\t\t<div class=\"elementor-toggle-item\">\n\t\t\t\t\t<div id=\"elementor-tab-title-1871\" class=\"elementor-tab-title\" data-tab=\"1\" role=\"button\" aria-controls=\"elementor-tab-content-1871\" aria-expanded=\"false\">\n\t\t\t\t\t\t\t\t\t\t\t\t<span class=\"elementor-toggle-icon elementor-toggle-icon-right\" aria-hidden=\"true\">\n\t\t\t\t\t\t\t\t\t\t\t\t\t\t\t<span class=\"elementor-toggle-icon-closed\"><i class=\"fas fa-caret-right\"><\/i><\/span>\n\t\t\t\t\t\t\t\t<span class=\"elementor-toggle-icon-opened\"><i class=\"elementor-toggle-icon-opened fas fa-caret-up\"><\/i><\/span>\n\t\t\t\t\t\t\t\t\t\t\t\t\t<\/span>\n\t\t\t\t\t\t\t\t\t\t\t\t<a class=\"elementor-toggle-title\" tabindex=\"0\">Y aura t-il des espaces pour les b\u00e9b\u00e9S<\/a>\n\t\t\t\t\t<\/div>\n\n\t\t\t\t\t<div id=\"elementor-tab-content-1871\" class=\"elementor-tab-content elementor-clearfix\" data-tab=\"1\" role=\"region\" aria-labelledby=\"elementor-tab-title-1871\"><p>Des espaces b\u00e9b\u00e9s seront mis \u00e0 votre disposition le jour de Meeting.<br \/>Nous vous recommandons de vous munir d&#8217;un casque anti-bruit afin de prot\u00e9ger les oreilles des tous jeunes enfants.<\/p><\/div>\n\t\t\t\t<\/div>\n\t\t\t\t\t\t\t\t<\/div>\n\t\t\t\t\t\t<\/div>\n\t\t\t\t<\/div>\n\t\t\t\t<div class=\"elementor-element elementor-element-751f2c2b elementor-widget elementor-widget-toggle\" data-id=\"751f2c2b\" data-element_type=\"widget\" data-e-type=\"widget\" data-widget_type=\"toggle.default\">\n\t\t\t\t<div class=\"elementor-widget-container\">\n\t\t\t\t\t\t\t<div class=\"elementor-toggle\">\n\t\t\t\t\t\t\t<div class=\"elementor-toggle-item\">\n\t\t\t\t\t<div id=\"elementor-tab-title-1961\" class=\"elementor-tab-title\" data-tab=\"1\" role=\"button\" aria-controls=\"elementor-tab-content-1961\" aria-expanded=\"false\">\n\t\t\t\t\t\t\t\t\t\t\t\t<span class=\"elementor-toggle-icon elementor-toggle-icon-right\" aria-hidden=\"true\">\n\t\t\t\t\t\t\t\t\t\t\t\t\t\t\t<span class=\"elementor-toggle-icon-closed\"><i class=\"fas fa-caret-right\"><\/i><\/span>\n\t\t\t\t\t\t\t\t<span class=\"elementor-toggle-icon-opened\"><i class=\"elementor-toggle-icon-opened fas fa-caret-up\"><\/i><\/span>\n\t\t\t\t\t\t\t\t\t\t\t\t\t<\/span>\n\t\t\t\t\t\t\t\t\t\t\t\t<a class=\"elementor-toggle-title\" tabindex=\"0\">Pourra-t-on acheter des protections auditives sur le jour du Meeting<\/a>\n\t\t\t\t\t<\/div>\n\n\t\t\t\t\t<div id=\"elementor-tab-content-1961\" class=\"elementor-tab-content elementor-clearfix\" data-tab=\"1\" role=\"region\" aria-labelledby=\"elementor-tab-title-1961\"><p>Il n&#8217;y aura pas de vente de protections auditives les jours de Meeting.<br \/>Nous vous recommandons de vous munir de protections pour vos enfants, bouchons d&#8217;oreilles et casques anti-bruit pour les plus jeunes.<\/p><\/div>\n\t\t\t\t<\/div>\n\t\t\t\t\t\t\t\t<\/div>\n\t\t\t\t\t\t<\/div>\n\t\t\t\t<\/div>\n\t\t\t\t<div class=\"elementor-element elementor-element-564f1700 elementor-widget elementor-widget-heading\" data-id=\"564f1700\" data-element_type=\"widget\" data-e-type=\"widget\" data-widget_type=\"heading.default\">\n\t\t\t\t<div class=\"elementor-widget-container\">\n\t\t\t\t\t<h2 class=\"elementor-heading-title elementor-size-default\">Animaux de compagnie<\/h2>\t\t\t\t<\/div>\n\t\t\t\t<\/div>\n\t\t\t\t<div class=\"elementor-element elementor-element-24e9518d elementor-widget elementor-widget-toggle\" data-id=\"24e9518d\" data-element_type=\"widget\" data-e-type=\"widget\" data-widget_type=\"toggle.default\">\n\t\t\t\t<div class=\"elementor-widget-container\">\n\t\t\t\t\t\t\t<div class=\"elementor-toggle\">\n\t\t\t\t\t\t\t<div class=\"elementor-toggle-item\">\n\t\t\t\t\t<div id=\"elementor-tab-title-6191\" class=\"elementor-tab-title\" data-tab=\"1\" role=\"button\" aria-controls=\"elementor-tab-content-6191\" aria-expanded=\"false\">\n\t\t\t\t\t\t\t\t\t\t\t\t<span class=\"elementor-toggle-icon elementor-toggle-icon-right\" aria-hidden=\"true\">\n\t\t\t\t\t\t\t\t\t\t\t\t\t\t\t<span class=\"elementor-toggle-icon-closed\"><i class=\"fas fa-caret-right\"><\/i><\/span>\n\t\t\t\t\t\t\t\t<span class=\"elementor-toggle-icon-opened\"><i class=\"elementor-toggle-icon-opened fas fa-caret-up\"><\/i><\/span>\n\t\t\t\t\t\t\t\t\t\t\t\t\t<\/span>\n\t\t\t\t\t\t\t\t\t\t\t\t<a class=\"elementor-toggle-title\" tabindex=\"0\">Est-il possible de venir avec son chien au Meeting de l'Air de Cognac-Ch\u00e2teaubernard <\/a>\n\t\t\t\t\t<\/div>\n\n\t\t\t\t\t<div id=\"elementor-tab-content-6191\" class=\"elementor-tab-content elementor-clearfix\" data-tab=\"1\" role=\"region\" aria-labelledby=\"elementor-tab-title-6191\"><p>Il n&#8217;est pas possible de venir avec son chien lors du Meeting de l&#8217;Air de Cognac-Ch\u00e2teaubernard\u00a0<br \/>Seuls les chiens d&#8217;assistance \u00e0 personne en situation de handicap sont autoris\u00e9s \u00e0 p\u00e9n\u00e9trer sur la Base A\u00e9rienne.<\/p><\/div>\n\t\t\t\t<\/div>\n\t\t\t\t\t\t\t\t<\/div>\n\t\t\t\t\t\t<\/div>\n\t\t\t\t<\/div>\n\t\t\t\t<div class=\"elementor-element elementor-element-66460238 elementor-widget elementor-widget-heading\" data-id=\"66460238\" data-element_type=\"widget\" data-e-type=\"widget\" data-widget_type=\"heading.default\">\n\t\t\t\t<div class=\"elementor-widget-container\">\n\t\t\t\t\t<h2 class=\"elementor-heading-title elementor-size-default\">Acc\u00e8s au Meeting<\/h2>\t\t\t\t<\/div>\n\t\t\t\t<\/div>\n\t\t\t\t<div class=\"elementor-element elementor-element-7362c47 elementor-widget elementor-widget-toggle\" data-id=\"7362c47\" data-element_type=\"widget\" data-e-type=\"widget\" data-widget_type=\"toggle.default\">\n\t\t\t\t<div class=\"elementor-widget-container\">\n\t\t\t\t\t\t\t<div class=\"elementor-toggle\">\n\t\t\t\t\t\t\t<div class=\"elementor-toggle-item\">\n\t\t\t\t\t<div id=\"elementor-tab-title-1201\" class=\"elementor-tab-title\" data-tab=\"1\" role=\"button\" aria-controls=\"elementor-tab-content-1201\" aria-expanded=\"false\">\n\t\t\t\t\t\t\t\t\t\t\t\t<span class=\"elementor-toggle-icon elementor-toggle-icon-right\" aria-hidden=\"true\">\n\t\t\t\t\t\t\t\t\t\t\t\t\t\t\t<span class=\"elementor-toggle-icon-closed\"><i class=\"fas fa-caret-right\"><\/i><\/span>\n\t\t\t\t\t\t\t\t<span class=\"elementor-toggle-icon-opened\"><i class=\"elementor-toggle-icon-opened fas fa-caret-up\"><\/i><\/span>\n\t\t\t\t\t\t\t\t\t\t\t\t\t<\/span>\n\t\t\t\t\t\t\t\t\t\t\t\t<a class=\"elementor-toggle-title\" tabindex=\"0\">Est-il possible de sortir puis de revenir sur la Base A\u00e9rienne en cours de journ\u00e9e<\/a>\n\t\t\t\t\t<\/div>\n\n\t\t\t\t\t<div id=\"elementor-tab-content-1201\" class=\"elementor-tab-content elementor-clearfix\" data-tab=\"1\" role=\"region\" aria-labelledby=\"elementor-tab-title-1201\"><p>Non, u<span data-olk-copy-source=\"MessageBody\">ne fois sortie du site du meeting vous ne pouvez plus entrer une seconde fois, m\u00eame avec votre billet pr\u00e9sent\u00e9 le jour m\u00eame.<br \/>Toute sortie est d\u00e9finitive.<\/span><\/p><\/div>\n\t\t\t\t<\/div>\n\t\t\t\t\t\t\t\t<\/div>\n\t\t\t\t\t\t<\/div>\n\t\t\t\t<\/div>\n\t\t\t\t<div class=\"elementor-element elementor-element-317de94d elementor-widget elementor-widget-toggle\" data-id=\"317de94d\" data-element_type=\"widget\" data-e-type=\"widget\" data-widget_type=\"toggle.default\">\n\t\t\t\t<div class=\"elementor-widget-container\">\n\t\t\t\t\t\t\t<div class=\"elementor-toggle\">\n\t\t\t\t\t\t\t<div class=\"elementor-toggle-item\">\n\t\t\t\t\t<div id=\"elementor-tab-title-8301\" class=\"elementor-tab-title\" data-tab=\"1\" role=\"button\" aria-controls=\"elementor-tab-content-8301\" aria-expanded=\"false\">\n\t\t\t\t\t\t\t\t\t\t\t\t<span class=\"elementor-toggle-icon elementor-toggle-icon-right\" aria-hidden=\"true\">\n\t\t\t\t\t\t\t\t\t\t\t\t\t\t\t<span class=\"elementor-toggle-icon-closed\"><i class=\"fas fa-caret-right\"><\/i><\/span>\n\t\t\t\t\t\t\t\t<span class=\"elementor-toggle-icon-opened\"><i class=\"elementor-toggle-icon-opened fas fa-caret-up\"><\/i><\/span>\n\t\t\t\t\t\t\t\t\t\t\t\t\t<\/span>\n\t\t\t\t\t\t\t\t\t\t\t\t<a class=\"elementor-toggle-title\" tabindex=\"0\">O\u00f9 garer sa voiture<\/a>\n\t\t\t\t\t<\/div>\n\n\t\t\t\t\t<div id=\"elementor-tab-content-8301\" class=\"elementor-tab-content elementor-clearfix\" data-tab=\"1\" role=\"region\" aria-labelledby=\"elementor-tab-title-8301\"><p>Des aires de parking gratuites \u00e0 proximit\u00e9 de la Base A\u00e9rienne seront ouvertes pour accueillir les visiteurs munis d\u2019un billet d\u2019entr\u00e9e au Meeting de l&#8217;Air de Cognac-Ch\u00e2teaubernard.<\/p><p>Il est conseill\u00e9 de consulter le site du Meeting o\u00f9 des informations sur l\u2019emplacement des parkings et sur les voies d\u2019acc\u00e8s seront bient\u00f4t disponibles.<\/p><\/div>\n\t\t\t\t<\/div>\n\t\t\t\t\t\t\t\t<\/div>\n\t\t\t\t\t\t<\/div>\n\t\t\t\t<\/div>\n\t\t\t\t<div class=\"elementor-element elementor-element-30a20768 elementor-widget elementor-widget-toggle\" data-id=\"30a20768\" data-element_type=\"widget\" data-e-type=\"widget\" data-widget_type=\"toggle.default\">\n\t\t\t\t<div class=\"elementor-widget-container\">\n\t\t\t\t\t\t\t<div class=\"elementor-toggle\">\n\t\t\t\t\t\t\t<div class=\"elementor-toggle-item\">\n\t\t\t\t\t<div id=\"elementor-tab-title-8151\" class=\"elementor-tab-title\" data-tab=\"1\" role=\"button\" aria-controls=\"elementor-tab-content-8151\" aria-expanded=\"false\">\n\t\t\t\t\t\t\t\t\t\t\t\t<span class=\"elementor-toggle-icon elementor-toggle-icon-right\" aria-hidden=\"true\">\n\t\t\t\t\t\t\t\t\t\t\t\t\t\t\t<span class=\"elementor-toggle-icon-closed\"><i class=\"fas fa-caret-right\"><\/i><\/span>\n\t\t\t\t\t\t\t\t<span class=\"elementor-toggle-icon-opened\"><i class=\"elementor-toggle-icon-opened fas fa-caret-up\"><\/i><\/span>\n\t\t\t\t\t\t\t\t\t\t\t\t\t<\/span>\n\t\t\t\t\t\t\t\t\t\t\t\t<a class=\"elementor-toggle-title\" tabindex=\"0\">Comment se rendre sur le site du Meeting depuis les Parkings<\/a>\n\t\t\t\t\t<\/div>\n\n\t\t\t\t\t<div id=\"elementor-tab-content-8151\" class=\"elementor-tab-content elementor-clearfix\" data-tab=\"1\" role=\"region\" aria-labelledby=\"elementor-tab-title-8151\"><p>Les informations sur les acc\u00e8s au Meeting seront publi\u00e9es prochainement sur notre site.<\/p><\/div>\n\t\t\t\t<\/div>\n\t\t\t\t\t\t\t\t<\/div>\n\t\t\t\t\t\t<\/div>\n\t\t\t\t<\/div>\n\t\t\t\t<div class=\"elementor-element elementor-element-60c3a439 elementor-widget elementor-widget-toggle\" data-id=\"60c3a439\" data-element_type=\"widget\" data-e-type=\"widget\" data-widget_type=\"toggle.default\">\n\t\t\t\t<div class=\"elementor-widget-container\">\n\t\t\t\t\t\t\t<div class=\"elementor-toggle\">\n\t\t\t\t\t\t\t<div class=\"elementor-toggle-item\">\n\t\t\t\t\t<div id=\"elementor-tab-title-1621\" class=\"elementor-tab-title\" data-tab=\"1\" role=\"button\" aria-controls=\"elementor-tab-content-1621\" aria-expanded=\"false\">\n\t\t\t\t\t\t\t\t\t\t\t\t<span class=\"elementor-toggle-icon elementor-toggle-icon-right\" aria-hidden=\"true\">\n\t\t\t\t\t\t\t\t\t\t\t\t\t\t\t<span class=\"elementor-toggle-icon-closed\"><i class=\"fas fa-caret-right\"><\/i><\/span>\n\t\t\t\t\t\t\t\t<span class=\"elementor-toggle-icon-opened\"><i class=\"elementor-toggle-icon-opened fas fa-caret-up\"><\/i><\/span>\n\t\t\t\t\t\t\t\t\t\t\t\t\t<\/span>\n\t\t\t\t\t\t\t\t\t\t\t\t<a class=\"elementor-toggle-title\" tabindex=\"0\">Peut-on venir assister au Meeting en a\u00e9ronef<\/a>\n\t\t\t\t\t<\/div>\n\n\t\t\t\t\t<div id=\"elementor-tab-content-1621\" class=\"elementor-tab-content elementor-clearfix\" data-tab=\"1\" role=\"region\" aria-labelledby=\"elementor-tab-title-1621\"><p><span data-olk-copy-source=\"MessageBody\">Il n&#8217;est pas possible de venir assister au Meeting avec un h\u00e9licopt\u00e8re ou un avion priv\u00e9.<br \/>A ce stade, seuls les a\u00e9ronefs pr\u00e9vus de se poser sur la BA 709 seront ceux des VIP invit\u00e9s par le chef d\u2019\u00e9tat-major de l\u2019arm\u00e9e de l\u2019air et de l\u2019espace.<\/span><\/p><\/div>\n\t\t\t\t<\/div>\n\t\t\t\t\t\t\t\t<\/div>\n\t\t\t\t\t\t<\/div>\n\t\t\t\t<\/div>\n\t\t\t\t<div class=\"elementor-element elementor-element-23176f4b elementor-widget elementor-widget-toggle\" data-id=\"23176f4b\" data-element_type=\"widget\" data-e-type=\"widget\" data-widget_type=\"toggle.default\">\n\t\t\t\t<div class=\"elementor-widget-container\">\n\t\t\t\t\t\t\t<div class=\"elementor-toggle\">\n\t\t\t\t\t\t\t<div class=\"elementor-toggle-item\">\n\t\t\t\t\t<div id=\"elementor-tab-title-5881\" class=\"elementor-tab-title\" data-tab=\"1\" role=\"button\" aria-controls=\"elementor-tab-content-5881\" aria-expanded=\"false\">\n\t\t\t\t\t\t\t\t\t\t\t\t<span class=\"elementor-toggle-icon elementor-toggle-icon-right\" aria-hidden=\"true\">\n\t\t\t\t\t\t\t\t\t\t\t\t\t\t\t<span class=\"elementor-toggle-icon-closed\"><i class=\"fas fa-caret-right\"><\/i><\/span>\n\t\t\t\t\t\t\t\t<span class=\"elementor-toggle-icon-opened\"><i class=\"elementor-toggle-icon-opened fas fa-caret-up\"><\/i><\/span>\n\t\t\t\t\t\t\t\t\t\t\t\t\t<\/span>\n\t\t\t\t\t\t\t\t\t\t\t\t<a class=\"elementor-toggle-title\" tabindex=\"0\">Y a-t-il un parking pr\u00e9vu pour les deux roues<\/a>\n\t\t\t\t\t<\/div>\n\n\t\t\t\t\t<div id=\"elementor-tab-content-5881\" class=\"elementor-tab-content elementor-clearfix\" data-tab=\"1\" role=\"region\" aria-labelledby=\"elementor-tab-title-5881\"><p><span data-olk-copy-source=\"MessageBody\">Il y aura un parking deux-roues d\u00e9di\u00e9 uniquement<\/span><\/p><p>Conform\u00e9ment aux directives, les casques moto sont interdits dans la zone grand public.<\/p><p>Compte tenu du volume important de visiteurs attendus, il ne nous sera pas possible de g\u00e9rer une conciergerie.<\/p><\/div>\n\t\t\t\t<\/div>\n\t\t\t\t\t\t\t\t<\/div>\n\t\t\t\t\t\t<\/div>\n\t\t\t\t<\/div>\n\t\t\t\t<div class=\"elementor-element elementor-element-abd7f11 elementor-widget elementor-widget-toggle\" data-id=\"abd7f11\" data-element_type=\"widget\" data-e-type=\"widget\" data-widget_type=\"toggle.default\">\n\t\t\t\t<div class=\"elementor-widget-container\">\n\t\t\t\t\t\t\t<div class=\"elementor-toggle\">\n\t\t\t\t\t\t\t<div class=\"elementor-toggle-item\">\n\t\t\t\t\t<div id=\"elementor-tab-title-1801\" class=\"elementor-tab-title\" data-tab=\"1\" role=\"button\" aria-controls=\"elementor-tab-content-1801\" aria-expanded=\"false\">\n\t\t\t\t\t\t\t\t\t\t\t\t<span class=\"elementor-toggle-icon elementor-toggle-icon-right\" aria-hidden=\"true\">\n\t\t\t\t\t\t\t\t\t\t\t\t\t\t\t<span class=\"elementor-toggle-icon-closed\"><i class=\"fas fa-caret-right\"><\/i><\/span>\n\t\t\t\t\t\t\t\t<span class=\"elementor-toggle-icon-opened\"><i class=\"elementor-toggle-icon-opened fas fa-caret-up\"><\/i><\/span>\n\t\t\t\t\t\t\t\t\t\t\t\t\t<\/span>\n\t\t\t\t\t\t\t\t\t\t\t\t<a class=\"elementor-toggle-title\" tabindex=\"0\">Y a-t-il un parking pr\u00e9vu pour les Camping-car<\/a>\n\t\t\t\t\t<\/div>\n\n\t\t\t\t\t<div id=\"elementor-tab-content-1801\" class=\"elementor-tab-content elementor-clearfix\" data-tab=\"1\" role=\"region\" aria-labelledby=\"elementor-tab-title-1801\"><p><span data-olk-copy-source=\"MessageBody\">Les informations li\u00e9es au stationnement des Camping-Car seront publi\u00e9es prochainement sur notre site.<\/span><\/p><\/div>\n\t\t\t\t<\/div>\n\t\t\t\t\t\t\t\t<\/div>\n\t\t\t\t\t\t<\/div>\n\t\t\t\t<\/div>\n\t\t\t\t<div class=\"elementor-element elementor-element-7033eaaa elementor-widget elementor-widget-toggle\" data-id=\"7033eaaa\" data-element_type=\"widget\" data-e-type=\"widget\" data-widget_type=\"toggle.default\">\n\t\t\t\t<div class=\"elementor-widget-container\">\n\t\t\t\t\t\t\t<div class=\"elementor-toggle\">\n\t\t\t\t\t\t\t<div class=\"elementor-toggle-item\">\n\t\t\t\t\t<div id=\"elementor-tab-title-1881\" class=\"elementor-tab-title\" data-tab=\"1\" role=\"button\" aria-controls=\"elementor-tab-content-1881\" aria-expanded=\"false\">\n\t\t\t\t\t\t\t\t\t\t\t\t<span class=\"elementor-toggle-icon elementor-toggle-icon-right\" aria-hidden=\"true\">\n\t\t\t\t\t\t\t\t\t\t\t\t\t\t\t<span class=\"elementor-toggle-icon-closed\"><i class=\"fas fa-caret-right\"><\/i><\/span>\n\t\t\t\t\t\t\t\t<span class=\"elementor-toggle-icon-opened\"><i class=\"elementor-toggle-icon-opened fas fa-caret-up\"><\/i><\/span>\n\t\t\t\t\t\t\t\t\t\t\t\t\t<\/span>\n\t\t\t\t\t\t\t\t\t\t\t\t<a class=\"elementor-toggle-title\" tabindex=\"0\">Y a-t-il un acc\u00e8s sp\u00e9cifique pour les personnes ayant des difficult\u00e9s de d\u00e9placement (autre que PMR)<\/a>\n\t\t\t\t\t<\/div>\n\n\t\t\t\t\t<div id=\"elementor-tab-content-1881\" class=\"elementor-tab-content elementor-clearfix\" data-tab=\"1\" role=\"region\" aria-labelledby=\"elementor-tab-title-1881\"><p>Il n\u2019y a pas d\u2019acc\u00e8s sp\u00e9cifique. Toutefois, les personnes ayant des probl\u00e8mes de mobilit\u00e9 (comme les personnes \u00e2g\u00e9es) pourront \u00eatre d\u00e9pos\u00e9es au plus pr\u00e8s de l\u2019acc\u00e8s au meeting, au niveau des parkings<\/p><\/div>\n\t\t\t\t<\/div>\n\t\t\t\t\t\t\t\t<\/div>\n\t\t\t\t\t\t<\/div>\n\t\t\t\t<\/div>\n\t\t\t\t<div class=\"elementor-element elementor-element-9c57c4a elementor-widget elementor-widget-toggle\" data-id=\"9c57c4a\" data-element_type=\"widget\" data-e-type=\"widget\" data-widget_type=\"toggle.default\">\n\t\t\t\t<div class=\"elementor-widget-container\">\n\t\t\t\t\t\t\t<div class=\"elementor-toggle\">\n\t\t\t\t\t\t\t<div class=\"elementor-toggle-item\">\n\t\t\t\t\t<div id=\"elementor-tab-title-1631\" class=\"elementor-tab-title\" data-tab=\"1\" role=\"button\" aria-controls=\"elementor-tab-content-1631\" aria-expanded=\"false\">\n\t\t\t\t\t\t\t\t\t\t\t\t<span class=\"elementor-toggle-icon elementor-toggle-icon-right\" aria-hidden=\"true\">\n\t\t\t\t\t\t\t\t\t\t\t\t\t\t\t<span class=\"elementor-toggle-icon-closed\"><i class=\"fas fa-caret-right\"><\/i><\/span>\n\t\t\t\t\t\t\t\t<span class=\"elementor-toggle-icon-opened\"><i class=\"elementor-toggle-icon-opened fas fa-caret-up\"><\/i><\/span>\n\t\t\t\t\t\t\t\t\t\t\t\t\t<\/span>\n\t\t\t\t\t\t\t\t\t\t\t\t<a class=\"elementor-toggle-title\" tabindex=\"0\">Y aura-t-il des navettes pr\u00e9vues entre la gare de Cognac et la base a\u00e9rienne 709 ?<\/a>\n\t\t\t\t\t<\/div>\n\n\t\t\t\t\t<div id=\"elementor-tab-content-1631\" class=\"elementor-tab-content elementor-clearfix\" data-tab=\"1\" role=\"region\" aria-labelledby=\"elementor-tab-title-1631\"><p>\u00c0 ce stade, il n\u2019y a pas de service de navette pr\u00e9vu.<\/p><\/div>\n\t\t\t\t<\/div>\n\t\t\t\t\t\t\t\t<\/div>\n\t\t\t\t\t\t<\/div>\n\t\t\t\t<\/div>\n\t\t\t\t<div class=\"elementor-element elementor-element-317613c1 elementor-widget elementor-widget-heading\" data-id=\"317613c1\" data-element_type=\"widget\" data-e-type=\"widget\" data-widget_type=\"heading.default\">\n\t\t\t\t<div class=\"elementor-widget-container\">\n\t\t\t\t\t<h2 class=\"elementor-heading-title elementor-size-default\">Photographes Amateurs<\/h2>\t\t\t\t<\/div>\n\t\t\t\t<\/div>\n\t\t\t\t<div class=\"elementor-element elementor-element-3d7f8524 elementor-widget elementor-widget-toggle\" data-id=\"3d7f8524\" data-element_type=\"widget\" data-e-type=\"widget\" data-widget_type=\"toggle.default\">\n\t\t\t\t<div class=\"elementor-widget-container\">\n\t\t\t\t\t\t\t<div class=\"elementor-toggle\">\n\t\t\t\t\t\t\t<div class=\"elementor-toggle-item\">\n\t\t\t\t\t<div id=\"elementor-tab-title-1031\" class=\"elementor-tab-title\" data-tab=\"1\" role=\"button\" aria-controls=\"elementor-tab-content-1031\" aria-expanded=\"false\">\n\t\t\t\t\t\t\t\t\t\t\t\t<span class=\"elementor-toggle-icon elementor-toggle-icon-right\" aria-hidden=\"true\">\n\t\t\t\t\t\t\t\t\t\t\t\t\t\t\t<span class=\"elementor-toggle-icon-closed\"><i class=\"fas fa-caret-right\"><\/i><\/span>\n\t\t\t\t\t\t\t\t<span class=\"elementor-toggle-icon-opened\"><i class=\"elementor-toggle-icon-opened fas fa-caret-up\"><\/i><\/span>\n\t\t\t\t\t\t\t\t\t\t\t\t\t<\/span>\n\t\t\t\t\t\t\t\t\t\t\t\t<a class=\"elementor-toggle-title\" tabindex=\"0\">PEUT-ON VENIR AVEC UN ESCABEAU OU UN DRONE POUR FAIRE DES PHOTOS<\/a>\n\t\t\t\t\t<\/div>\n\n\t\t\t\t\t<div id=\"elementor-tab-content-1031\" class=\"elementor-tab-content elementor-clearfix\" data-tab=\"1\" role=\"region\" aria-labelledby=\"elementor-tab-title-1031\"><p>Les escabeaux et les drones sont strictement interdits.<\/p><\/div>\n\t\t\t\t<\/div>\n\t\t\t\t\t\t\t\t<\/div>\n\t\t\t\t\t\t<\/div>\n\t\t\t\t<\/div>\n\t\t\t\t\t<\/div>\n\t\t<\/div>\n\t\t\t\t\t<\/div>\n\t\t<\/section>\n\t\t\t\t<section class=\"elementor-section elementor-top-section elementor-element elementor-element-5064d390 elementor-section-boxed elementor-section-height-default elementor-section-height-default\" data-id=\"5064d390\" data-element_type=\"section\" data-e-type=\"section\" data-settings=\"{&quot;background_background&quot;:&quot;classic&quot;}\">\n\t\t\t\t\t\t<div class=\"elementor-container elementor-column-gap-default\">\n\t\t\t\t\t<div class=\"elementor-column elementor-col-33 elementor-top-column elementor-element elementor-element-2b641a09\" data-id=\"2b641a09\" data-element_type=\"column\" data-e-type=\"column\">\n\t\t\t<div class=\"elementor-widget-wrap elementor-element-populated\">\n\t\t\t\t\t\t<div class=\"elementor-element elementor-element-23b61553 elementor-widget elementor-widget-heading\" data-id=\"23b61553\" data-element_type=\"widget\" data-e-type=\"widget\" data-widget_type=\"heading.default\">\n\t\t\t\t<div class=\"elementor-widget-container\">\n\t\t\t\t\t<h2 class=\"elementor-heading-title elementor-size-default\">FOSA <\/h2>\t\t\t\t<\/div>\n\t\t\t\t<\/div>\n\t\t\t\t<div class=\"elementor-element elementor-element-7502a8bc elementor-widget elementor-widget-image\" data-id=\"7502a8bc\" data-element_type=\"widget\" data-e-type=\"widget\" data-widget_type=\"image.default\">\n\t\t\t\t<div class=\"elementor-widget-container\">\n\t\t\t\t\t\t\t\t\t\t\t\t\t\t\t<img decoding=\"async\" width=\"100\" height=\"100\" src=\"https:\/\/www.fosa.fr\/meetingdelair\/wp-content\/uploads\/2026\/01\/Logo-FOSA-90ans-100pix.png\" class=\"attachment-large size-large wp-image-41751\" alt=\"\" \/>\t\t\t\t\t\t\t\t\t\t\t\t\t\t\t<\/div>\n\t\t\t\t<\/div>\n\t\t\t\t<div class=\"elementor-element elementor-element-38744b3c elementor-shape-circle elementor-grid-0 e-grid-align-center elementor-widget elementor-widget-social-icons\" data-id=\"38744b3c\" data-element_type=\"widget\" data-e-type=\"widget\" data-widget_type=\"social-icons.default\">\n\t\t\t\t<div class=\"elementor-widget-container\">\n\t\t\t\t\t\t\t<div class=\"elementor-social-icons-wrapper elementor-grid\" role=\"list\">\n\t\t\t\t\t\t\t<span class=\"elementor-grid-item\" role=\"listitem\">\n\t\t\t\t\t<a class=\"elementor-icon elementor-social-icon elementor-social-icon-facebook elementor-animation-grow elementor-repeater-item-ec919cf\" href=\"https:\/\/www.facebook.com\/fosasolidarite\/\" target=\"_blank\">\n\t\t\t\t\t\t<span class=\"elementor-screen-only\">Facebook<\/span>\n\t\t\t\t\t\t<i aria-hidden=\"true\" class=\"fab fa-facebook\"><\/i>\t\t\t\t\t<\/a>\n\t\t\t\t<\/span>\n\t\t\t\t\t\t\t<span class=\"elementor-grid-item\" role=\"listitem\">\n\t\t\t\t\t<a class=\"elementor-icon elementor-social-icon elementor-social-icon-instagram elementor-animation-grow elementor-repeater-item-77ef1e1\" href=\"https:\/\/www.instagram.com\/fondation_fosa\/\" target=\"_blank\">\n\t\t\t\t\t\t<span class=\"elementor-screen-only\">Instagram<\/span>\n\t\t\t\t\t\t<i aria-hidden=\"true\" class=\"fab fa-instagram\"><\/i>\t\t\t\t\t<\/a>\n\t\t\t\t<\/span>\n\t\t\t\t\t\t\t<span class=\"elementor-grid-item\" role=\"listitem\">\n\t\t\t\t\t<a class=\"elementor-icon elementor-social-icon elementor-social-icon-linkedin elementor-animation-grow elementor-repeater-item-184d205\" href=\"https:\/\/www.linkedin.com\/in\/fondation-fosa-8b42a81b5\/\" target=\"_blank\">\n\t\t\t\t\t\t<span class=\"elementor-screen-only\">Linkedin<\/span>\n\t\t\t\t\t\t<i aria-hidden=\"true\" class=\"fab fa-linkedin\"><\/i>\t\t\t\t\t<\/a>\n\t\t\t\t<\/span>\n\t\t\t\t\t\t\t<span class=\"elementor-grid-item\" role=\"listitem\">\n\t\t\t\t\t<a class=\"elementor-icon elementor-social-icon elementor-social-icon-youtube elementor-animation-grow elementor-repeater-item-e1d529f\" href=\"https:\/\/www.youtube.com\/@FOSAofficiel\" target=\"_blank\">\n\t\t\t\t\t\t<span class=\"elementor-screen-only\">Youtube<\/span>\n\t\t\t\t\t\t<i aria-hidden=\"true\" class=\"fab fa-youtube\"><\/i>\t\t\t\t\t<\/a>\n\t\t\t\t<\/span>\n\t\t\t\t\t<\/div>\n\t\t\t\t\t\t<\/div>\n\t\t\t\t<\/div>\n\t\t\t\t\t<\/div>\n\t\t<\/div>\n\t\t\t\t<div class=\"elementor-column elementor-col-33 elementor-top-column elementor-element elementor-element-11c343a\" data-id=\"11c343a\" data-element_type=\"column\" data-e-type=\"column\">\n\t\t\t<div class=\"elementor-widget-wrap elementor-element-populated\">\n\t\t\t\t\t\t<div class=\"elementor-element elementor-element-4eddaae3 elementor-widget elementor-widget-heading\" data-id=\"4eddaae3\" data-element_type=\"widget\" data-e-type=\"widget\" data-widget_type=\"heading.default\">\n\t\t\t\t<div class=\"elementor-widget-container\">\n\t\t\t\t\t<h2 class=\"elementor-heading-title elementor-size-default\">\u00a92026 Fondation des \u0152uvres Sociales de l'Air \/ Arm\u00e9e de l'Air et de l'Espace -Tous droits r\u00e9serv\u00e9<\/h2>\t\t\t\t<\/div>\n\t\t\t\t<\/div>\n\t\t\t\t<div class=\"elementor-element elementor-element-2ed281ee elementor-widget elementor-widget-heading\" data-id=\"2ed281ee\" data-element_type=\"widget\" data-e-type=\"widget\" data-widget_type=\"heading.default\">\n\t\t\t\t<div class=\"elementor-widget-container\">\n\t\t\t\t\t<h2 class=\"elementor-heading-title elementor-size-default\">Cr\u00e9dits photos \u00a9 2026 SIRPA Air et Espace - Arm\u00e9e de l'Air et de l'Espace - \/ Concours Photos Spotters - Fondation des \u0152uvres Sociales de l'Air \/Tous droits r\u00e9serv\u00e9s<\/h2>\t\t\t\t<\/div>\n\t\t\t\t<\/div>\n\t\t\t\t<div class=\"elementor-element elementor-element-5ee13e55 elementor-align-center elementor-widget elementor-widget-button\" data-id=\"5ee13e55\" data-element_type=\"widget\" data-e-type=\"widget\" data-widget_type=\"button.default\">\n\t\t\t\t<div class=\"elementor-widget-container\">\n\t\t\t\t\t\t\t\t\t<div class=\"elementor-button-wrapper\">\n\t\t\t\t\t<a class=\"elementor-button elementor-button-link elementor-size-sm elementor-animation-grow\" href=\"https:\/\/www.fosa.fr\/meetingdelair\/mentions-legales\/\">\n\t\t\t\t\t\t<span class=\"elementor-button-content-wrapper\">\n\t\t\t\t\t\t\t\t\t<span class=\"elementor-button-text\">Mentions L\u00e9gales<\/span>\n\t\t\t\t\t<\/span>\n\t\t\t\t\t<\/a>\n\t\t\t\t<\/div>\n\t\t\t\t\t\t\t\t<\/div>\n\t\t\t\t<\/div>\n\t\t\t\t\t<\/div>\n\t\t<\/div>\n\t\t\t\t<div class=\"elementor-column elementor-col-33 elementor-top-column elementor-element elementor-element-2fadaf70\" data-id=\"2fadaf70\" data-element_type=\"column\" data-e-type=\"column\" data-settings=\"{&quot;background_background&quot;:&quot;classic&quot;}\">\n\t\t\t<div class=\"elementor-widget-wrap elementor-element-populated\">\n\t\t\t\t\t\t<div class=\"elementor-element elementor-element-586785f8 elementor-widget elementor-widget-heading\" data-id=\"586785f8\" data-element_type=\"widget\" data-e-type=\"widget\" data-widget_type=\"heading.default\">\n\t\t\t\t<div class=\"elementor-widget-container\">\n\t\t\t\t\t<h2 class=\"elementor-heading-title elementor-size-default\">BA 709 Cognac-Ch\u00e2teaubernard<\/h2>\t\t\t\t<\/div>\n\t\t\t\t<\/div>\n\t\t\t\t<div class=\"elementor-element elementor-element-9509435 elementor-widget elementor-widget-image\" data-id=\"9509435\" data-element_type=\"widget\" data-e-type=\"widget\" data-widget_type=\"image.default\">\n\t\t\t\t<div class=\"elementor-widget-container\">\n\t\t\t\t\t\t\t\t\t\t\t\t\t\t\t<img loading=\"lazy\" decoding=\"async\" width=\"88\" height=\"100\" src=\"https:\/\/www.fosa.fr\/meetingdelair\/wp-content\/uploads\/2026\/01\/BA-709-h100pix.png\" class=\"attachment-large size-large wp-image-41781\" alt=\"\" \/>\t\t\t\t\t\t\t\t\t\t\t\t\t\t\t<\/div>\n\t\t\t\t<\/div>\n\t\t\t\t<div class=\"elementor-element elementor-element-40257523 elementor-shape-circle elementor-grid-0 e-grid-align-center elementor-widget elementor-widget-social-icons\" data-id=\"40257523\" data-element_type=\"widget\" data-e-type=\"widget\" data-widget_type=\"social-icons.default\">\n\t\t\t\t<div class=\"elementor-widget-container\">\n\t\t\t\t\t\t\t<div class=\"elementor-social-icons-wrapper elementor-grid\" role=\"list\">\n\t\t\t\t\t\t\t<span class=\"elementor-grid-item\" role=\"listitem\">\n\t\t\t\t\t<a class=\"elementor-icon elementor-social-icon elementor-social-icon-facebook elementor-animation-grow elementor-repeater-item-ec919cf\" href=\"https:\/\/www.facebook.com\/baseaerienne709Cognac\" target=\"_blank\">\n\t\t\t\t\t\t<span class=\"elementor-screen-only\">Facebook<\/span>\n\t\t\t\t\t\t<i aria-hidden=\"true\" class=\"fab fa-facebook\"><\/i>\t\t\t\t\t<\/a>\n\t\t\t\t<\/span>\n\t\t\t\t\t\t\t<span class=\"elementor-grid-item\" role=\"listitem\">\n\t\t\t\t\t<a class=\"elementor-icon elementor-social-icon elementor-social-icon-instagram elementor-animation-grow elementor-repeater-item-77ef1e1\" href=\"https:\/\/www.instagram.com\/ba709_cognac\/\" target=\"_blank\">\n\t\t\t\t\t\t<span class=\"elementor-screen-only\">Instagram<\/span>\n\t\t\t\t\t\t<i aria-hidden=\"true\" class=\"fab fa-instagram\"><\/i>\t\t\t\t\t<\/a>\n\t\t\t\t<\/span>\n\t\t\t\t\t\t\t<span class=\"elementor-grid-item\" role=\"listitem\">\n\t\t\t\t\t<a class=\"elementor-icon elementor-social-icon elementor-social-icon-linkedin elementor-animation-grow elementor-repeater-item-b907fc7\" href=\"https:\/\/www.linkedin.com\/company\/base-a%C3%A9rienne-709-cognac-ch%C3%A2teaubernard\" target=\"_blank\">\n\t\t\t\t\t\t<span class=\"elementor-screen-only\">Linkedin<\/span>\n\t\t\t\t\t\t<i aria-hidden=\"true\" class=\"fab fa-linkedin\"><\/i>\t\t\t\t\t<\/a>\n\t\t\t\t<\/span>\n\t\t\t\t\t<\/div>\n\t\t\t\t\t\t<\/div>\n\t\t\t\t<\/div>\n\t\t\t\t\t<\/div>\n\t\t<\/div>\n\t\t\t\t\t<\/div>\n\t\t<\/section>\n\t\t\t\t<\/div>\n\t\t","protected":false},"excerpt":{"rendered":"<p>30 &amp; 31 MAI 2026 Organis\u00e9 par la Fondation des \u0152uvres Sociales de l&#8217;Air ESPACE SPOTTERS Foire aux Questions Retrouvez les questions les plus fr\u00e9quemment pos\u00e9es et leurs r\u00e9ponses Billetterie O\u00f9 et comment acheter les Billets pour le Meeting La &hellip; <a class=\"kt-excerpt-readmore\" href=\"https:\/\/www.fosa.fr\/meetingdelair\/faq\/\" aria-label=\"FAQ\">Lire la suite<\/a><\/p>\n","protected":false},"author":1,"featured_media":42926,"parent":0,"menu_order":177,"comment_status":"closed","ping_status":"closed","template":"elementor_canvas","meta":{"footnotes":""},"coauthors":[19],"class_list":["post-36352","page","type-page","status-publish","has-post-thumbnail","hentry"],"yoast_head":"<!-- This site is optimized with the Yoast SEO plugin v27.5 - https:\/\/yoast.com\/product\/yoast-seo-wordpress\/ -->\n<title>FAQ - Meeting de l&#039;Air de la FOSA<\/title>\n<meta name=\"description\" content=\"FAQ Meeting de l&#039;Air de Cognac-Ch\u00e2teaubernard -30 et 31 Mai 2026 - Retrouvez les questions les plus fr\u00e9quemment pos\u00e9es et leurs r\u00e9ponses.\" \/>\n<meta name=\"robots\" content=\"index, follow, max-snippet:-1, max-image-preview:large, max-video-preview:-1\" \/>\n<link rel=\"canonical\" href=\"https:\/\/www.fosa.fr\/meetingdelair\/faq\/\" \/>\n<meta property=\"og:locale\" content=\"fr_FR\" \/>\n<meta property=\"og:type\" content=\"article\" \/>\n<meta property=\"og:title\" content=\"FAQ - Meeting de l&#039;Air de la FOSA\" \/>\n<meta property=\"og:description\" content=\"FAQ Meeting de l&#039;Air de Cognac-Ch\u00e2teaubernard -30 et 31 Mai 2026 - Retrouvez les questions les plus fr\u00e9quemment pos\u00e9es et leurs r\u00e9ponses.\" \/>\n<meta property=\"og:url\" content=\"https:\/\/www.fosa.fr\/meetingdelair\/faq\/\" \/>\n<meta property=\"og:site_name\" content=\"Meeting de l&#039;Air de la FOSA\" \/>\n<meta property=\"article:modified_time\" content=\"2026-03-24T17:51:52+00:00\" \/>\n<meta property=\"og:image\" content=\"https:\/\/www.fosa.fr\/meetingdelair\/wp-content\/uploads\/2026\/02\/Meeting-de-lAir-de-Cognac-Chateaubernard-2026-Affiche-H-800.jpg\" \/>\n\t<meta property=\"og:image:width\" content=\"566\" \/>\n\t<meta property=\"og:image:height\" content=\"800\" \/>\n\t<meta property=\"og:image:type\" content=\"image\/jpeg\" \/>\n<meta name=\"twitter:label1\" content=\"Dur\u00e9e de lecture estim\u00e9e\" \/>\n\t<meta name=\"twitter:data1\" content=\"13 minutes\" \/>\n\t<meta name=\"twitter:label2\" content=\"Written by\" \/>\n\t<meta name=\"twitter:data2\" content=\"fondationfosa\" \/>\n<script type=\"application\/ld+json\" class=\"yoast-schema-graph\">{\"@context\":\"https:\\\/\\\/schema.org\",\"@graph\":[{\"@type\":\"WebPage\",\"@id\":\"https:\\\/\\\/www.fosa.fr\\\/meetingdelair\\\/faq\\\/\",\"url\":\"https:\\\/\\\/www.fosa.fr\\\/meetingdelair\\\/faq\\\/\",\"name\":\"FAQ - Meeting de l&#039;Air de la FOSA\",\"isPartOf\":{\"@id\":\"https:\\\/\\\/www.fosa.fr\\\/meetingdelair\\\/#website\"},\"primaryImageOfPage\":{\"@id\":\"https:\\\/\\\/www.fosa.fr\\\/meetingdelair\\\/faq\\\/#primaryimage\"},\"image\":{\"@id\":\"https:\\\/\\\/www.fosa.fr\\\/meetingdelair\\\/faq\\\/#primaryimage\"},\"thumbnailUrl\":\"https:\\\/\\\/www.fosa.fr\\\/meetingdelair\\\/wp-content\\\/uploads\\\/2026\\\/02\\\/Meeting-de-lAir-de-Cognac-Chateaubernard-2026-Affiche-H-800.jpg\",\"datePublished\":\"2023-02-06T14:01:53+00:00\",\"dateModified\":\"2026-03-24T17:51:52+00:00\",\"description\":\"FAQ Meeting de l'Air de Cognac-Ch\u00e2teaubernard -30 et 31 Mai 2026 - Retrouvez les questions les plus fr\u00e9quemment pos\u00e9es et leurs r\u00e9ponses.\",\"breadcrumb\":{\"@id\":\"https:\\\/\\\/www.fosa.fr\\\/meetingdelair\\\/faq\\\/#breadcrumb\"},\"inLanguage\":\"fr-FR\",\"potentialAction\":[{\"@type\":\"ReadAction\",\"target\":[\"https:\\\/\\\/www.fosa.fr\\\/meetingdelair\\\/faq\\\/\"]}]},{\"@type\":\"ImageObject\",\"inLanguage\":\"fr-FR\",\"@id\":\"https:\\\/\\\/www.fosa.fr\\\/meetingdelair\\\/faq\\\/#primaryimage\",\"url\":\"https:\\\/\\\/www.fosa.fr\\\/meetingdelair\\\/wp-content\\\/uploads\\\/2026\\\/02\\\/Meeting-de-lAir-de-Cognac-Chateaubernard-2026-Affiche-H-800.jpg\",\"contentUrl\":\"https:\\\/\\\/www.fosa.fr\\\/meetingdelair\\\/wp-content\\\/uploads\\\/2026\\\/02\\\/Meeting-de-lAir-de-Cognac-Chateaubernard-2026-Affiche-H-800.jpg\",\"width\":566,\"height\":800,\"caption\":\"Meeting de l'Air de Cognac-Ch\u00e2teaubernard -30 et 31 Mai 2026 - Organis\u00e9 par la Fondation des \u0152uvres Sociales de l'Air (FOSA)\"},{\"@type\":\"BreadcrumbList\",\"@id\":\"https:\\\/\\\/www.fosa.fr\\\/meetingdelair\\\/faq\\\/#breadcrumb\",\"itemListElement\":[{\"@type\":\"ListItem\",\"position\":1,\"name\":\"Accueil\",\"item\":\"https:\\\/\\\/www.fosa.fr\\\/meetingdelair\\\/\"},{\"@type\":\"ListItem\",\"position\":2,\"name\":\"FAQ\"}]},{\"@type\":\"WebSite\",\"@id\":\"https:\\\/\\\/www.fosa.fr\\\/meetingdelair\\\/#website\",\"url\":\"https:\\\/\\\/www.fosa.fr\\\/meetingdelair\\\/\",\"name\":\"Meeting de l&#039;Air de la FOSA\",\"description\":\"Meetings de l&#039;Air de Salon-de-Provence 2023\",\"potentialAction\":[{\"@type\":\"SearchAction\",\"target\":{\"@type\":\"EntryPoint\",\"urlTemplate\":\"https:\\\/\\\/www.fosa.fr\\\/meetingdelair\\\/?s={search_term_string}\"},\"query-input\":{\"@type\":\"PropertyValueSpecification\",\"valueRequired\":true,\"valueName\":\"search_term_string\"}}],\"inLanguage\":\"fr-FR\"}]}<\/script>\n<!-- \/ Yoast SEO plugin. -->","yoast_head_json":{"title":"FAQ - Meeting de l&#039;Air de la FOSA","description":"FAQ Meeting de l'Air de Cognac-Ch\u00e2teaubernard -30 et 31 Mai 2026 - Retrouvez les questions les plus fr\u00e9quemment pos\u00e9es et leurs r\u00e9ponses.","robots":{"index":"index","follow":"follow","max-snippet":"max-snippet:-1","max-image-preview":"max-image-preview:large","max-video-preview":"max-video-preview:-1"},"canonical":"https:\/\/www.fosa.fr\/meetingdelair\/faq\/","og_locale":"fr_FR","og_type":"article","og_title":"FAQ - Meeting de l&#039;Air de la FOSA","og_description":"FAQ Meeting de l'Air de Cognac-Ch\u00e2teaubernard -30 et 31 Mai 2026 - Retrouvez les questions les plus fr\u00e9quemment pos\u00e9es et leurs r\u00e9ponses.","og_url":"https:\/\/www.fosa.fr\/meetingdelair\/faq\/","og_site_name":"Meeting de l&#039;Air de la FOSA","article_modified_time":"2026-03-24T17:51:52+00:00","og_image":[{"width":566,"height":800,"url":"https:\/\/www.fosa.fr\/meetingdelair\/wp-content\/uploads\/2026\/02\/Meeting-de-lAir-de-Cognac-Chateaubernard-2026-Affiche-H-800.jpg","type":"image\/jpeg"}],"twitter_misc":{"Dur\u00e9e de lecture estim\u00e9e":"13 minutes","Written by":"fondationfosa"},"schema":{"@context":"https:\/\/schema.org","@graph":[{"@type":"WebPage","@id":"https:\/\/www.fosa.fr\/meetingdelair\/faq\/","url":"https:\/\/www.fosa.fr\/meetingdelair\/faq\/","name":"FAQ - Meeting de l&#039;Air de la FOSA","isPartOf":{"@id":"https:\/\/www.fosa.fr\/meetingdelair\/#website"},"primaryImageOfPage":{"@id":"https:\/\/www.fosa.fr\/meetingdelair\/faq\/#primaryimage"},"image":{"@id":"https:\/\/www.fosa.fr\/meetingdelair\/faq\/#primaryimage"},"thumbnailUrl":"https:\/\/www.fosa.fr\/meetingdelair\/wp-content\/uploads\/2026\/02\/Meeting-de-lAir-de-Cognac-Chateaubernard-2026-Affiche-H-800.jpg","datePublished":"2023-02-06T14:01:53+00:00","dateModified":"2026-03-24T17:51:52+00:00","description":"FAQ Meeting de l'Air de Cognac-Ch\u00e2teaubernard -30 et 31 Mai 2026 - Retrouvez les questions les plus fr\u00e9quemment pos\u00e9es et leurs r\u00e9ponses.","breadcrumb":{"@id":"https:\/\/www.fosa.fr\/meetingdelair\/faq\/#breadcrumb"},"inLanguage":"fr-FR","potentialAction":[{"@type":"ReadAction","target":["https:\/\/www.fosa.fr\/meetingdelair\/faq\/"]}]},{"@type":"ImageObject","inLanguage":"fr-FR","@id":"https:\/\/www.fosa.fr\/meetingdelair\/faq\/#primaryimage","url":"https:\/\/www.fosa.fr\/meetingdelair\/wp-content\/uploads\/2026\/02\/Meeting-de-lAir-de-Cognac-Chateaubernard-2026-Affiche-H-800.jpg","contentUrl":"https:\/\/www.fosa.fr\/meetingdelair\/wp-content\/uploads\/2026\/02\/Meeting-de-lAir-de-Cognac-Chateaubernard-2026-Affiche-H-800.jpg","width":566,"height":800,"caption":"Meeting de l'Air de Cognac-Ch\u00e2teaubernard -30 et 31 Mai 2026 - Organis\u00e9 par la Fondation des \u0152uvres Sociales de l'Air (FOSA)"},{"@type":"BreadcrumbList","@id":"https:\/\/www.fosa.fr\/meetingdelair\/faq\/#breadcrumb","itemListElement":[{"@type":"ListItem","position":1,"name":"Accueil","item":"https:\/\/www.fosa.fr\/meetingdelair\/"},{"@type":"ListItem","position":2,"name":"FAQ"}]},{"@type":"WebSite","@id":"https:\/\/www.fosa.fr\/meetingdelair\/#website","url":"https:\/\/www.fosa.fr\/meetingdelair\/","name":"Meeting de l&#039;Air de la FOSA","description":"Meetings de l&#039;Air de Salon-de-Provence 2023","potentialAction":[{"@type":"SearchAction","target":{"@type":"EntryPoint","urlTemplate":"https:\/\/www.fosa.fr\/meetingdelair\/?s={search_term_string}"},"query-input":{"@type":"PropertyValueSpecification","valueRequired":true,"valueName":"search_term_string"}}],"inLanguage":"fr-FR"}]}},"_links":{"self":[{"href":"https:\/\/www.fosa.fr\/meetingdelair\/wp-json\/wp\/v2\/pages\/36352","targetHints":{"allow":["GET"]}}],"collection":[{"href":"https:\/\/www.fosa.fr\/meetingdelair\/wp-json\/wp\/v2\/pages"}],"about":[{"href":"https:\/\/www.fosa.fr\/meetingdelair\/wp-json\/wp\/v2\/types\/page"}],"author":[{"embeddable":true,"href":"https:\/\/www.fosa.fr\/meetingdelair\/wp-json\/wp\/v2\/users\/1"}],"replies":[{"embeddable":true,"href":"https:\/\/www.fosa.fr\/meetingdelair\/wp-json\/wp\/v2\/comments?post=36352"}],"version-history":[{"count":135,"href":"https:\/\/www.fosa.fr\/meetingdelair\/wp-json\/wp\/v2\/pages\/36352\/revisions"}],"predecessor-version":[{"id":43323,"href":"https:\/\/www.fosa.fr\/meetingdelair\/wp-json\/wp\/v2\/pages\/36352\/revisions\/43323"}],"wp:featuredmedia":[{"embeddable":true,"href":"https:\/\/www.fosa.fr\/meetingdelair\/wp-json\/wp\/v2\/media\/42926"}],"wp:attachment":[{"href":"https:\/\/www.fosa.fr\/meetingdelair\/wp-json\/wp\/v2\/media?parent=36352"}],"wp:term":[{"taxonomy":"author","embeddable":true,"href":"https:\/\/www.fosa.fr\/meetingdelair\/wp-json\/wp\/v2\/coauthors?post=36352"}],"curies":[{"name":"wp","href":"https:\/\/api.w.org\/{rel}","templated":true}]}}