{"id":39701,"date":"2025-02-13T10:55:59","date_gmt":"2025-02-13T10:55:59","guid":{"rendered":"https:\/\/www.fosa.fr\/meetingdelair\/les-partenaires\/"},"modified":"2026-04-28T08:45:08","modified_gmt":"2026-04-28T07:45:08","slug":"les-partenaires","status":"publish","type":"page","link":"https:\/\/www.fosa.fr\/meetingdelair\/les-partenaires\/","title":{"rendered":"Les partenaires"},"content":{"rendered":"\t\t<div data-elementor-type=\"wp-page\" data-elementor-id=\"39701\" class=\"elementor elementor-39701\" data-elementor-post-type=\"page\">\n\t\t\t\t\t\t<section class=\"elementor-section elementor-top-section elementor-element elementor-element-39fad014 elementor-section-height-min-height elementor-section-stretched elementor-section-full_width elementor-section-height-default elementor-section-items-middle elementor-invisible\" data-id=\"39fad014\" data-element_type=\"section\" data-e-type=\"section\" data-settings=\"{&quot;stretch_section&quot;:&quot;section-stretched&quot;,&quot;background_background&quot;:&quot;classic&quot;,&quot;sticky&quot;:&quot;top&quot;,&quot;sticky_effects_offset&quot;:100,&quot;animation&quot;:&quot;fadeIn&quot;,&quot;sticky_on&quot;:[&quot;desktop&quot;],&quot;sticky_offset&quot;:0,&quot;sticky_anchor_link_offset&quot;:0}\">\n\t\t\t\t\t\t<div class=\"elementor-container elementor-column-gap-default\">\n\t\t\t\t\t<div class=\"elementor-column elementor-col-25 elementor-top-column elementor-element elementor-element-7c0d43c3\" data-id=\"7c0d43c3\" data-element_type=\"column\" data-e-type=\"column\">\n\t\t\t<div class=\"elementor-widget-wrap elementor-element-populated\">\n\t\t\t\t\t\t<div class=\"elementor-element elementor-element-42123376 shrink-logo elementor-widget elementor-widget-image\" data-id=\"42123376\" data-element_type=\"widget\" data-e-type=\"widget\" data-widget_type=\"image.default\">\n\t\t\t\t<div class=\"elementor-widget-container\">\n\t\t\t\t\t\t\t\t\t\t\t\t\t\t\t\t<a href=\"https:\/\/www.fosa.fr\/meetingdelair\/\">\n\t\t\t\t\t\t\t<img decoding=\"async\" width=\"427\" height=\"100\" src=\"https:\/\/www.fosa.fr\/meetingdelair\/wp-content\/uploads\/2025\/12\/Logo-Meeting-de-lair-2026-transp-V1-h100.png\" class=\"attachment-full size-full wp-image-41716\" alt=\"\" srcset=\"https:\/\/www.fosa.fr\/meetingdelair\/wp-content\/uploads\/2025\/12\/Logo-Meeting-de-lair-2026-transp-V1-h100.png 427w, https:\/\/www.fosa.fr\/meetingdelair\/wp-content\/uploads\/2025\/12\/Logo-Meeting-de-lair-2026-transp-V1-h100-300x70.png 300w\" sizes=\"(max-width: 427px) 100vw, 427px\" \/>\t\t\t\t\t\t\t\t<\/a>\n\t\t\t\t\t\t\t\t\t\t\t\t\t\t\t<\/div>\n\t\t\t\t<\/div>\n\t\t\t\t<div class=\"elementor-element elementor-element-78de3d33 elementor-widget elementor-widget-heading\" data-id=\"78de3d33\" data-element_type=\"widget\" data-e-type=\"widget\" data-widget_type=\"heading.default\">\n\t\t\t\t<div class=\"elementor-widget-container\">\n\t\t\t\t\t<h2 class=\"elementor-heading-title elementor-size-default\">30 &amp; 31 MAI 2026<\/h2>\t\t\t\t<\/div>\n\t\t\t\t<\/div>\n\t\t\t\t<div class=\"elementor-element elementor-element-bacfa30 elementor-widget elementor-widget-heading\" data-id=\"bacfa30\" data-element_type=\"widget\" data-e-type=\"widget\" data-widget_type=\"heading.default\">\n\t\t\t\t<div class=\"elementor-widget-container\">\n\t\t\t\t\t<h2 class=\"elementor-heading-title elementor-size-default\">Organis\u00e9 par la  Fondation des \u0152uvres Sociales de l'Air<\/h2>\t\t\t\t<\/div>\n\t\t\t\t<\/div>\n\t\t\t\t\t<\/div>\n\t\t<\/div>\n\t\t\t\t<div class=\"elementor-column elementor-col-25 elementor-top-column elementor-element elementor-element-23a112d4\" data-id=\"23a112d4\" data-element_type=\"column\" data-e-type=\"column\">\n\t\t\t<div class=\"elementor-widget-wrap elementor-element-populated\">\n\t\t\t\t\t\t<div class=\"elementor-element elementor-element-43373ca2 elementor-nav-menu__align-center elementor-nav-menu--dropdown-mobile elementor-nav-menu--stretch elementor-nav-menu__text-align-center elementor-nav-menu--toggle elementor-nav-menu--burger elementor-widget elementor-widget-nav-menu\" data-id=\"43373ca2\" data-element_type=\"widget\" data-e-type=\"widget\" data-settings=\"{&quot;full_width&quot;:&quot;stretch&quot;,&quot;layout&quot;:&quot;horizontal&quot;,&quot;submenu_icon&quot;:{&quot;value&quot;:&quot;&lt;i class=\\&quot;fas fa-caret-down\\&quot; aria-hidden=\\&quot;true\\&quot;&gt;&lt;\\\/i&gt;&quot;,&quot;library&quot;:&quot;fa-solid&quot;},&quot;toggle&quot;:&quot;burger&quot;}\" data-widget_type=\"nav-menu.default\">\n\t\t\t\t<div class=\"elementor-widget-container\">\n\t\t\t\t\t\t\t\t<nav aria-label=\"Menu\" class=\"elementor-nav-menu--main elementor-nav-menu__container elementor-nav-menu--layout-horizontal e--pointer-underline e--animation-fade\">\n\t\t\t\t<ul id=\"menu-1-43373ca2\" class=\"elementor-nav-menu\"><li  class=\" sf-dropdown menu-item-has-children menu-item-41908 menu-item menu-a-propos-du-meeting\"><a href=\"#\" class=\"elementor-item elementor-item-anchor\"><span>A PROPOS DU MEETING<\/span><\/a>\n<ul class=\"sub-menu sf-dropdown-menu dropdown elementor-nav-menu--dropdown\">\n\t<li  class=\" menu-item-41910 menu-item menu-la-fondation-des-oeuvres-sociales-de-lair-fosa\"><a href=\"https:\/\/www.fosa.fr\/meetingdelair\/la-fondation-des-oeuvres-sociales-de-lair\/\" class=\"elementor-sub-item\"><span>La Fondation des \u0152uvres Sociales de l\u2019Air (FOSA)<\/span><\/a><\/li>\n\t<li  class=\" menu-item-41909 menu-item menu-quest-ce-quun-meeting-de-lair\"><a href=\"https:\/\/www.fosa.fr\/meetingdelair\/a-propos-des-meetings-de-lair\/\" class=\"elementor-sub-item\"><span>Qu\u2019est-ce qu\u2019un Meeting de l\u2019air<\/span><\/a><\/li>\n\t<li  class=\" menu-item-43121 menu-item menu-la-base-aerienne-709-de-cognac-chateaubernard\"><a href=\"https:\/\/www.fosa.fr\/meetingdelair\/la-base-aerienne-709\/\" class=\"elementor-sub-item\"><span>La Base A\u00e9rienne 709 de Cognac-Ch\u00e2teaubernard<\/span><\/a><\/li>\n\t<li  class=\" menu-item-43413 menu-item menu-le-mot-du-commandant-de-base\"><a href=\"https:\/\/www.fosa.fr\/meetingdelair\/le-mot-du-commandant-de-base\/\" class=\"elementor-sub-item\"><span>Le mot du Commandant de Base<\/span><\/a><\/li>\n\t<li  class=\" menu-item-42599 menu-item menu-les-partenaires-du-meeting-de-lair-de-cognac-chateaubernard\"><a href=\"https:\/\/www.fosa.fr\/meetingdelair\/les-partenaires\/\" class=\"elementor-sub-item\"><span>Les partenaires du Meeting de l&#8217;Air de Cognac-Ch\u00e2teaubernard<\/span><\/a><\/li>\n\t<li  class=\" menu-item-41911 menu-item menu-devenez-partenaires\"><a href=\"https:\/\/www.fosa.fr\/meetingdelair\/devenez-partenaire\/\" class=\"elementor-sub-item\"><span>Devenez Partenaires<\/span><\/a><\/li>\n<\/ul>\n<\/li>\n<li  class=\" menu-item-42626 menu-item menu-billetterie\"><a href=\"https:\/\/www.fosa.fr\/meetingdelair\/billetterie\/\" class=\"elementor-item\"><span>BILLETTERIE<\/span><\/a><\/li>\n<li  class=\" sf-dropdown menu-item-has-children menu-item-43333 menu-item menu-plateau-aerien\"><a href=\"#\" class=\"elementor-item elementor-item-anchor\"><span>PLATEAU A\u00c9RIEN<\/span><\/a>\n<ul class=\"sub-menu sf-dropdown-menu dropdown elementor-nav-menu--dropdown\">\n\t<li  class=\" menu-item-43335 menu-item menu-plateau-aerien-civil\"><a href=\"https:\/\/www.fosa.fr\/meetingdelair\/plateau-aerien-civil\/\" class=\"elementor-sub-item\"><span>Plateau A\u00e9rien Civil<\/span><\/a><\/li>\n\t<li  class=\" menu-item-43334 menu-item menu-plateau-aerien-militaire\"><a href=\"https:\/\/www.fosa.fr\/meetingdelair\/plateau-aerien-militaire\/\" class=\"elementor-sub-item\"><span>Plateau A\u00e9rien Militaire<\/span><\/a><\/li>\n<\/ul>\n<\/li>\n<li  class=\" sf-dropdown menu-item-has-children menu-item-41912 menu-item menu-infos-pratiques\"><a href=\"#\" class=\"elementor-item elementor-item-anchor\"><span>INFOS PRATIQUES<\/span><\/a>\n<ul class=\"sub-menu sf-dropdown-menu dropdown elementor-nav-menu--dropdown\">\n\t<li  class=\" menu-item-43573 menu-item menu-mesures-de-securite\"><a href=\"https:\/\/www.fosa.fr\/meetingdelair\/mesures-de-securite\/\" class=\"elementor-sub-item\"><span>Mesures de S\u00e9curit\u00e9<\/span><\/a><\/li>\n\t<li  class=\" menu-item-43453 menu-item menu-plan-du-site\"><a href=\"https:\/\/www.fosa.fr\/meetingdelair\/plan-du-site\/\" class=\"elementor-sub-item\"><span>Plan du Site<\/span><\/a><\/li>\n\t<li  class=\" menu-item-42600 menu-item menu-faq\"><a href=\"https:\/\/www.fosa.fr\/meetingdelair\/faq\/\" class=\"elementor-sub-item\"><span>FAQ<\/span><\/a><\/li>\n\t<li  class=\" menu-item-41913 menu-item menu-contact\"><a href=\"https:\/\/www.fosa.fr\/meetingdelair\/contact\/\" class=\"elementor-sub-item\"><span>Contact<\/span><\/a><\/li>\n<\/ul>\n<\/li>\n<\/ul>\t\t\t<\/nav>\n\t\t\t\t\t<div class=\"elementor-menu-toggle\" role=\"button\" tabindex=\"0\" aria-label=\"Permuter le menu\" aria-expanded=\"false\">\n\t\t\t<i aria-hidden=\"true\" role=\"presentation\" class=\"elementor-menu-toggle__icon--open eicon-menu-bar\"><\/i><i aria-hidden=\"true\" role=\"presentation\" class=\"elementor-menu-toggle__icon--close eicon-close\"><\/i>\t\t<\/div>\n\t\t\t\t\t<nav class=\"elementor-nav-menu--dropdown elementor-nav-menu__container\" aria-hidden=\"true\">\n\t\t\t\t<ul id=\"menu-2-43373ca2\" class=\"elementor-nav-menu\"><li  class=\" sf-dropdown menu-item-has-children menu-item-41908 menu-item menu-a-propos-du-meeting\"><a href=\"#\" class=\"elementor-item elementor-item-anchor\" tabindex=\"-1\"><span>A PROPOS DU MEETING<\/span><\/a>\n<ul class=\"sub-menu sf-dropdown-menu dropdown elementor-nav-menu--dropdown\">\n\t<li  class=\" menu-item-41910 menu-item menu-la-fondation-des-oeuvres-sociales-de-lair-fosa\"><a href=\"https:\/\/www.fosa.fr\/meetingdelair\/la-fondation-des-oeuvres-sociales-de-lair\/\" class=\"elementor-sub-item\" tabindex=\"-1\"><span>La Fondation des \u0152uvres Sociales de l\u2019Air (FOSA)<\/span><\/a><\/li>\n\t<li  class=\" menu-item-41909 menu-item menu-quest-ce-quun-meeting-de-lair\"><a href=\"https:\/\/www.fosa.fr\/meetingdelair\/a-propos-des-meetings-de-lair\/\" class=\"elementor-sub-item\" tabindex=\"-1\"><span>Qu\u2019est-ce qu\u2019un Meeting de l\u2019air<\/span><\/a><\/li>\n\t<li  class=\" menu-item-43121 menu-item menu-la-base-aerienne-709-de-cognac-chateaubernard\"><a href=\"https:\/\/www.fosa.fr\/meetingdelair\/la-base-aerienne-709\/\" class=\"elementor-sub-item\" tabindex=\"-1\"><span>La Base A\u00e9rienne 709 de Cognac-Ch\u00e2teaubernard<\/span><\/a><\/li>\n\t<li  class=\" menu-item-43413 menu-item menu-le-mot-du-commandant-de-base\"><a href=\"https:\/\/www.fosa.fr\/meetingdelair\/le-mot-du-commandant-de-base\/\" class=\"elementor-sub-item\" tabindex=\"-1\"><span>Le mot du Commandant de Base<\/span><\/a><\/li>\n\t<li  class=\" menu-item-42599 menu-item menu-les-partenaires-du-meeting-de-lair-de-cognac-chateaubernard\"><a href=\"https:\/\/www.fosa.fr\/meetingdelair\/les-partenaires\/\" class=\"elementor-sub-item\" tabindex=\"-1\"><span>Les partenaires du Meeting de l&#8217;Air de Cognac-Ch\u00e2teaubernard<\/span><\/a><\/li>\n\t<li  class=\" menu-item-41911 menu-item menu-devenez-partenaires\"><a href=\"https:\/\/www.fosa.fr\/meetingdelair\/devenez-partenaire\/\" class=\"elementor-sub-item\" tabindex=\"-1\"><span>Devenez Partenaires<\/span><\/a><\/li>\n<\/ul>\n<\/li>\n<li  class=\" menu-item-42626 menu-item menu-billetterie\"><a href=\"https:\/\/www.fosa.fr\/meetingdelair\/billetterie\/\" class=\"elementor-item\" tabindex=\"-1\"><span>BILLETTERIE<\/span><\/a><\/li>\n<li  class=\" sf-dropdown menu-item-has-children menu-item-43333 menu-item menu-plateau-aerien\"><a href=\"#\" class=\"elementor-item elementor-item-anchor\" tabindex=\"-1\"><span>PLATEAU A\u00c9RIEN<\/span><\/a>\n<ul class=\"sub-menu sf-dropdown-menu dropdown elementor-nav-menu--dropdown\">\n\t<li  class=\" menu-item-43335 menu-item menu-plateau-aerien-civil\"><a href=\"https:\/\/www.fosa.fr\/meetingdelair\/plateau-aerien-civil\/\" class=\"elementor-sub-item\" tabindex=\"-1\"><span>Plateau A\u00e9rien Civil<\/span><\/a><\/li>\n\t<li  class=\" menu-item-43334 menu-item menu-plateau-aerien-militaire\"><a href=\"https:\/\/www.fosa.fr\/meetingdelair\/plateau-aerien-militaire\/\" class=\"elementor-sub-item\" tabindex=\"-1\"><span>Plateau A\u00e9rien Militaire<\/span><\/a><\/li>\n<\/ul>\n<\/li>\n<li  class=\" sf-dropdown menu-item-has-children menu-item-41912 menu-item menu-infos-pratiques\"><a href=\"#\" class=\"elementor-item elementor-item-anchor\" tabindex=\"-1\"><span>INFOS PRATIQUES<\/span><\/a>\n<ul class=\"sub-menu sf-dropdown-menu dropdown elementor-nav-menu--dropdown\">\n\t<li  class=\" menu-item-43573 menu-item menu-mesures-de-securite\"><a href=\"https:\/\/www.fosa.fr\/meetingdelair\/mesures-de-securite\/\" class=\"elementor-sub-item\" tabindex=\"-1\"><span>Mesures de S\u00e9curit\u00e9<\/span><\/a><\/li>\n\t<li  class=\" menu-item-43453 menu-item menu-plan-du-site\"><a href=\"https:\/\/www.fosa.fr\/meetingdelair\/plan-du-site\/\" class=\"elementor-sub-item\" tabindex=\"-1\"><span>Plan du Site<\/span><\/a><\/li>\n\t<li  class=\" menu-item-42600 menu-item menu-faq\"><a href=\"https:\/\/www.fosa.fr\/meetingdelair\/faq\/\" class=\"elementor-sub-item\" tabindex=\"-1\"><span>FAQ<\/span><\/a><\/li>\n\t<li  class=\" menu-item-41913 menu-item menu-contact\"><a href=\"https:\/\/www.fosa.fr\/meetingdelair\/contact\/\" class=\"elementor-sub-item\" tabindex=\"-1\"><span>Contact<\/span><\/a><\/li>\n<\/ul>\n<\/li>\n<\/ul>\t\t\t<\/nav>\n\t\t\t\t\t\t<\/div>\n\t\t\t\t<\/div>\n\t\t\t\t\t<\/div>\n\t\t<\/div>\n\t\t\t\t<div class=\"elementor-column elementor-col-25 elementor-top-column elementor-element elementor-element-361b657e elementor-hidden-mobile\" data-id=\"361b657e\" data-element_type=\"column\" data-e-type=\"column\">\n\t\t\t<div class=\"elementor-widget-wrap elementor-element-populated\">\n\t\t\t\t\t\t<div class=\"elementor-element elementor-element-296a06d6 elementor-align-center elementor-widget elementor-widget-button\" data-id=\"296a06d6\" data-element_type=\"widget\" data-e-type=\"widget\" data-widget_type=\"button.default\">\n\t\t\t\t<div class=\"elementor-widget-container\">\n\t\t\t\t\t\t\t\t\t<div class=\"elementor-button-wrapper\">\n\t\t\t\t\t<a class=\"elementor-button elementor-button-link elementor-size-sm elementor-animation-grow\" href=\"https:\/\/www.fosa.fr\/meetingdelair\/espace-spotters\/\">\n\t\t\t\t\t\t<span class=\"elementor-button-content-wrapper\">\n\t\t\t\t\t\t\t\t\t<span class=\"elementor-button-text\">ESPACE SPOTTERS<\/span>\n\t\t\t\t\t<\/span>\n\t\t\t\t\t<\/a>\n\t\t\t\t<\/div>\n\t\t\t\t\t\t\t\t<\/div>\n\t\t\t\t<\/div>\n\t\t\t\t\t<\/div>\n\t\t<\/div>\n\t\t\t\t<div class=\"elementor-column elementor-col-25 elementor-top-column elementor-element elementor-element-7d9a21f\" data-id=\"7d9a21f\" data-element_type=\"column\" data-e-type=\"column\" data-settings=\"{&quot;background_background&quot;:&quot;classic&quot;}\">\n\t\t\t<div class=\"elementor-widget-wrap elementor-element-populated\">\n\t\t\t\t\t\t<div class=\"elementor-element elementor-element-6461d90e shrink-logo elementor-widget elementor-widget-image\" data-id=\"6461d90e\" data-element_type=\"widget\" data-e-type=\"widget\" data-widget_type=\"image.default\">\n\t\t\t\t<div class=\"elementor-widget-container\">\n\t\t\t\t\t\t\t\t\t\t\t\t\t\t\t\t<a href=\"https:\/\/www.fosa.fr\/\" target=\"_blank\">\n\t\t\t\t\t\t\t<img fetchpriority=\"high\" decoding=\"async\" width=\"624\" height=\"200\" src=\"https:\/\/www.fosa.fr\/meetingdelair\/wp-content\/uploads\/2025\/12\/Logo-FOSA-HD-Transp-h200.png\" class=\"attachment-full size-full wp-image-41733\" alt=\"\" srcset=\"https:\/\/www.fosa.fr\/meetingdelair\/wp-content\/uploads\/2025\/12\/Logo-FOSA-HD-Transp-h200.png 624w, https:\/\/www.fosa.fr\/meetingdelair\/wp-content\/uploads\/2025\/12\/Logo-FOSA-HD-Transp-h200-300x96.png 300w\" sizes=\"(max-width: 624px) 100vw, 624px\" \/>\t\t\t\t\t\t\t\t<\/a>\n\t\t\t\t\t\t\t\t\t\t\t\t\t\t\t<\/div>\n\t\t\t\t<\/div>\n\t\t\t\t\t<\/div>\n\t\t<\/div>\n\t\t\t\t\t<\/div>\n\t\t<\/section>\n\t\t\t\t<section class=\"elementor-section elementor-top-section elementor-element elementor-element-26a52a22 elementor-section-boxed elementor-section-height-default elementor-section-height-default\" data-id=\"26a52a22\" data-element_type=\"section\" data-e-type=\"section\">\n\t\t\t\t\t\t<div class=\"elementor-container elementor-column-gap-default\">\n\t\t\t\t\t<div class=\"elementor-column elementor-col-100 elementor-top-column elementor-element elementor-element-57bd08d7\" data-id=\"57bd08d7\" data-element_type=\"column\" data-e-type=\"column\">\n\t\t\t<div class=\"elementor-widget-wrap elementor-element-populated\">\n\t\t\t\t\t\t<div class=\"elementor-element elementor-element-26840bd2 elementor-widget elementor-widget-heading\" data-id=\"26840bd2\" data-element_type=\"widget\" data-e-type=\"widget\" data-widget_type=\"heading.default\">\n\t\t\t\t<div class=\"elementor-widget-container\">\n\t\t\t\t\t<h2 class=\"elementor-heading-title elementor-size-default\">Les Partenaires du Meeting de Cognac-Ch\u00e2teaubernard <\/h2>\t\t\t\t<\/div>\n\t\t\t\t<\/div>\n\t\t\t\t\t<\/div>\n\t\t<\/div>\n\t\t\t\t\t<\/div>\n\t\t<\/section>\n\t\t\t\t<section class=\"elementor-section elementor-top-section elementor-element elementor-element-6d41ff35 elementor-section-stretched elementor-section-content-middle elementor-section-full_width elementor-section-height-min-height elementor-section-height-default elementor-section-items-middle\" data-id=\"6d41ff35\" data-element_type=\"section\" data-e-type=\"section\" data-settings=\"{&quot;stretch_section&quot;:&quot;section-stretched&quot;,&quot;background_background&quot;:&quot;classic&quot;,&quot;background_motion_fx_motion_fx_scrolling&quot;:&quot;yes&quot;,&quot;background_motion_fx_translateY_effect&quot;:&quot;yes&quot;,&quot;background_motion_fx_translateY_speed&quot;:{&quot;unit&quot;:&quot;px&quot;,&quot;size&quot;:4,&quot;sizes&quot;:[]},&quot;background_motion_fx_translateY_affectedRange&quot;:{&quot;unit&quot;:&quot;%&quot;,&quot;size&quot;:&quot;&quot;,&quot;sizes&quot;:{&quot;start&quot;:0,&quot;end&quot;:100}},&quot;background_motion_fx_devices&quot;:[&quot;desktop&quot;,&quot;tablet&quot;,&quot;mobile&quot;]}\">\n\t\t\t\t\t\t<div class=\"elementor-container elementor-column-gap-default\">\n\t\t\t\t\t<div class=\"elementor-column elementor-col-100 elementor-top-column elementor-element elementor-element-7c79e2b3\" data-id=\"7c79e2b3\" data-element_type=\"column\" data-e-type=\"column\">\n\t\t\t<div class=\"elementor-widget-wrap\">\n\t\t\t\t\t\t\t<\/div>\n\t\t<\/div>\n\t\t\t\t\t<\/div>\n\t\t<\/section>\n\t\t\t\t<section class=\"elementor-section elementor-top-section elementor-element elementor-element-16e94570 elementor-section-boxed elementor-section-height-default elementor-section-height-default elementor-invisible\" data-id=\"16e94570\" data-element_type=\"section\" data-e-type=\"section\" data-settings=\"{&quot;background_background&quot;:&quot;classic&quot;,&quot;animation&quot;:&quot;fadeInLeft&quot;}\">\n\t\t\t\t\t\t<div class=\"elementor-container elementor-column-gap-default\">\n\t\t\t\t\t<div class=\"elementor-column elementor-col-33 elementor-top-column elementor-element elementor-element-602436af\" data-id=\"602436af\" data-element_type=\"column\" data-e-type=\"column\">\n\t\t\t<div class=\"elementor-widget-wrap elementor-element-populated\">\n\t\t\t\t\t\t<div class=\"elementor-element elementor-element-5bd6ee62 elementor-position-top elementor-widget elementor-widget-image-box\" data-id=\"5bd6ee62\" data-element_type=\"widget\" data-e-type=\"widget\" data-widget_type=\"image-box.default\">\n\t\t\t\t<div class=\"elementor-widget-container\">\n\t\t\t\t\t<div class=\"elementor-image-box-wrapper\"><figure class=\"elementor-image-box-img\"><a href=\"https:\/\/www.groupe-agpm.fr\/\" target=\"_blank\" tabindex=\"-1\"><img decoding=\"async\" width=\"297\" height=\"150\" src=\"https:\/\/www.fosa.fr\/meetingdelair\/wp-content\/uploads\/2026\/03\/Logo-AGPM-h150.jpg\" class=\"elementor-animation-grow attachment-medium_large size-medium_large wp-image-42973\" alt=\"\" \/><\/a><\/figure><div class=\"elementor-image-box-content\"><h5 class=\"elementor-image-box-title\"><a href=\"https:\/\/www.groupe-agpm.fr\/\" target=\"_blank\">AGPM<\/a><\/h5><p class=\"elementor-image-box-description\">\nCr\u00e9\u00e9e en 1951, l\u2019AGPM accompagne celles et ceux qui prennent des risques pour prot\u00e9ger les autres.\n\nHistoriquement fond\u00e9e par des militaires, pour des militaires, elle a d\u00e9velopp\u00e9 une expertise du risque op\u00e9rationnel, forg\u00e9e au plus pr\u00e8s du terrain.\n\nElle propose d\u00e9sormais des solutions compl\u00e8tes en assurance, sant\u00e9, \u00e9pargne et retraite.\n\nElle assure aujourd\u2019hui tous les hommes et femmes de la communaut\u00e9 D\u00e9fense &amp; S\u00e9curit\u00e9 \u2014 d\u2019active ou non, ainsi que leurs familles.<\/p><\/div><\/div>\t\t\t\t<\/div>\n\t\t\t\t<\/div>\n\t\t\t\t\t<\/div>\n\t\t<\/div>\n\t\t\t\t<div class=\"elementor-column elementor-col-33 elementor-top-column elementor-element elementor-element-5f25f5c3\" data-id=\"5f25f5c3\" data-element_type=\"column\" data-e-type=\"column\">\n\t\t\t<div class=\"elementor-widget-wrap elementor-element-populated\">\n\t\t\t\t\t\t<div class=\"elementor-element elementor-element-d847999 elementor-position-top elementor-widget elementor-widget-image-box\" data-id=\"d847999\" data-element_type=\"widget\" data-e-type=\"widget\" data-widget_type=\"image-box.default\">\n\t\t\t\t<div class=\"elementor-widget-container\">\n\t\t\t\t\t<div class=\"elementor-image-box-wrapper\"><figure class=\"elementor-image-box-img\"><a href=\"https:\/\/www.allianz.fr\/\" target=\"_blank\" tabindex=\"-1\"><img loading=\"lazy\" decoding=\"async\" width=\"260\" height=\"150\" src=\"https:\/\/www.fosa.fr\/meetingdelair\/wp-content\/uploads\/2026\/01\/CMJN_Logo_ADS_Descriptor_2_Lignes_1DA_Positif-v2.jpg\" class=\"elementor-animation-grow attachment-medium_large size-medium_large wp-image-42237\" alt=\"\" \/><\/a><\/figure><div class=\"elementor-image-box-content\"><h5 class=\"elementor-image-box-title\"><a href=\"https:\/\/www.allianz.fr\/\" target=\"_blank\">Allianz<\/a><\/h5><p class=\"elementor-image-box-description\">Depuis plus de 70 ans, Allianz D\u00e9fense et S\u00e9curit\u00e9 propose des solutions d\u2019assurance 100% adapt\u00e9es aux membres de la communaut\u00e9 d\u00e9fense et s\u00e9curit\u00e9, en activit\u00e9 ou retrait\u00e9s, et \u00e0 leurs familles. Organis\u00e9s au sein d\u2019une structure d\u00e9di\u00e9e et issus des forces arm\u00e9es, nos conseillers terrain comprennent mieux que quiconque vos besoins de protection.<\/p><\/div><\/div>\t\t\t\t<\/div>\n\t\t\t\t<\/div>\n\t\t\t\t\t<\/div>\n\t\t<\/div>\n\t\t\t\t<div class=\"elementor-column elementor-col-33 elementor-top-column elementor-element elementor-element-306b6016\" data-id=\"306b6016\" data-element_type=\"column\" data-e-type=\"column\">\n\t\t\t<div class=\"elementor-widget-wrap elementor-element-populated\">\n\t\t\t\t\t\t<div class=\"elementor-element elementor-element-b2d9afc elementor-position-top elementor-widget elementor-widget-image-box\" data-id=\"b2d9afc\" data-element_type=\"widget\" data-e-type=\"widget\" data-widget_type=\"image-box.default\">\n\t\t\t\t<div class=\"elementor-widget-container\">\n\t\t\t\t\t<div class=\"elementor-image-box-wrapper\"><figure class=\"elementor-image-box-img\"><a href=\"https:\/\/www.airbus.com\/fr\" target=\"_blank\" tabindex=\"-1\"><img loading=\"lazy\" decoding=\"async\" width=\"405\" height=\"150\" src=\"https:\/\/www.fosa.fr\/meetingdelair\/wp-content\/uploads\/2026\/03\/AIRBUS_RGB-H150.jpg\" class=\"elementor-animation-grow attachment-full size-full wp-image-43043\" alt=\"\" srcset=\"https:\/\/www.fosa.fr\/meetingdelair\/wp-content\/uploads\/2026\/03\/AIRBUS_RGB-H150.jpg 405w, https:\/\/www.fosa.fr\/meetingdelair\/wp-content\/uploads\/2026\/03\/AIRBUS_RGB-H150-300x111.jpg 300w\" sizes=\"(max-width: 405px) 100vw, 405px\" \/><\/a><\/figure><div class=\"elementor-image-box-content\"><h5 class=\"elementor-image-box-title\"><a href=\"https:\/\/www.airbus.com\/fr\" target=\"_blank\">AIRBUS<\/a><\/h5><p class=\"elementor-image-box-description\">Le groupe Airbus SE est un groupe europ\u00e9en actif dans l'industrie et le secteur a\u00e9ronautique et spatial, tant civil que militaire. \nAirbus est un acteur majeur de l\u2019industrie a\u00e9ronautique et spatiale en France. Airbus emploie plus de 56,000 salari\u00e9s en France.Il regroupe de nombreuses entreprises internationales avec des lieux de productions situ\u00e9s essentiellement en France, en Allemagne, en Espagne et au Royaume-Uni<\/p><\/div><\/div>\t\t\t\t<\/div>\n\t\t\t\t<\/div>\n\t\t\t\t\t<\/div>\n\t\t<\/div>\n\t\t\t\t\t<\/div>\n\t\t<\/section>\n\t\t\t\t<section class=\"elementor-section elementor-top-section elementor-element elementor-element-2c801e30 elementor-section-boxed elementor-section-height-default elementor-section-height-default elementor-invisible\" data-id=\"2c801e30\" data-element_type=\"section\" data-e-type=\"section\" data-settings=\"{&quot;background_background&quot;:&quot;classic&quot;,&quot;animation&quot;:&quot;fadeInRight&quot;}\">\n\t\t\t\t\t\t<div class=\"elementor-container elementor-column-gap-default\">\n\t\t\t\t\t<div class=\"elementor-column elementor-col-33 elementor-top-column elementor-element elementor-element-2e1d488a\" data-id=\"2e1d488a\" data-element_type=\"column\" data-e-type=\"column\">\n\t\t\t<div class=\"elementor-widget-wrap elementor-element-populated\">\n\t\t\t\t\t\t<div class=\"elementor-element elementor-element-64f5b2a1 elementor-position-top elementor-widget elementor-widget-image-box\" data-id=\"64f5b2a1\" data-element_type=\"widget\" data-e-type=\"widget\" data-widget_type=\"image-box.default\">\n\t\t\t\t<div class=\"elementor-widget-container\">\n\t\t\t\t\t<div class=\"elementor-image-box-wrapper\"><figure class=\"elementor-image-box-img\"><a href=\"https:\/\/www.defense.gouv.fr\/air\" target=\"_blank\" tabindex=\"-1\"><img loading=\"lazy\" decoding=\"async\" width=\"106\" height=\"75\" src=\"https:\/\/www.fosa.fr\/meetingdelair\/wp-content\/uploads\/2026\/02\/logo-armee-air-espace-1.svg\" class=\"elementor-animation-grow attachment-full size-full wp-image-42932\" alt=\"\" \/><\/a><\/figure><div class=\"elementor-image-box-content\"><h5 class=\"elementor-image-box-title\"><a href=\"https:\/\/www.defense.gouv.fr\/air\" target=\"_blank\">Arm\u00e9e de l'Air et de l'Espace<\/a><\/h5><p class=\"elementor-image-box-description\">L'arm\u00e9e de l'Air et de l\u2019Espace est repr\u00e9sent\u00e9e par des bases a\u00e9riennes, d\u00e9tachements et \u00e9l\u00e9ments air r\u00e9partis sur le territoire, en France comme en Outre-mer, avec \u00e0 sa t\u00eate un chef d'\u00e9tat-major. Reposant sur les comp\u00e9tences, le savoir-faire et l'engagement permanent de ses aviateurs, c'est l'arm\u00e9e de la troisi\u00e8me dimension ! C'est aussi, l'arm\u00e9e fran\u00e7aise la plus f\u00e9minis\u00e9e.<\/p><\/div><\/div>\t\t\t\t<\/div>\n\t\t\t\t<\/div>\n\t\t\t\t\t<\/div>\n\t\t<\/div>\n\t\t\t\t<div class=\"elementor-column elementor-col-33 elementor-top-column elementor-element elementor-element-316e83c6\" data-id=\"316e83c6\" data-element_type=\"column\" data-e-type=\"column\">\n\t\t\t<div class=\"elementor-widget-wrap elementor-element-populated\">\n\t\t\t\t\t\t<div class=\"elementor-element elementor-element-638a4612 elementor-position-top elementor-widget elementor-widget-image-box\" data-id=\"638a4612\" data-element_type=\"widget\" data-e-type=\"widget\" data-widget_type=\"image-box.default\">\n\t\t\t\t<div class=\"elementor-widget-container\">\n\t\t\t\t\t<div class=\"elementor-image-box-wrapper\"><figure class=\"elementor-image-box-img\"><a href=\"https:\/\/www.la-france-mutualiste.fr\/\" target=\"_blank\" tabindex=\"-1\"><img loading=\"lazy\" decoding=\"async\" width=\"212\" height=\"150\" src=\"https:\/\/www.fosa.fr\/meetingdelair\/wp-content\/uploads\/2026\/03\/LOGO-LFM-couleur-JPG-h150.jpg\" class=\"elementor-animation-grow attachment-full size-full wp-image-43337\" alt=\"\" \/><\/a><\/figure><div class=\"elementor-image-box-content\"><h5 class=\"elementor-image-box-title\"><a href=\"https:\/\/www.la-france-mutualiste.fr\/\" target=\"_blank\">La France Mutualiste<\/a><\/h5><p class=\"elementor-image-box-description\"> La France Mutualiste est la mutuelle d\u2019\u00e9pargne individuelle du Groupe Malakoff Humanis. Forte d\u2019une exp\u00e9rience acquise depuis plus de 130 ans, elle a l\u2019ambition de permettre \u00e0 tous les Fran\u00e7ais de se constituer une \u00e9pargne solide et de construire leur retraite. Ses valeurs de solidarit\u00e9, de transparence et de proximit\u00e9 guident son engagement. Li\u00e9e historiquement \u00e0 la communaut\u00e9 S\u00e9curit\u00e9-D\u00e9fense \u00e0 travers la RMC | Retraite mutualiste du combattant, elle soutient des initiatives en faveur des engag\u00e9s et leurs familles, des bless\u00e9s, de la reconversion professionnelle et de la jeunesse civique<\/p><\/div><\/div>\t\t\t\t<\/div>\n\t\t\t\t<\/div>\n\t\t\t\t\t<\/div>\n\t\t<\/div>\n\t\t\t\t<div class=\"elementor-column elementor-col-33 elementor-top-column elementor-element elementor-element-3061c3ee\" data-id=\"3061c3ee\" data-element_type=\"column\" data-e-type=\"column\">\n\t\t\t<div class=\"elementor-widget-wrap elementor-element-populated\">\n\t\t\t\t\t\t<div class=\"elementor-element elementor-element-4c8898f elementor-position-top elementor-widget elementor-widget-image-box\" data-id=\"4c8898f\" data-element_type=\"widget\" data-e-type=\"widget\" data-widget_type=\"image-box.default\">\n\t\t\t\t<div class=\"elementor-widget-container\">\n\t\t\t\t\t<div class=\"elementor-image-box-wrapper\"><figure class=\"elementor-image-box-img\"><a href=\"https:\/\/www.ailesbrisees.asso.fr\/\" target=\"_blank\" tabindex=\"-1\"><img loading=\"lazy\" decoding=\"async\" width=\"166\" height=\"128\" src=\"https:\/\/www.fosa.fr\/meetingdelair\/wp-content\/uploads\/2025\/02\/ob_d1c658_ailes-brisees.png\" class=\"elementor-animation-grow attachment-full size-full wp-image-39593\" alt=\"\" \/><\/a><\/figure><div class=\"elementor-image-box-content\"><h5 class=\"elementor-image-box-title\"><a href=\"https:\/\/www.ailesbrisees.asso.fr\/\" target=\"_blank\">Les Ailes Bris\u00e9es<\/a><\/h5><p class=\"elementor-image-box-description\">Association d\u2019Entraide qui porte une assistance morale et mat\u00e9rielle aux navigants civils et militaires accident\u00e9s en service a\u00e9riens (Arm\u00e9e de l'Air et de l'Espace, Aviation commerciale, A\u00e9ronautique navale...) et \u00e0 leur famille.<\/p><\/div><\/div>\t\t\t\t<\/div>\n\t\t\t\t<\/div>\n\t\t\t\t\t<\/div>\n\t\t<\/div>\n\t\t\t\t\t<\/div>\n\t\t<\/section>\n\t\t\t\t<section class=\"elementor-section elementor-top-section elementor-element elementor-element-40552151 elementor-section-boxed elementor-section-height-default elementor-section-height-default elementor-invisible\" data-id=\"40552151\" data-element_type=\"section\" data-e-type=\"section\" data-settings=\"{&quot;background_background&quot;:&quot;classic&quot;,&quot;animation&quot;:&quot;fadeInLeft&quot;}\">\n\t\t\t\t\t\t<div class=\"elementor-container elementor-column-gap-default\">\n\t\t\t\t\t<div class=\"elementor-column elementor-col-33 elementor-top-column elementor-element elementor-element-732f7bac\" data-id=\"732f7bac\" data-element_type=\"column\" data-e-type=\"column\">\n\t\t\t<div class=\"elementor-widget-wrap elementor-element-populated\">\n\t\t\t\t\t\t<div class=\"elementor-element elementor-element-f374422 elementor-position-top elementor-widget elementor-widget-image-box\" data-id=\"f374422\" data-element_type=\"widget\" data-e-type=\"widget\" data-widget_type=\"image-box.default\">\n\t\t\t\t<div class=\"elementor-widget-container\">\n\t\t\t\t\t<div class=\"elementor-image-box-wrapper\"><figure class=\"elementor-image-box-img\"><a href=\"https:\/\/www.aura-aero.com\/\" target=\"_blank\" tabindex=\"-1\"><img loading=\"lazy\" decoding=\"async\" width=\"389\" height=\"150\" src=\"https:\/\/www.fosa.fr\/meetingdelair\/wp-content\/uploads\/2026\/03\/Logo-AURA-AERO-black-2-h150.png\" class=\"elementor-animation-grow attachment-full size-full wp-image-43302\" alt=\"\" srcset=\"https:\/\/www.fosa.fr\/meetingdelair\/wp-content\/uploads\/2026\/03\/Logo-AURA-AERO-black-2-h150.png 389w, https:\/\/www.fosa.fr\/meetingdelair\/wp-content\/uploads\/2026\/03\/Logo-AURA-AERO-black-2-h150-300x116.png 300w\" sizes=\"(max-width: 389px) 100vw, 389px\" \/><\/a><\/figure><div class=\"elementor-image-box-content\"><h5 class=\"elementor-image-box-title\"><a href=\"https:\/\/www.aura-aero.com\/\" target=\"_blank\">AURA AERO<\/a><\/h5><p class=\"elementor-image-box-description\"> AURA AERO est un constructeur a\u00e9ronautique fran\u00e7ais engag\u00e9 dans le d\u00e9veloppement de solutions innovantes au service de la souverainet\u00e9 et de la transition du secteur a\u00e9rien. Au travers de ses programmes INTEGRAL (avions bi-place c\u00f4te-\u00e0-c\u00f4te de formation, thermiques ou 100% \u00e9lectriques) et ERA (avion r\u00e9gional hybride-\u00e9lectrique multi-missions), l'entreprise con\u00e7oit une nouvelle g\u00e9n\u00e9ration d\u2019a\u00e9ronefs r\u00e9pondant aux plus hauts standards de performance, de fiabilit\u00e9 et de s\u00e9curit\u00e9.\n\nEn 2025, AURA AERO a \u00e9galement \u00e9t\u00e9 s\u00e9lectionn\u00e9e par la DGA pour d\u00e9velopper un syst\u00e8me de drone MALE ITAR-FREE, destin\u00e9 \u00e0 des missions de surveillance, de reconnaissance et d\u2019appui, r\u00e9pondant aux exigences op\u00e9rationnelles des forces \u00e9tatiques<\/p><\/div><\/div>\t\t\t\t<\/div>\n\t\t\t\t<\/div>\n\t\t\t\t\t<\/div>\n\t\t<\/div>\n\t\t\t\t<div class=\"elementor-column elementor-col-33 elementor-top-column elementor-element elementor-element-245ab84e\" data-id=\"245ab84e\" data-element_type=\"column\" data-e-type=\"column\">\n\t\t\t<div class=\"elementor-widget-wrap elementor-element-populated\">\n\t\t\t\t\t\t<div class=\"elementor-element elementor-element-5ea3f57d elementor-position-top elementor-widget elementor-widget-image-box\" data-id=\"5ea3f57d\" data-element_type=\"widget\" data-e-type=\"widget\" data-widget_type=\"image-box.default\">\n\t\t\t\t<div class=\"elementor-widget-container\">\n\t\t\t\t\t<div class=\"elementor-image-box-wrapper\"><figure class=\"elementor-image-box-img\"><a href=\"https:\/\/www.babcockinternational.com\/\" target=\"_blank\" tabindex=\"-1\"><img loading=\"lazy\" decoding=\"async\" width=\"397\" height=\"150\" src=\"https:\/\/www.fosa.fr\/meetingdelair\/wp-content\/uploads\/2026\/02\/Babcock_logo_news-h150.jpg\" class=\"elementor-animation-grow attachment-full size-full wp-image-42766\" alt=\"\" srcset=\"https:\/\/www.fosa.fr\/meetingdelair\/wp-content\/uploads\/2026\/02\/Babcock_logo_news-h150.jpg 397w, https:\/\/www.fosa.fr\/meetingdelair\/wp-content\/uploads\/2026\/02\/Babcock_logo_news-h150-300x113.jpg 300w\" sizes=\"(max-width: 397px) 100vw, 397px\" \/><\/a><\/figure><div class=\"elementor-image-box-content\"><h5 class=\"elementor-image-box-title\"><a href=\"https:\/\/www.babcockinternational.com\/\" target=\"_blank\">Babcock<\/a><\/h5><p class=\"elementor-image-box-description\">Soci\u00e9t\u00e9 d\u2019ing\u00e9nierie sp\u00e9cialis\u00e9e dans le soutien aux services strat\u00e9giques des \u00e9tats, Babcock France assure l\u2019exploitation d\u2019a\u00e9ronefs, la mise \u00e0 disposition et la maintenance d\u2019\u00e9quipements, l\u2019entra\u00eenement de personnels et l\u2019ex\u00e9cution de missions critiques.<\/p><\/div><\/div>\t\t\t\t<\/div>\n\t\t\t\t<\/div>\n\t\t\t\t\t<\/div>\n\t\t<\/div>\n\t\t\t\t<div class=\"elementor-column elementor-col-33 elementor-top-column elementor-element elementor-element-1ebed350\" data-id=\"1ebed350\" data-element_type=\"column\" data-e-type=\"column\">\n\t\t\t<div class=\"elementor-widget-wrap elementor-element-populated\">\n\t\t\t\t\t\t<div class=\"elementor-element elementor-element-8d3d585 elementor-position-top elementor-widget elementor-widget-image-box\" data-id=\"8d3d585\" data-element_type=\"widget\" data-e-type=\"widget\" data-widget_type=\"image-box.default\">\n\t\t\t\t<div class=\"elementor-widget-container\">\n\t\t\t\t\t<div class=\"elementor-image-box-wrapper\"><figure class=\"elementor-image-box-img\"><a href=\"https:\/\/www.casden.fr\/\" target=\"_blank\" tabindex=\"-1\"><img loading=\"lazy\" decoding=\"async\" width=\"700\" height=\"220\" src=\"https:\/\/www.fosa.fr\/meetingdelair\/wp-content\/uploads\/2025\/01\/Logo_Casden_2010.svg.png\" class=\"elementor-animation-grow attachment-full size-full wp-image-39306\" alt=\"\" srcset=\"https:\/\/www.fosa.fr\/meetingdelair\/wp-content\/uploads\/2025\/01\/Logo_Casden_2010.svg.png 700w, https:\/\/www.fosa.fr\/meetingdelair\/wp-content\/uploads\/2025\/01\/Logo_Casden_2010.svg-300x94.png 300w\" sizes=\"(max-width: 700px) 100vw, 700px\" \/><\/a><\/figure><div class=\"elementor-image-box-content\"><h5 class=\"elementor-image-box-title\"><a href=\"https:\/\/www.casden.fr\/\" target=\"_blank\">CASDEN<\/a><\/h5><p class=\"elementor-image-box-description\">La CASDEN (\u00e0 l'origine, acronyme de la Caisse d'aide sociale de l'\u00c9ducation nationale) est la banque coop\u00e9rative de toute la fonction publique, cr\u00e9\u00e9e en 1951. Banque coop\u00e9rative \u00e0 dimension nationale, elle fait partie du r\u00e9seau des Banques populaires et du Groupe BPCE.<\/p><\/div><\/div>\t\t\t\t<\/div>\n\t\t\t\t<\/div>\n\t\t\t\t\t<\/div>\n\t\t<\/div>\n\t\t\t\t\t<\/div>\n\t\t<\/section>\n\t\t\t\t<section class=\"elementor-section elementor-top-section elementor-element elementor-element-7ef607d5 elementor-section-boxed elementor-section-height-default elementor-section-height-default elementor-invisible\" data-id=\"7ef607d5\" data-element_type=\"section\" data-e-type=\"section\" data-settings=\"{&quot;background_background&quot;:&quot;classic&quot;,&quot;animation&quot;:&quot;fadeInLeft&quot;}\">\n\t\t\t\t\t\t<div class=\"elementor-container elementor-column-gap-default\">\n\t\t\t\t\t<div class=\"elementor-column elementor-col-33 elementor-top-column elementor-element elementor-element-1538b607\" data-id=\"1538b607\" data-element_type=\"column\" data-e-type=\"column\">\n\t\t\t<div class=\"elementor-widget-wrap elementor-element-populated\">\n\t\t\t\t\t\t<div class=\"elementor-element elementor-element-4c464d1b elementor-position-top elementor-widget elementor-widget-image-box\" data-id=\"4c464d1b\" data-element_type=\"widget\" data-e-type=\"widget\" data-widget_type=\"image-box.default\">\n\t\t\t\t<div class=\"elementor-widget-container\">\n\t\t\t\t\t<div class=\"elementor-image-box-wrapper\"><figure class=\"elementor-image-box-img\"><a href=\"https:\/\/www.cae.com\/fr\/\" target=\"_blank\" tabindex=\"-1\"><img loading=\"lazy\" decoding=\"async\" width=\"323\" height=\"150\" src=\"https:\/\/www.fosa.fr\/meetingdelair\/wp-content\/uploads\/2026\/02\/Logo-CAE-v3.jpg\" class=\"elementor-animation-grow attachment-medium_large size-medium_large wp-image-42738\" alt=\"\" srcset=\"https:\/\/www.fosa.fr\/meetingdelair\/wp-content\/uploads\/2026\/02\/Logo-CAE-v3.jpg 323w, https:\/\/www.fosa.fr\/meetingdelair\/wp-content\/uploads\/2026\/02\/Logo-CAE-v3-300x139.jpg 300w\" sizes=\"(max-width: 323px) 100vw, 323px\" \/><\/a><\/figure><div class=\"elementor-image-box-content\"><h5 class=\"elementor-image-box-title\"><a href=\"https:\/\/www.cae.com\/fr\/\" target=\"_blank\">Canadian Aviation Electronics <\/a><\/h5><p class=\"elementor-image-box-description\">CAE est une entreprise de technologie, rapprochant les mondes num\u00e9rique et physique pour cr\u00e9er un monde plus s\u00e9curitaire. Sa mission est d\u2019offrir des solutions de pointe en mati\u00e8re de formation, de simulation et de soutien aux op\u00e9rations critiques afin de pr\u00e9parer les professionnels de l\u2019aviation et les forces de d\u00e9fense pour les moments qui comptent le plus.<\/p><\/div><\/div>\t\t\t\t<\/div>\n\t\t\t\t<\/div>\n\t\t\t\t\t<\/div>\n\t\t<\/div>\n\t\t\t\t<div class=\"elementor-column elementor-col-33 elementor-top-column elementor-element elementor-element-f102338\" data-id=\"f102338\" data-element_type=\"column\" data-e-type=\"column\">\n\t\t\t<div class=\"elementor-widget-wrap elementor-element-populated\">\n\t\t\t\t\t\t<div class=\"elementor-element elementor-element-626917c elementor-position-top elementor-widget elementor-widget-image-box\" data-id=\"626917c\" data-element_type=\"widget\" data-e-type=\"widget\" data-widget_type=\"image-box.default\">\n\t\t\t\t<div class=\"elementor-widget-container\">\n\t\t\t\t\t<div class=\"elementor-image-box-wrapper\"><figure class=\"elementor-image-box-img\"><a href=\"https:\/\/www.credit-agricole.fr\/ca-charente-perigord\/particulier.html\" target=\"_blank\" tabindex=\"-1\"><img loading=\"lazy\" decoding=\"async\" width=\"319\" height=\"150\" src=\"https:\/\/www.fosa.fr\/meetingdelair\/wp-content\/uploads\/2026\/02\/Logo-Credit-Agricole-Charente_Perigordh150.jpg\" class=\"elementor-animation-grow attachment-full size-full wp-image-42739\" alt=\"\" srcset=\"https:\/\/www.fosa.fr\/meetingdelair\/wp-content\/uploads\/2026\/02\/Logo-Credit-Agricole-Charente_Perigordh150.jpg 319w, https:\/\/www.fosa.fr\/meetingdelair\/wp-content\/uploads\/2026\/02\/Logo-Credit-Agricole-Charente_Perigordh150-300x141.jpg 300w\" sizes=\"(max-width: 319px) 100vw, 319px\" \/><\/a><\/figure><div class=\"elementor-image-box-content\"><h5 class=\"elementor-image-box-title\"><a href=\"https:\/\/www.credit-agricole.fr\/ca-charente-perigord\/particulier.html\" target=\"_blank\">Cr\u00e9dit Agricole Charente P\u00e9rigord<\/a><\/h5><p class=\"elementor-image-box-description\">\nLe Cr\u00e9dit Agricole Charente-P\u00e9rigord accompagne les projets de ses 441 056 clients tout en \u00e9tant le moteur du d\u00e9veloppement \u00e9conomique de ses territoires.<\/p><\/div><\/div>\t\t\t\t<\/div>\n\t\t\t\t<\/div>\n\t\t\t\t\t<\/div>\n\t\t<\/div>\n\t\t\t\t<div class=\"elementor-column elementor-col-33 elementor-top-column elementor-element elementor-element-7df467a\" data-id=\"7df467a\" data-element_type=\"column\" data-e-type=\"column\">\n\t\t\t<div class=\"elementor-widget-wrap elementor-element-populated\">\n\t\t\t\t\t\t<div class=\"elementor-element elementor-element-3b605847 elementor-position-top elementor-widget elementor-widget-image-box\" data-id=\"3b605847\" data-element_type=\"widget\" data-e-type=\"widget\" data-widget_type=\"image-box.default\">\n\t\t\t\t<div class=\"elementor-widget-container\">\n\t\t\t\t\t<div class=\"elementor-image-box-wrapper\"><figure class=\"elementor-image-box-img\"><a href=\"https:\/\/www.dassault-aviation.com\/fr\/\" target=\"_blank\" tabindex=\"-1\"><img loading=\"lazy\" decoding=\"async\" width=\"567\" height=\"158\" src=\"https:\/\/www.fosa.fr\/meetingdelair\/wp-content\/uploads\/2025\/01\/Logo_Dassault_Aviation_2020.svg\" class=\"elementor-animation-grow attachment-medium_large size-medium_large wp-image-39307\" alt=\"\" \/><\/a><\/figure><div class=\"elementor-image-box-content\"><h5 class=\"elementor-image-box-title\"><a href=\"https:\/\/www.dassault-aviation.com\/fr\/\" target=\"_blank\">Dassault Aviation<\/a><\/h5><p class=\"elementor-image-box-description\">Le groupe Dassault Aviation est le constructeur a\u00e9ronautique fran\u00e7ais fond\u00e9 en 1929. C'est une entreprise multinationale qui emploie 12 371 personnes, dont 9 700 en France avec une flotte recensant plus de 2 100 avions d'affaires Falcon en service et plus de 1 000 avions de combat en service dans 90 pays.<\/p><\/div><\/div>\t\t\t\t<\/div>\n\t\t\t\t<\/div>\n\t\t\t\t\t<\/div>\n\t\t<\/div>\n\t\t\t\t\t<\/div>\n\t\t<\/section>\n\t\t\t\t<section class=\"elementor-section elementor-top-section elementor-element elementor-element-7087db60 elementor-section-boxed elementor-section-height-default elementor-section-height-default elementor-invisible\" data-id=\"7087db60\" data-element_type=\"section\" data-e-type=\"section\" data-settings=\"{&quot;background_background&quot;:&quot;classic&quot;,&quot;animation&quot;:&quot;fadeInRight&quot;}\">\n\t\t\t\t\t\t<div class=\"elementor-container elementor-column-gap-default\">\n\t\t\t\t\t<div class=\"elementor-column elementor-col-33 elementor-top-column elementor-element elementor-element-61f06e78\" data-id=\"61f06e78\" data-element_type=\"column\" data-e-type=\"column\">\n\t\t\t<div class=\"elementor-widget-wrap elementor-element-populated\">\n\t\t\t\t\t\t<div class=\"elementor-element elementor-element-55ae6cc7 elementor-position-top elementor-widget elementor-widget-image-box\" data-id=\"55ae6cc7\" data-element_type=\"widget\" data-e-type=\"widget\" data-widget_type=\"image-box.default\">\n\t\t\t\t<div class=\"elementor-widget-container\">\n\t\t\t\t\t<div class=\"elementor-image-box-wrapper\"><figure class=\"elementor-image-box-img\"><a href=\"https:\/\/www.economat-armees.com\/\" target=\"_blank\" tabindex=\"-1\"><img loading=\"lazy\" decoding=\"async\" width=\"107\" height=\"120\" src=\"https:\/\/www.fosa.fr\/meetingdelair\/wp-content\/uploads\/2025\/02\/EconomatDesArmees_Logo.jpg\" class=\"elementor-animation-grow attachment-medium_large size-medium_large wp-image-39588\" alt=\"\" \/><\/a><\/figure><div class=\"elementor-image-box-content\"><h5 class=\"elementor-image-box-title\"><a href=\"https:\/\/www.economat-armees.com\/\" target=\"_blank\">Economat des Arm\u00e9es (EdA)<\/a><\/h5><p class=\"elementor-image-box-description\">L'Economat des Arm\u00e9es (EdA), est un \u00e9tablissement public \u00e0 caract\u00e8re industriel et commercial. L'EdA est une centrale d\u2019achat et un prestataire de services d\u00e9di\u00e9 au soutien logistique et la fourniture de services, de denr\u00e9es et de marchandises diverses des formations militaires en France et \u00e0 l\u2019\u00e9tranger.<\/p><\/div><\/div>\t\t\t\t<\/div>\n\t\t\t\t<\/div>\n\t\t\t\t\t<\/div>\n\t\t<\/div>\n\t\t\t\t<div class=\"elementor-column elementor-col-33 elementor-top-column elementor-element elementor-element-60053fcd\" data-id=\"60053fcd\" data-element_type=\"column\" data-e-type=\"column\">\n\t\t\t<div class=\"elementor-widget-wrap elementor-element-populated\">\n\t\t\t\t\t\t<div class=\"elementor-element elementor-element-764cc81 elementor-position-top elementor-widget elementor-widget-image-box\" data-id=\"764cc81\" data-element_type=\"widget\" data-e-type=\"widget\" data-widget_type=\"image-box.default\">\n\t\t\t\t<div class=\"elementor-widget-container\">\n\t\t\t\t\t<div class=\"elementor-image-box-wrapper\"><figure class=\"elementor-image-box-img\"><a href=\"https:\/\/www.groupebrigadeandco.fr\/events-by-nicolas-traiteur\/\" target=\"_blank\" tabindex=\"-1\"><img loading=\"lazy\" decoding=\"async\" width=\"150\" height=\"150\" src=\"https:\/\/www.fosa.fr\/meetingdelair\/wp-content\/uploads\/2026\/02\/logo-Traiteur-Nicolas-h150.jpg\" class=\"elementor-animation-grow attachment-medium_large size-medium_large wp-image-42723\" alt=\"\" \/><\/a><\/figure><div class=\"elementor-image-box-content\"><h5 class=\"elementor-image-box-title\"><a href=\"https:\/\/www.groupebrigadeandco.fr\/events-by-nicolas-traiteur\/\" target=\"_blank\">Events by Nicolas Traiteur<\/a><\/h5><p class=\"elementor-image-box-description\">Fond\u00e9 en 2009, Events by Nicolas Traiteur propose un service de traiteur sp\u00e9cialis\u00e9 dans la gastronomie fran\u00e7aise, tout en s'inspirant des cuisines du monde pour cr\u00e9er des menus uniques et sur mesure.\n<\/p><\/div><\/div>\t\t\t\t<\/div>\n\t\t\t\t<\/div>\n\t\t\t\t\t<\/div>\n\t\t<\/div>\n\t\t\t\t<div class=\"elementor-column elementor-col-33 elementor-top-column elementor-element elementor-element-653336ce\" data-id=\"653336ce\" data-element_type=\"column\" data-e-type=\"column\">\n\t\t\t<div class=\"elementor-widget-wrap elementor-element-populated\">\n\t\t\t\t\t\t<div class=\"elementor-element elementor-element-5da50a80 elementor-position-top elementor-widget elementor-widget-image-box\" data-id=\"5da50a80\" data-element_type=\"widget\" data-e-type=\"widget\" data-widget_type=\"image-box.default\">\n\t\t\t\t<div class=\"elementor-widget-container\">\n\t\t\t\t\t<div class=\"elementor-image-box-wrapper\"><figure class=\"elementor-image-box-img\"><a href=\"https:\/\/www.gmf.fr\/\" target=\"_blank\" tabindex=\"-1\"><img loading=\"lazy\" decoding=\"async\" width=\"500\" height=\"300\" src=\"https:\/\/www.fosa.fr\/meetingdelair\/wp-content\/uploads\/2025\/02\/GMF.jpg\" class=\"elementor-animation-grow attachment-medium_large size-medium_large wp-image-39591\" alt=\"\" srcset=\"https:\/\/www.fosa.fr\/meetingdelair\/wp-content\/uploads\/2025\/02\/GMF.jpg 500w, https:\/\/www.fosa.fr\/meetingdelair\/wp-content\/uploads\/2025\/02\/GMF-300x180.jpg 300w\" sizes=\"(max-width: 500px) 100vw, 500px\" \/><\/a><\/figure><div class=\"elementor-image-box-content\"><h5 class=\"elementor-image-box-title\"><a href=\"https:\/\/www.gmf.fr\/\" target=\"_blank\">GMF<\/a><\/h5><p class=\"elementor-image-box-description\">La Garantie mutuelle des fonctionnaires, connue du grand public sous le sigle GMF, est une entreprise fran\u00e7aise du secteur de l'assurance, plus exactement une mutuelle sans interm\u00e9diaire. Fond\u00e9e en 1934 comme compagnie d'assurance automobile pour les fonctionnaires, elle a \u00e9largi sa client\u00e8le et ses produits \u00e0 partir des ann\u00e9es 1970 : assurance-vie, assurance habitation, assurance sant\u00e9 ou encore protection juridique. <\/p><\/div><\/div>\t\t\t\t<\/div>\n\t\t\t\t<\/div>\n\t\t\t\t\t<\/div>\n\t\t<\/div>\n\t\t\t\t\t<\/div>\n\t\t<\/section>\n\t\t\t\t<section class=\"elementor-section elementor-top-section elementor-element elementor-element-708dcf25 elementor-section-boxed elementor-section-height-default elementor-section-height-default elementor-invisible\" data-id=\"708dcf25\" data-element_type=\"section\" data-e-type=\"section\" data-settings=\"{&quot;background_background&quot;:&quot;classic&quot;,&quot;animation&quot;:&quot;fadeInLeft&quot;}\">\n\t\t\t\t\t\t<div class=\"elementor-container elementor-column-gap-default\">\n\t\t\t\t\t<div class=\"elementor-column elementor-col-33 elementor-top-column elementor-element elementor-element-6f30a0d1\" data-id=\"6f30a0d1\" data-element_type=\"column\" data-e-type=\"column\">\n\t\t\t<div class=\"elementor-widget-wrap elementor-element-populated\">\n\t\t\t\t\t\t<div class=\"elementor-element elementor-element-37e26ad elementor-position-top elementor-widget elementor-widget-image-box\" data-id=\"37e26ad\" data-element_type=\"widget\" data-e-type=\"widget\" data-widget_type=\"image-box.default\">\n\t\t\t\t<div class=\"elementor-widget-container\">\n\t\t\t\t\t<div class=\"elementor-image-box-wrapper\"><figure class=\"elementor-image-box-img\"><a href=\"https:\/\/www.ici.fr\/radio\/la-rochelle\" target=\"_blank\" tabindex=\"-1\"><img loading=\"lazy\" decoding=\"async\" width=\"768\" height=\"551\" src=\"https:\/\/www.fosa.fr\/meetingdelair\/wp-content\/uploads\/2026\/04\/ICI_La_Rochelle_Vertical_CMJN_Couleur-768x551.png\" class=\"elementor-animation-grow attachment-medium_large size-medium_large wp-image-43511\" alt=\"\" srcset=\"https:\/\/www.fosa.fr\/meetingdelair\/wp-content\/uploads\/2026\/04\/ICI_La_Rochelle_Vertical_CMJN_Couleur-768x551.png 768w, https:\/\/www.fosa.fr\/meetingdelair\/wp-content\/uploads\/2026\/04\/ICI_La_Rochelle_Vertical_CMJN_Couleur-300x215.png 300w, https:\/\/www.fosa.fr\/meetingdelair\/wp-content\/uploads\/2026\/04\/ICI_La_Rochelle_Vertical_CMJN_Couleur-1024x734.png 1024w, https:\/\/www.fosa.fr\/meetingdelair\/wp-content\/uploads\/2026\/04\/ICI_La_Rochelle_Vertical_CMJN_Couleur-1536x1101.png 1536w, https:\/\/www.fosa.fr\/meetingdelair\/wp-content\/uploads\/2026\/04\/ICI_La_Rochelle_Vertical_CMJN_Couleur-2048x1468.png 2048w\" sizes=\"(max-width: 768px) 100vw, 768px\" \/><\/a><\/figure><div class=\"elementor-image-box-content\"><h5 class=\"elementor-image-box-title\"><a href=\"https:\/\/www.ici.fr\/radio\/la-rochelle\" target=\"_blank\">ici La Rochelle<\/a><\/h5><p class=\"elementor-image-box-description\">ici La Rochelle, anciennement France Bleu La Rochelle, est l'une des 45 stations de radio g\u00e9n\u00e9ralistes du r\u00e9seau ici de Radio France. Elle dessert les d\u00e9partements de la Charente-Maritime et de la Charente et peut \u00e9galement \u00eatre re\u00e7ue dans le nord du M\u00e9doc, dans une partie du Blayais et le sud de la Vend\u00e9e.<\/p><\/div><\/div>\t\t\t\t<\/div>\n\t\t\t\t<\/div>\n\t\t\t\t\t<\/div>\n\t\t<\/div>\n\t\t\t\t<div class=\"elementor-column elementor-col-33 elementor-top-column elementor-element elementor-element-494c9573\" data-id=\"494c9573\" data-element_type=\"column\" data-e-type=\"column\">\n\t\t\t<div class=\"elementor-widget-wrap elementor-element-populated\">\n\t\t\t\t\t\t<div class=\"elementor-element elementor-element-b861a32 elementor-position-top elementor-widget elementor-widget-image-box\" data-id=\"b861a32\" data-element_type=\"widget\" data-e-type=\"widget\" data-widget_type=\"image-box.default\">\n\t\t\t\t<div class=\"elementor-widget-container\">\n\t\t\t\t\t<div class=\"elementor-image-box-wrapper\"><figure class=\"elementor-image-box-img\"><a href=\"https:\/\/www.defense.gouv.fr\/\" target=\"_blank\" tabindex=\"-1\"><img loading=\"lazy\" decoding=\"async\" width=\"163\" height=\"150\" src=\"https:\/\/www.fosa.fr\/meetingdelair\/wp-content\/uploads\/2026\/01\/Ministere_des_Armees_et_des_Anciens_Combattantsh150pix.png\" class=\"elementor-animation-grow attachment-medium_large size-medium_large wp-image-41988\" alt=\"\" \/><\/a><\/figure><div class=\"elementor-image-box-content\"><h5 class=\"elementor-image-box-title\"><a href=\"https:\/\/www.defense.gouv.fr\/\" target=\"_blank\">Minist\u00e8re des Arm\u00e9es et des Anciens Combattants<\/a><\/h5><p class=\"elementor-image-box-description\">Le ministre des Arm\u00e9es et des Anciens Combattants est responsable de la pr\u00e9paration et de la mise en \u0153uvre de la politique de d\u00e9fense. Il est en particulier charg\u00e9 de l\u2019infrastructure militaire comme de l\u2019organisation, de la gestion, de la mise en condition d\u2019emploi et de la mobilisation des Forces arm\u00e9es, \u00e0 l\u2019exception des missions judiciaires et civiles de la Gendarmerie nationale.<\/p><\/div><\/div>\t\t\t\t<\/div>\n\t\t\t\t<\/div>\n\t\t\t\t\t<\/div>\n\t\t<\/div>\n\t\t\t\t<div class=\"elementor-column elementor-col-33 elementor-top-column elementor-element elementor-element-4ca585c3\" data-id=\"4ca585c3\" data-element_type=\"column\" data-e-type=\"column\">\n\t\t\t<div class=\"elementor-widget-wrap elementor-element-populated\">\n\t\t\t\t\t\t<div class=\"elementor-element elementor-element-7edd10e2 elementor-position-top elementor-widget elementor-widget-image-box\" data-id=\"7edd10e2\" data-element_type=\"widget\" data-e-type=\"widget\" data-widget_type=\"image-box.default\">\n\t\t\t\t<div class=\"elementor-widget-container\">\n\t\t\t\t\t<div class=\"elementor-image-box-wrapper\"><figure class=\"elementor-image-box-img\"><a href=\"https:\/\/www.solidarm.fr\/\" target=\"_blank\" tabindex=\"-1\"><img loading=\"lazy\" decoding=\"async\" width=\"410\" height=\"138\" src=\"https:\/\/www.fosa.fr\/meetingdelair\/wp-content\/uploads\/2025\/01\/logo-solidarm.svg\" class=\"elementor-animation-grow attachment-full size-full wp-image-39077\" alt=\"\" \/><\/a><\/figure><div class=\"elementor-image-box-content\"><h5 class=\"elementor-image-box-title\"><a href=\"https:\/\/www.solidarm.fr\/\" target=\"_blank\">Solidarm<\/a><\/h5><p class=\"elementor-image-box-description\">Nouveau pilier de la solidarit\u00e9 militaire, Solidarm entend apporter un accompagnement social de tr\u00e8s haut niveau \u00e0 tous les membres de la communaut\u00e9 d\u00e9fense. Et ce, tout au long de leur vie, chaque fois qu\u2019ils vivent une situation particuli\u00e8re, rencontrent une difficult\u00e9 ou traversent une \u00e9preuve.<\/p><\/div><\/div>\t\t\t\t<\/div>\n\t\t\t\t<\/div>\n\t\t\t\t\t<\/div>\n\t\t<\/div>\n\t\t\t\t\t<\/div>\n\t\t<\/section>\n\t\t\t\t<section class=\"elementor-section elementor-top-section elementor-element elementor-element-78b0e2ec elementor-section-boxed elementor-section-height-default elementor-section-height-default elementor-invisible\" data-id=\"78b0e2ec\" data-element_type=\"section\" data-e-type=\"section\" data-settings=\"{&quot;background_background&quot;:&quot;classic&quot;,&quot;animation&quot;:&quot;fadeInRight&quot;}\">\n\t\t\t\t\t\t<div class=\"elementor-container elementor-column-gap-default\">\n\t\t\t\t\t<div class=\"elementor-column elementor-col-33 elementor-top-column elementor-element elementor-element-22bca4c8\" data-id=\"22bca4c8\" data-element_type=\"column\" data-e-type=\"column\">\n\t\t\t<div class=\"elementor-widget-wrap elementor-element-populated\">\n\t\t\t\t\t\t<div class=\"elementor-element elementor-element-64f9be39 elementor-position-top elementor-widget elementor-widget-image-box\" data-id=\"64f9be39\" data-element_type=\"widget\" data-e-type=\"widget\" data-widget_type=\"image-box.default\">\n\t\t\t\t<div class=\"elementor-widget-container\">\n\t\t\t\t\t<div class=\"elementor-image-box-wrapper\"><figure class=\"elementor-image-box-img\"><img loading=\"lazy\" decoding=\"async\" width=\"250\" height=\"150\" src=\"https:\/\/www.fosa.fr\/meetingdelair\/wp-content\/uploads\/2026\/01\/TECNIC-AUTO-logo-2020-contoure-v2.png\" class=\"elementor-animation-grow attachment-full size-full wp-image-42530\" alt=\"\" \/><\/figure><div class=\"elementor-image-box-content\"><h5 class=\"elementor-image-box-title\">Tecnic Auto<\/h5><p class=\"elementor-image-box-description\">Tecnic Auto est un magasin de pi\u00e8ces de rechange automobiles \u00e0 Ch\u00e2teaubernard.  C'est une \u00e9quipe d'hommes et de femmes passionn\u00e9s par l'Automobile et enti\u00e8rement d\u00e9di\u00e9e \u00e0 la satisfaction des besoins en pi\u00e8ces d\u00e9tach\u00e9es automobiles et \u00e9quipement de garage.<\/p><\/div><\/div>\t\t\t\t<\/div>\n\t\t\t\t<\/div>\n\t\t\t\t\t<\/div>\n\t\t<\/div>\n\t\t\t\t<div class=\"elementor-column elementor-col-33 elementor-top-column elementor-element elementor-element-65d41f0c\" data-id=\"65d41f0c\" data-element_type=\"column\" data-e-type=\"column\">\n\t\t\t<div class=\"elementor-widget-wrap elementor-element-populated\">\n\t\t\t\t\t\t<div class=\"elementor-element elementor-element-4dbe8fc0 elementor-position-top elementor-widget elementor-widget-image-box\" data-id=\"4dbe8fc0\" data-element_type=\"widget\" data-e-type=\"widget\" data-widget_type=\"image-box.default\">\n\t\t\t\t<div class=\"elementor-widget-container\">\n\t\t\t\t\t<div class=\"elementor-image-box-wrapper\"><figure class=\"elementor-image-box-img\"><a href=\"https:\/\/www.thalesgroup.com\/fr\" target=\"_blank\" tabindex=\"-1\"><img loading=\"lazy\" decoding=\"async\" width=\"2560\" height=\"304\" src=\"https:\/\/www.fosa.fr\/meetingdelair\/wp-content\/uploads\/2025\/01\/Thales_Logo.svg.png\" class=\"elementor-animation-grow attachment-full size-full wp-image-39344\" alt=\"\" srcset=\"https:\/\/www.fosa.fr\/meetingdelair\/wp-content\/uploads\/2025\/01\/Thales_Logo.svg.png 2560w, https:\/\/www.fosa.fr\/meetingdelair\/wp-content\/uploads\/2025\/01\/Thales_Logo.svg-300x36.png 300w, https:\/\/www.fosa.fr\/meetingdelair\/wp-content\/uploads\/2025\/01\/Thales_Logo.svg-1024x122.png 1024w, https:\/\/www.fosa.fr\/meetingdelair\/wp-content\/uploads\/2025\/01\/Thales_Logo.svg-768x91.png 768w, https:\/\/www.fosa.fr\/meetingdelair\/wp-content\/uploads\/2025\/01\/Thales_Logo.svg-1536x182.png 1536w, https:\/\/www.fosa.fr\/meetingdelair\/wp-content\/uploads\/2025\/01\/Thales_Logo.svg-2048x243.png 2048w\" sizes=\"(max-width: 2560px) 100vw, 2560px\" \/><\/a><\/figure><div class=\"elementor-image-box-content\"><h5 class=\"elementor-image-box-title\"><a href=\"https:\/\/www.thalesgroup.com\/fr\" target=\"_blank\">Thal\u00e8s<\/a><\/h5><p class=\"elementor-image-box-description\">Thales est un groupe d'\u00e9lectronique sp\u00e9cialis\u00e9 dans l'a\u00e9rospatial (avionique, espace), les transports (syst\u00e8mes de transport terrestre) et la d\u00e9fense et s\u00e9curit\u00e9 (syst\u00e8mes d\u2019information et de communication s\u00e9curis\u00e9s, syst\u00e8mes terrestres et a\u00e9riens, syst\u00e8mes de mission de d\u00e9fense).<\/p><\/div><\/div>\t\t\t\t<\/div>\n\t\t\t\t<\/div>\n\t\t\t\t\t<\/div>\n\t\t<\/div>\n\t\t\t\t<div class=\"elementor-column elementor-col-33 elementor-top-column elementor-element elementor-element-3a6b8c5f\" data-id=\"3a6b8c5f\" data-element_type=\"column\" data-e-type=\"column\">\n\t\t\t<div class=\"elementor-widget-wrap elementor-element-populated\">\n\t\t\t\t\t\t<div class=\"elementor-element elementor-element-0d79902 elementor-hidden-desktop elementor-hidden-tablet elementor-hidden-mobile elementor-position-top elementor-widget elementor-widget-image-box\" data-id=\"0d79902\" data-element_type=\"widget\" data-e-type=\"widget\" data-widget_type=\"image-box.default\">\n\t\t\t\t<div class=\"elementor-widget-container\">\n\t\t\t\t\t<div class=\"elementor-image-box-wrapper\"><figure class=\"elementor-image-box-img\"><a href=\"https:\/\/www.martell.com\/fr-fr\/\" target=\"_blank\" tabindex=\"-1\"><img loading=\"lazy\" decoding=\"async\" width=\"212\" height=\"150\" src=\"https:\/\/www.fosa.fr\/meetingdelair\/wp-content\/uploads\/2026\/04\/Cognac-Martel-v2.png\" class=\"elementor-animation-grow attachment-medium_large size-medium_large wp-image-43375\" alt=\"\" \/><\/a><\/figure><div class=\"elementor-image-box-content\"><h5 class=\"elementor-image-box-title\"><a href=\"https:\/\/www.martell.com\/fr-fr\/\" target=\"_blank\">Martell Cognac<\/a><\/h5><p class=\"elementor-image-box-description\">Martell est la 3\u00e8me marque mondiale de Cognac. Ma\u00eetre de l\u2019ensemble de sa production, de la distillation \u00e0 la mise en bouteille en passant par les assemblages et le vieillissement, elle a choisi d\u2019\u00e9laborer des Cognacs issus des 4 principales appellations de la r\u00e9gion et de faire une part belle aux Borderies, 3e cru dans la hi\u00e9rarchie de Cognac, r\u00e9put\u00e9 pour son \u00e9l\u00e9gance. \n\nCe savoir-faire associ\u00e9 aux f\u00fbts de ch\u00eane de la for\u00eat du Tron\u00e7ais dans lesquels ils vieillissent de longues ann\u00e9es, donne naissance \u00e0 des Cognacs d\u2019une extr\u00eame finesse, floraux et parfum\u00e9s, pr\u00e9cieusement conserv\u00e9s dans des flacons aux lignes subtiles.<\/p><\/div><\/div>\t\t\t\t<\/div>\n\t\t\t\t<\/div>\n\t\t\t\t\t<\/div>\n\t\t<\/div>\n\t\t\t\t\t<\/div>\n\t\t<\/section>\n\t\t\t\t<section class=\"elementor-section elementor-top-section elementor-element elementor-element-2c6a70c elementor-section-boxed elementor-section-height-default elementor-section-height-default elementor-invisible\" data-id=\"2c6a70c\" data-element_type=\"section\" data-e-type=\"section\" data-settings=\"{&quot;background_background&quot;:&quot;classic&quot;,&quot;animation&quot;:&quot;fadeInRight&quot;}\">\n\t\t\t\t\t\t<div class=\"elementor-container elementor-column-gap-default\">\n\t\t\t\t\t<div class=\"elementor-column elementor-col-33 elementor-top-column elementor-element elementor-element-94815ed\" data-id=\"94815ed\" data-element_type=\"column\" data-e-type=\"column\">\n\t\t\t<div class=\"elementor-widget-wrap\">\n\t\t\t\t\t\t\t<\/div>\n\t\t<\/div>\n\t\t\t\t<div class=\"elementor-column elementor-col-33 elementor-top-column elementor-element elementor-element-394d08c\" data-id=\"394d08c\" data-element_type=\"column\" data-e-type=\"column\">\n\t\t\t<div class=\"elementor-widget-wrap\">\n\t\t\t\t\t\t\t<\/div>\n\t\t<\/div>\n\t\t\t\t<div class=\"elementor-column elementor-col-33 elementor-top-column elementor-element elementor-element-c501557\" data-id=\"c501557\" data-element_type=\"column\" data-e-type=\"column\">\n\t\t\t<div class=\"elementor-widget-wrap\">\n\t\t\t\t\t\t\t<\/div>\n\t\t<\/div>\n\t\t\t\t\t<\/div>\n\t\t<\/section>\n\t\t\t\t<section class=\"elementor-section elementor-top-section elementor-element elementor-element-629d0e8a elementor-section-boxed elementor-section-height-default elementor-section-height-default\" data-id=\"629d0e8a\" data-element_type=\"section\" data-e-type=\"section\" data-settings=\"{&quot;background_background&quot;:&quot;classic&quot;}\">\n\t\t\t\t\t\t<div class=\"elementor-container elementor-column-gap-default\">\n\t\t\t\t\t<div class=\"elementor-column elementor-col-33 elementor-top-column elementor-element elementor-element-362f333d\" data-id=\"362f333d\" data-element_type=\"column\" data-e-type=\"column\">\n\t\t\t<div class=\"elementor-widget-wrap elementor-element-populated\">\n\t\t\t\t\t\t<div class=\"elementor-element elementor-element-41e66d0d elementor-widget elementor-widget-heading\" data-id=\"41e66d0d\" data-element_type=\"widget\" data-e-type=\"widget\" data-widget_type=\"heading.default\">\n\t\t\t\t<div class=\"elementor-widget-container\">\n\t\t\t\t\t<h2 class=\"elementor-heading-title elementor-size-default\">FOSA <\/h2>\t\t\t\t<\/div>\n\t\t\t\t<\/div>\n\t\t\t\t<div class=\"elementor-element elementor-element-2280815d elementor-widget elementor-widget-image\" data-id=\"2280815d\" data-element_type=\"widget\" data-e-type=\"widget\" data-widget_type=\"image.default\">\n\t\t\t\t<div class=\"elementor-widget-container\">\n\t\t\t\t\t\t\t\t\t\t\t\t\t\t\t<img loading=\"lazy\" decoding=\"async\" width=\"100\" height=\"100\" src=\"https:\/\/www.fosa.fr\/meetingdelair\/wp-content\/uploads\/2026\/01\/Logo-FOSA-90ans-100pix.png\" class=\"attachment-large size-large wp-image-41751\" alt=\"\" \/>\t\t\t\t\t\t\t\t\t\t\t\t\t\t\t<\/div>\n\t\t\t\t<\/div>\n\t\t\t\t<div class=\"elementor-element elementor-element-66f5952f elementor-shape-circle elementor-grid-0 e-grid-align-center elementor-widget elementor-widget-social-icons\" data-id=\"66f5952f\" data-element_type=\"widget\" data-e-type=\"widget\" data-widget_type=\"social-icons.default\">\n\t\t\t\t<div class=\"elementor-widget-container\">\n\t\t\t\t\t\t\t<div class=\"elementor-social-icons-wrapper elementor-grid\" role=\"list\">\n\t\t\t\t\t\t\t<span class=\"elementor-grid-item\" role=\"listitem\">\n\t\t\t\t\t<a class=\"elementor-icon elementor-social-icon elementor-social-icon-facebook elementor-animation-grow elementor-repeater-item-ec919cf\" href=\"https:\/\/www.facebook.com\/fosasolidarite\/\" target=\"_blank\">\n\t\t\t\t\t\t<span class=\"elementor-screen-only\">Facebook<\/span>\n\t\t\t\t\t\t<i aria-hidden=\"true\" class=\"fab fa-facebook\"><\/i>\t\t\t\t\t<\/a>\n\t\t\t\t<\/span>\n\t\t\t\t\t\t\t<span class=\"elementor-grid-item\" role=\"listitem\">\n\t\t\t\t\t<a class=\"elementor-icon elementor-social-icon elementor-social-icon-instagram elementor-animation-grow elementor-repeater-item-77ef1e1\" href=\"https:\/\/www.instagram.com\/fondation_fosa\/\" target=\"_blank\">\n\t\t\t\t\t\t<span class=\"elementor-screen-only\">Instagram<\/span>\n\t\t\t\t\t\t<i aria-hidden=\"true\" class=\"fab fa-instagram\"><\/i>\t\t\t\t\t<\/a>\n\t\t\t\t<\/span>\n\t\t\t\t\t\t\t<span class=\"elementor-grid-item\" role=\"listitem\">\n\t\t\t\t\t<a class=\"elementor-icon elementor-social-icon elementor-social-icon-linkedin elementor-animation-grow elementor-repeater-item-184d205\" href=\"https:\/\/www.linkedin.com\/in\/fondation-fosa-8b42a81b5\/\" target=\"_blank\">\n\t\t\t\t\t\t<span class=\"elementor-screen-only\">Linkedin<\/span>\n\t\t\t\t\t\t<i aria-hidden=\"true\" class=\"fab fa-linkedin\"><\/i>\t\t\t\t\t<\/a>\n\t\t\t\t<\/span>\n\t\t\t\t\t\t\t<span class=\"elementor-grid-item\" role=\"listitem\">\n\t\t\t\t\t<a class=\"elementor-icon elementor-social-icon elementor-social-icon-youtube elementor-animation-grow elementor-repeater-item-e1d529f\" href=\"https:\/\/www.youtube.com\/@FOSAofficiel\" target=\"_blank\">\n\t\t\t\t\t\t<span class=\"elementor-screen-only\">Youtube<\/span>\n\t\t\t\t\t\t<i aria-hidden=\"true\" class=\"fab fa-youtube\"><\/i>\t\t\t\t\t<\/a>\n\t\t\t\t<\/span>\n\t\t\t\t\t<\/div>\n\t\t\t\t\t\t<\/div>\n\t\t\t\t<\/div>\n\t\t\t\t\t<\/div>\n\t\t<\/div>\n\t\t\t\t<div class=\"elementor-column elementor-col-33 elementor-top-column elementor-element elementor-element-dc94eb6\" data-id=\"dc94eb6\" data-element_type=\"column\" data-e-type=\"column\">\n\t\t\t<div class=\"elementor-widget-wrap elementor-element-populated\">\n\t\t\t\t\t\t<div class=\"elementor-element elementor-element-70572b27 elementor-widget elementor-widget-heading\" data-id=\"70572b27\" data-element_type=\"widget\" data-e-type=\"widget\" data-widget_type=\"heading.default\">\n\t\t\t\t<div class=\"elementor-widget-container\">\n\t\t\t\t\t<h2 class=\"elementor-heading-title elementor-size-default\">\u00a92026 Fondation des \u0152uvres Sociales de l'Air \/ Arm\u00e9e de l'Air et de l'Espace -Tous droits r\u00e9serv\u00e9<\/h2>\t\t\t\t<\/div>\n\t\t\t\t<\/div>\n\t\t\t\t<div class=\"elementor-element elementor-element-106dd951 elementor-widget elementor-widget-heading\" data-id=\"106dd951\" data-element_type=\"widget\" data-e-type=\"widget\" data-widget_type=\"heading.default\">\n\t\t\t\t<div class=\"elementor-widget-container\">\n\t\t\t\t\t<h2 class=\"elementor-heading-title elementor-size-default\">Cr\u00e9dits photos \u00a9 2026 SIRPA Air et Espace - Arm\u00e9e de l'Air et de l'Espace - \/ Concours Photos Spotters - Fondation des \u0152uvres Sociales de l'Air \/Tous droits r\u00e9serv\u00e9s<\/h2>\t\t\t\t<\/div>\n\t\t\t\t<\/div>\n\t\t\t\t<div class=\"elementor-element elementor-element-78beafd3 elementor-align-center elementor-widget elementor-widget-button\" data-id=\"78beafd3\" data-element_type=\"widget\" data-e-type=\"widget\" data-widget_type=\"button.default\">\n\t\t\t\t<div class=\"elementor-widget-container\">\n\t\t\t\t\t\t\t\t\t<div class=\"elementor-button-wrapper\">\n\t\t\t\t\t<a class=\"elementor-button elementor-button-link elementor-size-sm elementor-animation-grow\" href=\"https:\/\/www.fosa.fr\/meetingdelair\/mentions-legales\/\">\n\t\t\t\t\t\t<span class=\"elementor-button-content-wrapper\">\n\t\t\t\t\t\t\t\t\t<span class=\"elementor-button-text\">Mentions L\u00e9gales<\/span>\n\t\t\t\t\t<\/span>\n\t\t\t\t\t<\/a>\n\t\t\t\t<\/div>\n\t\t\t\t\t\t\t\t<\/div>\n\t\t\t\t<\/div>\n\t\t\t\t\t<\/div>\n\t\t<\/div>\n\t\t\t\t<div class=\"elementor-column elementor-col-33 elementor-top-column elementor-element elementor-element-4da85024\" data-id=\"4da85024\" data-element_type=\"column\" data-e-type=\"column\" data-settings=\"{&quot;background_background&quot;:&quot;classic&quot;}\">\n\t\t\t<div class=\"elementor-widget-wrap elementor-element-populated\">\n\t\t\t\t\t\t<div class=\"elementor-element elementor-element-6ab5d185 elementor-widget elementor-widget-heading\" data-id=\"6ab5d185\" data-element_type=\"widget\" data-e-type=\"widget\" data-widget_type=\"heading.default\">\n\t\t\t\t<div class=\"elementor-widget-container\">\n\t\t\t\t\t<h2 class=\"elementor-heading-title elementor-size-default\">BA 709 Cognac-Ch\u00e2teaubernard<\/h2>\t\t\t\t<\/div>\n\t\t\t\t<\/div>\n\t\t\t\t<div class=\"elementor-element elementor-element-47abdde3 elementor-widget elementor-widget-image\" data-id=\"47abdde3\" data-element_type=\"widget\" data-e-type=\"widget\" data-widget_type=\"image.default\">\n\t\t\t\t<div class=\"elementor-widget-container\">\n\t\t\t\t\t\t\t\t\t\t\t\t\t\t\t<img loading=\"lazy\" decoding=\"async\" width=\"88\" height=\"100\" src=\"https:\/\/www.fosa.fr\/meetingdelair\/wp-content\/uploads\/2026\/01\/BA-709-h100pix.png\" class=\"attachment-large size-large wp-image-41781\" alt=\"\" \/>\t\t\t\t\t\t\t\t\t\t\t\t\t\t\t<\/div>\n\t\t\t\t<\/div>\n\t\t\t\t<div class=\"elementor-element elementor-element-fd00c48 elementor-shape-circle elementor-grid-0 e-grid-align-center elementor-widget elementor-widget-social-icons\" data-id=\"fd00c48\" data-element_type=\"widget\" data-e-type=\"widget\" data-widget_type=\"social-icons.default\">\n\t\t\t\t<div class=\"elementor-widget-container\">\n\t\t\t\t\t\t\t<div class=\"elementor-social-icons-wrapper elementor-grid\" role=\"list\">\n\t\t\t\t\t\t\t<span class=\"elementor-grid-item\" role=\"listitem\">\n\t\t\t\t\t<a class=\"elementor-icon elementor-social-icon elementor-social-icon-facebook elementor-animation-grow elementor-repeater-item-ec919cf\" href=\"https:\/\/www.facebook.com\/baseaerienne709Cognac\" target=\"_blank\">\n\t\t\t\t\t\t<span class=\"elementor-screen-only\">Facebook<\/span>\n\t\t\t\t\t\t<i aria-hidden=\"true\" class=\"fab fa-facebook\"><\/i>\t\t\t\t\t<\/a>\n\t\t\t\t<\/span>\n\t\t\t\t\t\t\t<span class=\"elementor-grid-item\" role=\"listitem\">\n\t\t\t\t\t<a class=\"elementor-icon elementor-social-icon elementor-social-icon-instagram elementor-animation-grow elementor-repeater-item-77ef1e1\" href=\"https:\/\/www.instagram.com\/ba709_cognac\/\" target=\"_blank\">\n\t\t\t\t\t\t<span class=\"elementor-screen-only\">Instagram<\/span>\n\t\t\t\t\t\t<i aria-hidden=\"true\" class=\"fab fa-instagram\"><\/i>\t\t\t\t\t<\/a>\n\t\t\t\t<\/span>\n\t\t\t\t\t\t\t<span class=\"elementor-grid-item\" role=\"listitem\">\n\t\t\t\t\t<a class=\"elementor-icon elementor-social-icon elementor-social-icon-linkedin elementor-animation-grow elementor-repeater-item-b907fc7\" href=\"https:\/\/www.linkedin.com\/company\/base-a%C3%A9rienne-709-cognac-ch%C3%A2teaubernard\" target=\"_blank\">\n\t\t\t\t\t\t<span class=\"elementor-screen-only\">Linkedin<\/span>\n\t\t\t\t\t\t<i aria-hidden=\"true\" class=\"fab fa-linkedin\"><\/i>\t\t\t\t\t<\/a>\n\t\t\t\t<\/span>\n\t\t\t\t\t<\/div>\n\t\t\t\t\t\t<\/div>\n\t\t\t\t<\/div>\n\t\t\t\t\t<\/div>\n\t\t<\/div>\n\t\t\t\t\t<\/div>\n\t\t<\/section>\n\t\t\t\t<\/div>\n\t\t","protected":false},"excerpt":{"rendered":"<p>30 &amp; 31 MAI 2026 Organis\u00e9 par la Fondation des \u0152uvres Sociales de l&#8217;Air ESPACE SPOTTERS Les Partenaires du Meeting de Cognac-Ch\u00e2teaubernard AGPM Cr\u00e9\u00e9e en 1951, l\u2019AGPM accompagne celles et ceux qui prennent des risques pour prot\u00e9ger les autres. Historiquement &hellip; <a class=\"kt-excerpt-readmore\" href=\"https:\/\/www.fosa.fr\/meetingdelair\/les-partenaires\/\" aria-label=\"Les partenaires\">Lire la suite<\/a><\/p>\n","protected":false},"author":1,"featured_media":42926,"parent":0,"menu_order":124,"comment_status":"closed","ping_status":"closed","template":"elementor_canvas","meta":{"footnotes":""},"coauthors":[19],"class_list":["post-39701","page","type-page","status-publish","has-post-thumbnail","hentry"],"yoast_head":"<!-- This site is optimized with the Yoast SEO plugin v27.5 - https:\/\/yoast.com\/product\/yoast-seo-wordpress\/ -->\n<title>Les partenaires - Meeting de l&#039;Air de la FOSA<\/title>\n<meta name=\"description\" content=\"Meeting de l&#039;Air de Cognac-Ch\u00e2teaubernard -30 et 31 Mai 2026 - Organis\u00e9 par la Fondation des \u0152uvres Sociales de l&#039;Air (FOSA)\" \/>\n<meta name=\"robots\" content=\"index, follow, max-snippet:-1, max-image-preview:large, max-video-preview:-1\" \/>\n<link rel=\"canonical\" href=\"https:\/\/www.fosa.fr\/meetingdelair\/les-partenaires\/\" \/>\n<meta property=\"og:locale\" content=\"fr_FR\" \/>\n<meta property=\"og:type\" content=\"article\" \/>\n<meta property=\"og:title\" content=\"Les partenaires - Meeting de l&#039;Air de la FOSA\" \/>\n<meta property=\"og:description\" content=\"Meeting de l&#039;Air de Cognac-Ch\u00e2teaubernard -30 et 31 Mai 2026 - Organis\u00e9 par la Fondation des \u0152uvres Sociales de l&#039;Air (FOSA)\" \/>\n<meta property=\"og:url\" content=\"https:\/\/www.fosa.fr\/meetingdelair\/les-partenaires\/\" \/>\n<meta property=\"og:site_name\" content=\"Meeting de l&#039;Air de la FOSA\" \/>\n<meta property=\"article:modified_time\" content=\"2026-04-28T07:45:08+00:00\" \/>\n<meta property=\"og:image\" content=\"https:\/\/www.fosa.fr\/meetingdelair\/wp-content\/uploads\/2026\/02\/Meeting-de-lAir-de-Cognac-Chateaubernard-2026-Affiche-H-800.jpg\" \/>\n\t<meta property=\"og:image:width\" content=\"566\" \/>\n\t<meta property=\"og:image:height\" content=\"800\" \/>\n\t<meta property=\"og:image:type\" content=\"image\/jpeg\" \/>\n<meta name=\"twitter:label1\" content=\"Dur\u00e9e de lecture estim\u00e9e\" \/>\n\t<meta name=\"twitter:data1\" content=\"14 minutes\" \/>\n\t<meta name=\"twitter:label2\" content=\"Written by\" \/>\n\t<meta name=\"twitter:data2\" content=\"fondationfosa\" \/>\n<script type=\"application\/ld+json\" class=\"yoast-schema-graph\">{\"@context\":\"https:\\\/\\\/schema.org\",\"@graph\":[{\"@type\":\"WebPage\",\"@id\":\"https:\\\/\\\/www.fosa.fr\\\/meetingdelair\\\/les-partenaires\\\/\",\"url\":\"https:\\\/\\\/www.fosa.fr\\\/meetingdelair\\\/les-partenaires\\\/\",\"name\":\"Les partenaires - Meeting de l&#039;Air de la FOSA\",\"isPartOf\":{\"@id\":\"https:\\\/\\\/www.fosa.fr\\\/meetingdelair\\\/#website\"},\"primaryImageOfPage\":{\"@id\":\"https:\\\/\\\/www.fosa.fr\\\/meetingdelair\\\/les-partenaires\\\/#primaryimage\"},\"image\":{\"@id\":\"https:\\\/\\\/www.fosa.fr\\\/meetingdelair\\\/les-partenaires\\\/#primaryimage\"},\"thumbnailUrl\":\"https:\\\/\\\/www.fosa.fr\\\/meetingdelair\\\/wp-content\\\/uploads\\\/2026\\\/02\\\/Meeting-de-lAir-de-Cognac-Chateaubernard-2026-Affiche-H-800.jpg\",\"datePublished\":\"2025-02-13T10:55:59+00:00\",\"dateModified\":\"2026-04-28T07:45:08+00:00\",\"description\":\"Meeting de l'Air de Cognac-Ch\u00e2teaubernard -30 et 31 Mai 2026 - Organis\u00e9 par la Fondation des \u0152uvres Sociales de l'Air (FOSA)\",\"breadcrumb\":{\"@id\":\"https:\\\/\\\/www.fosa.fr\\\/meetingdelair\\\/les-partenaires\\\/#breadcrumb\"},\"inLanguage\":\"fr-FR\",\"potentialAction\":[{\"@type\":\"ReadAction\",\"target\":[\"https:\\\/\\\/www.fosa.fr\\\/meetingdelair\\\/les-partenaires\\\/\"]}]},{\"@type\":\"ImageObject\",\"inLanguage\":\"fr-FR\",\"@id\":\"https:\\\/\\\/www.fosa.fr\\\/meetingdelair\\\/les-partenaires\\\/#primaryimage\",\"url\":\"https:\\\/\\\/www.fosa.fr\\\/meetingdelair\\\/wp-content\\\/uploads\\\/2026\\\/02\\\/Meeting-de-lAir-de-Cognac-Chateaubernard-2026-Affiche-H-800.jpg\",\"contentUrl\":\"https:\\\/\\\/www.fosa.fr\\\/meetingdelair\\\/wp-content\\\/uploads\\\/2026\\\/02\\\/Meeting-de-lAir-de-Cognac-Chateaubernard-2026-Affiche-H-800.jpg\",\"width\":566,\"height\":800,\"caption\":\"Meeting de l'Air de Cognac-Ch\u00e2teaubernard -30 et 31 Mai 2026 - Organis\u00e9 par la Fondation des \u0152uvres Sociales de l'Air (FOSA)\"},{\"@type\":\"BreadcrumbList\",\"@id\":\"https:\\\/\\\/www.fosa.fr\\\/meetingdelair\\\/les-partenaires\\\/#breadcrumb\",\"itemListElement\":[{\"@type\":\"ListItem\",\"position\":1,\"name\":\"Accueil\",\"item\":\"https:\\\/\\\/www.fosa.fr\\\/meetingdelair\\\/\"},{\"@type\":\"ListItem\",\"position\":2,\"name\":\"Les partenaires\"}]},{\"@type\":\"WebSite\",\"@id\":\"https:\\\/\\\/www.fosa.fr\\\/meetingdelair\\\/#website\",\"url\":\"https:\\\/\\\/www.fosa.fr\\\/meetingdelair\\\/\",\"name\":\"Meeting de l&#039;Air de la FOSA\",\"description\":\"Meetings de l&#039;Air de Salon-de-Provence 2023\",\"potentialAction\":[{\"@type\":\"SearchAction\",\"target\":{\"@type\":\"EntryPoint\",\"urlTemplate\":\"https:\\\/\\\/www.fosa.fr\\\/meetingdelair\\\/?s={search_term_string}\"},\"query-input\":{\"@type\":\"PropertyValueSpecification\",\"valueRequired\":true,\"valueName\":\"search_term_string\"}}],\"inLanguage\":\"fr-FR\"}]}<\/script>\n<!-- \/ Yoast SEO plugin. -->","yoast_head_json":{"title":"Les partenaires - Meeting de l&#039;Air de la FOSA","description":"Meeting de l'Air de Cognac-Ch\u00e2teaubernard -30 et 31 Mai 2026 - Organis\u00e9 par la Fondation des \u0152uvres Sociales de l'Air (FOSA)","robots":{"index":"index","follow":"follow","max-snippet":"max-snippet:-1","max-image-preview":"max-image-preview:large","max-video-preview":"max-video-preview:-1"},"canonical":"https:\/\/www.fosa.fr\/meetingdelair\/les-partenaires\/","og_locale":"fr_FR","og_type":"article","og_title":"Les partenaires - Meeting de l&#039;Air de la FOSA","og_description":"Meeting de l'Air de Cognac-Ch\u00e2teaubernard -30 et 31 Mai 2026 - Organis\u00e9 par la Fondation des \u0152uvres Sociales de l'Air (FOSA)","og_url":"https:\/\/www.fosa.fr\/meetingdelair\/les-partenaires\/","og_site_name":"Meeting de l&#039;Air de la FOSA","article_modified_time":"2026-04-28T07:45:08+00:00","og_image":[{"width":566,"height":800,"url":"https:\/\/www.fosa.fr\/meetingdelair\/wp-content\/uploads\/2026\/02\/Meeting-de-lAir-de-Cognac-Chateaubernard-2026-Affiche-H-800.jpg","type":"image\/jpeg"}],"twitter_misc":{"Dur\u00e9e de lecture estim\u00e9e":"14 minutes","Written by":"fondationfosa"},"schema":{"@context":"https:\/\/schema.org","@graph":[{"@type":"WebPage","@id":"https:\/\/www.fosa.fr\/meetingdelair\/les-partenaires\/","url":"https:\/\/www.fosa.fr\/meetingdelair\/les-partenaires\/","name":"Les partenaires - Meeting de l&#039;Air de la FOSA","isPartOf":{"@id":"https:\/\/www.fosa.fr\/meetingdelair\/#website"},"primaryImageOfPage":{"@id":"https:\/\/www.fosa.fr\/meetingdelair\/les-partenaires\/#primaryimage"},"image":{"@id":"https:\/\/www.fosa.fr\/meetingdelair\/les-partenaires\/#primaryimage"},"thumbnailUrl":"https:\/\/www.fosa.fr\/meetingdelair\/wp-content\/uploads\/2026\/02\/Meeting-de-lAir-de-Cognac-Chateaubernard-2026-Affiche-H-800.jpg","datePublished":"2025-02-13T10:55:59+00:00","dateModified":"2026-04-28T07:45:08+00:00","description":"Meeting de l'Air de Cognac-Ch\u00e2teaubernard -30 et 31 Mai 2026 - Organis\u00e9 par la Fondation des \u0152uvres Sociales de l'Air (FOSA)","breadcrumb":{"@id":"https:\/\/www.fosa.fr\/meetingdelair\/les-partenaires\/#breadcrumb"},"inLanguage":"fr-FR","potentialAction":[{"@type":"ReadAction","target":["https:\/\/www.fosa.fr\/meetingdelair\/les-partenaires\/"]}]},{"@type":"ImageObject","inLanguage":"fr-FR","@id":"https:\/\/www.fosa.fr\/meetingdelair\/les-partenaires\/#primaryimage","url":"https:\/\/www.fosa.fr\/meetingdelair\/wp-content\/uploads\/2026\/02\/Meeting-de-lAir-de-Cognac-Chateaubernard-2026-Affiche-H-800.jpg","contentUrl":"https:\/\/www.fosa.fr\/meetingdelair\/wp-content\/uploads\/2026\/02\/Meeting-de-lAir-de-Cognac-Chateaubernard-2026-Affiche-H-800.jpg","width":566,"height":800,"caption":"Meeting de l'Air de Cognac-Ch\u00e2teaubernard -30 et 31 Mai 2026 - Organis\u00e9 par la Fondation des \u0152uvres Sociales de l'Air (FOSA)"},{"@type":"BreadcrumbList","@id":"https:\/\/www.fosa.fr\/meetingdelair\/les-partenaires\/#breadcrumb","itemListElement":[{"@type":"ListItem","position":1,"name":"Accueil","item":"https:\/\/www.fosa.fr\/meetingdelair\/"},{"@type":"ListItem","position":2,"name":"Les partenaires"}]},{"@type":"WebSite","@id":"https:\/\/www.fosa.fr\/meetingdelair\/#website","url":"https:\/\/www.fosa.fr\/meetingdelair\/","name":"Meeting de l&#039;Air de la FOSA","description":"Meetings de l&#039;Air de Salon-de-Provence 2023","potentialAction":[{"@type":"SearchAction","target":{"@type":"EntryPoint","urlTemplate":"https:\/\/www.fosa.fr\/meetingdelair\/?s={search_term_string}"},"query-input":{"@type":"PropertyValueSpecification","valueRequired":true,"valueName":"search_term_string"}}],"inLanguage":"fr-FR"}]}},"_links":{"self":[{"href":"https:\/\/www.fosa.fr\/meetingdelair\/wp-json\/wp\/v2\/pages\/39701","targetHints":{"allow":["GET"]}}],"collection":[{"href":"https:\/\/www.fosa.fr\/meetingdelair\/wp-json\/wp\/v2\/pages"}],"about":[{"href":"https:\/\/www.fosa.fr\/meetingdelair\/wp-json\/wp\/v2\/types\/page"}],"author":[{"embeddable":true,"href":"https:\/\/www.fosa.fr\/meetingdelair\/wp-json\/wp\/v2\/users\/1"}],"replies":[{"embeddable":true,"href":"https:\/\/www.fosa.fr\/meetingdelair\/wp-json\/wp\/v2\/comments?post=39701"}],"version-history":[{"count":103,"href":"https:\/\/www.fosa.fr\/meetingdelair\/wp-json\/wp\/v2\/pages\/39701\/revisions"}],"predecessor-version":[{"id":43531,"href":"https:\/\/www.fosa.fr\/meetingdelair\/wp-json\/wp\/v2\/pages\/39701\/revisions\/43531"}],"wp:featuredmedia":[{"embeddable":true,"href":"https:\/\/www.fosa.fr\/meetingdelair\/wp-json\/wp\/v2\/media\/42926"}],"wp:attachment":[{"href":"https:\/\/www.fosa.fr\/meetingdelair\/wp-json\/wp\/v2\/media?parent=39701"}],"wp:term":[{"taxonomy":"author","embeddable":true,"href":"https:\/\/www.fosa.fr\/meetingdelair\/wp-json\/wp\/v2\/coauthors?post=39701"}],"curies":[{"name":"wp","href":"https:\/\/api.w.org\/{rel}","templated":true}]}}