{"id":43113,"date":"2026-03-11T14:34:05","date_gmt":"2026-03-11T13:34:05","guid":{"rendered":"https:\/\/www.fosa.fr\/meetingdelair\/la-base-aerienne-709\/"},"modified":"2026-03-11T14:37:52","modified_gmt":"2026-03-11T13:37:52","slug":"la-base-aerienne-709","status":"publish","type":"page","link":"https:\/\/www.fosa.fr\/meetingdelair\/la-base-aerienne-709\/","title":{"rendered":"La Base A\u00e9rienne 709"},"content":{"rendered":"\t\t<div data-elementor-type=\"wp-page\" data-elementor-id=\"43113\" class=\"elementor elementor-43113\" data-elementor-post-type=\"page\">\n\t\t\t\t\t\t<section class=\"elementor-section elementor-top-section elementor-element elementor-element-1072673c elementor-section-height-min-height elementor-section-stretched elementor-section-full_width elementor-section-height-default elementor-section-items-middle elementor-invisible\" data-id=\"1072673c\" data-element_type=\"section\" data-e-type=\"section\" data-settings=\"{&quot;stretch_section&quot;:&quot;section-stretched&quot;,&quot;background_background&quot;:&quot;classic&quot;,&quot;sticky&quot;:&quot;top&quot;,&quot;sticky_effects_offset&quot;:100,&quot;animation&quot;:&quot;fadeIn&quot;,&quot;sticky_on&quot;:[&quot;desktop&quot;],&quot;sticky_offset&quot;:0,&quot;sticky_anchor_link_offset&quot;:0}\">\n\t\t\t\t\t\t<div class=\"elementor-container elementor-column-gap-default\">\n\t\t\t\t\t<div class=\"elementor-column elementor-col-25 elementor-top-column elementor-element elementor-element-4e774f54\" data-id=\"4e774f54\" data-element_type=\"column\" data-e-type=\"column\">\n\t\t\t<div class=\"elementor-widget-wrap elementor-element-populated\">\n\t\t\t\t\t\t<div class=\"elementor-element elementor-element-5a805018 shrink-logo elementor-widget elementor-widget-image\" data-id=\"5a805018\" data-element_type=\"widget\" data-e-type=\"widget\" data-widget_type=\"image.default\">\n\t\t\t\t<div class=\"elementor-widget-container\">\n\t\t\t\t\t\t\t\t\t\t\t\t\t\t\t\t<a href=\"https:\/\/www.fosa.fr\/meetingdelair\/\">\n\t\t\t\t\t\t\t<img decoding=\"async\" width=\"427\" height=\"100\" src=\"https:\/\/www.fosa.fr\/meetingdelair\/wp-content\/uploads\/2025\/12\/Logo-Meeting-de-lair-2026-transp-V1-h100.png\" class=\"attachment-full size-full wp-image-41716\" alt=\"\" srcset=\"https:\/\/www.fosa.fr\/meetingdelair\/wp-content\/uploads\/2025\/12\/Logo-Meeting-de-lair-2026-transp-V1-h100.png 427w, https:\/\/www.fosa.fr\/meetingdelair\/wp-content\/uploads\/2025\/12\/Logo-Meeting-de-lair-2026-transp-V1-h100-300x70.png 300w\" sizes=\"(max-width: 427px) 100vw, 427px\" \/>\t\t\t\t\t\t\t\t<\/a>\n\t\t\t\t\t\t\t\t\t\t\t\t\t\t\t<\/div>\n\t\t\t\t<\/div>\n\t\t\t\t<div class=\"elementor-element elementor-element-2f02f060 elementor-widget elementor-widget-heading\" data-id=\"2f02f060\" data-element_type=\"widget\" data-e-type=\"widget\" data-widget_type=\"heading.default\">\n\t\t\t\t<div class=\"elementor-widget-container\">\n\t\t\t\t\t<h2 class=\"elementor-heading-title elementor-size-default\">30 &amp; 31 MAI 2026<\/h2>\t\t\t\t<\/div>\n\t\t\t\t<\/div>\n\t\t\t\t<div class=\"elementor-element elementor-element-38510b58 elementor-widget elementor-widget-heading\" data-id=\"38510b58\" data-element_type=\"widget\" data-e-type=\"widget\" data-widget_type=\"heading.default\">\n\t\t\t\t<div class=\"elementor-widget-container\">\n\t\t\t\t\t<h2 class=\"elementor-heading-title elementor-size-default\">Organis\u00e9 par la  Fondation des \u0152uvres Sociales de l'Air<\/h2>\t\t\t\t<\/div>\n\t\t\t\t<\/div>\n\t\t\t\t\t<\/div>\n\t\t<\/div>\n\t\t\t\t<div class=\"elementor-column elementor-col-25 elementor-top-column elementor-element elementor-element-703b0186\" data-id=\"703b0186\" data-element_type=\"column\" data-e-type=\"column\">\n\t\t\t<div class=\"elementor-widget-wrap elementor-element-populated\">\n\t\t\t\t\t\t<div class=\"elementor-element elementor-element-23f15cb4 elementor-nav-menu__align-center elementor-nav-menu--dropdown-mobile elementor-nav-menu--stretch elementor-nav-menu__text-align-center elementor-nav-menu--toggle elementor-nav-menu--burger elementor-widget elementor-widget-nav-menu\" data-id=\"23f15cb4\" data-element_type=\"widget\" data-e-type=\"widget\" data-settings=\"{&quot;full_width&quot;:&quot;stretch&quot;,&quot;layout&quot;:&quot;horizontal&quot;,&quot;submenu_icon&quot;:{&quot;value&quot;:&quot;&lt;i class=\\&quot;fas fa-caret-down\\&quot; aria-hidden=\\&quot;true\\&quot;&gt;&lt;\\\/i&gt;&quot;,&quot;library&quot;:&quot;fa-solid&quot;},&quot;toggle&quot;:&quot;burger&quot;}\" data-widget_type=\"nav-menu.default\">\n\t\t\t\t<div class=\"elementor-widget-container\">\n\t\t\t\t\t\t\t\t<nav aria-label=\"Menu\" class=\"elementor-nav-menu--main elementor-nav-menu__container elementor-nav-menu--layout-horizontal e--pointer-underline e--animation-fade\">\n\t\t\t\t<ul id=\"menu-1-23f15cb4\" class=\"elementor-nav-menu\"><li  class=\" sf-dropdown menu-item-has-children menu-item-41908 menu-item menu-a-propos-du-meeting\"><a href=\"#\" class=\"elementor-item elementor-item-anchor\"><span>A PROPOS DU MEETING<\/span><\/a>\n<ul class=\"sub-menu sf-dropdown-menu dropdown elementor-nav-menu--dropdown\">\n\t<li  class=\" menu-item-41910 menu-item menu-la-fondation-des-oeuvres-sociales-de-lair-fosa\"><a href=\"https:\/\/www.fosa.fr\/meetingdelair\/la-fondation-des-oeuvres-sociales-de-lair\/\" class=\"elementor-sub-item\"><span>La Fondation des \u0152uvres Sociales de l\u2019Air (FOSA)<\/span><\/a><\/li>\n\t<li  class=\" menu-item-41909 menu-item menu-quest-ce-quun-meeting-de-lair\"><a href=\"https:\/\/www.fosa.fr\/meetingdelair\/a-propos-des-meetings-de-lair\/\" class=\"elementor-sub-item\"><span>Qu\u2019est-ce qu\u2019un Meeting de l\u2019air<\/span><\/a><\/li>\n\t<li  class=\" menu-item-43121 menu-item menu-la-base-aerienne-709-de-cognac-chateaubernard\"><a href=\"https:\/\/www.fosa.fr\/meetingdelair\/la-base-aerienne-709\/\" class=\"elementor-sub-item\"><span>La Base A\u00e9rienne 709 de Cognac-Ch\u00e2teaubernard<\/span><\/a><\/li>\n\t<li  class=\" menu-item-43413 menu-item menu-le-mot-du-commandant-de-base\"><a href=\"https:\/\/www.fosa.fr\/meetingdelair\/le-mot-du-commandant-de-base\/\" class=\"elementor-sub-item\"><span>Le mot du Commandant de Base<\/span><\/a><\/li>\n\t<li  class=\" menu-item-42599 menu-item menu-les-partenaires-du-meeting-de-lair-de-cognac-chateaubernard\"><a href=\"https:\/\/www.fosa.fr\/meetingdelair\/les-partenaires\/\" class=\"elementor-sub-item\"><span>Les partenaires du Meeting de l&#8217;Air de Cognac-Ch\u00e2teaubernard<\/span><\/a><\/li>\n\t<li  class=\" menu-item-41911 menu-item menu-devenez-partenaires\"><a href=\"https:\/\/www.fosa.fr\/meetingdelair\/devenez-partenaire\/\" class=\"elementor-sub-item\"><span>Devenez Partenaires<\/span><\/a><\/li>\n<\/ul>\n<\/li>\n<li  class=\" menu-item-42626 menu-item menu-billetterie\"><a href=\"https:\/\/www.fosa.fr\/meetingdelair\/billetterie\/\" class=\"elementor-item\"><span>BILLETTERIE<\/span><\/a><\/li>\n<li  class=\" sf-dropdown menu-item-has-children menu-item-43333 menu-item menu-plateau-aerien\"><a href=\"#\" class=\"elementor-item elementor-item-anchor\"><span>PLATEAU A\u00c9RIEN<\/span><\/a>\n<ul class=\"sub-menu sf-dropdown-menu dropdown elementor-nav-menu--dropdown\">\n\t<li  class=\" menu-item-43335 menu-item menu-plateau-aerien-civil\"><a href=\"https:\/\/www.fosa.fr\/meetingdelair\/plateau-aerien-civil\/\" class=\"elementor-sub-item\"><span>Plateau A\u00e9rien Civil<\/span><\/a><\/li>\n\t<li  class=\" menu-item-43334 menu-item menu-plateau-aerien-militaire\"><a href=\"https:\/\/www.fosa.fr\/meetingdelair\/plateau-aerien-militaire\/\" class=\"elementor-sub-item\"><span>Plateau A\u00e9rien Militaire<\/span><\/a><\/li>\n<\/ul>\n<\/li>\n<li  class=\" sf-dropdown menu-item-has-children menu-item-41912 menu-item menu-infos-pratiques\"><a href=\"#\" class=\"elementor-item elementor-item-anchor\"><span>INFOS PRATIQUES<\/span><\/a>\n<ul class=\"sub-menu sf-dropdown-menu dropdown elementor-nav-menu--dropdown\">\n\t<li  class=\" menu-item-43453 menu-item menu-plan-du-site\"><a href=\"https:\/\/www.fosa.fr\/meetingdelair\/plan-du-site\/\" class=\"elementor-sub-item\"><span>Plan du Site<\/span><\/a><\/li>\n\t<li  class=\" menu-item-42600 menu-item menu-faq\"><a href=\"https:\/\/www.fosa.fr\/meetingdelair\/faq\/\" class=\"elementor-sub-item\"><span>FAQ<\/span><\/a><\/li>\n\t<li  class=\" menu-item-41913 menu-item menu-contact\"><a href=\"https:\/\/www.fosa.fr\/meetingdelair\/contact\/\" class=\"elementor-sub-item\"><span>Contact<\/span><\/a><\/li>\n<\/ul>\n<\/li>\n<\/ul>\t\t\t<\/nav>\n\t\t\t\t\t<div class=\"elementor-menu-toggle\" role=\"button\" tabindex=\"0\" aria-label=\"Permuter le menu\" aria-expanded=\"false\">\n\t\t\t<i aria-hidden=\"true\" role=\"presentation\" class=\"elementor-menu-toggle__icon--open eicon-menu-bar\"><\/i><i aria-hidden=\"true\" role=\"presentation\" class=\"elementor-menu-toggle__icon--close eicon-close\"><\/i>\t\t<\/div>\n\t\t\t\t\t<nav class=\"elementor-nav-menu--dropdown elementor-nav-menu__container\" aria-hidden=\"true\">\n\t\t\t\t<ul id=\"menu-2-23f15cb4\" class=\"elementor-nav-menu\"><li  class=\" sf-dropdown menu-item-has-children menu-item-41908 menu-item menu-a-propos-du-meeting\"><a href=\"#\" class=\"elementor-item elementor-item-anchor\" tabindex=\"-1\"><span>A PROPOS DU MEETING<\/span><\/a>\n<ul class=\"sub-menu sf-dropdown-menu dropdown elementor-nav-menu--dropdown\">\n\t<li  class=\" menu-item-41910 menu-item menu-la-fondation-des-oeuvres-sociales-de-lair-fosa\"><a href=\"https:\/\/www.fosa.fr\/meetingdelair\/la-fondation-des-oeuvres-sociales-de-lair\/\" class=\"elementor-sub-item\" tabindex=\"-1\"><span>La Fondation des \u0152uvres Sociales de l\u2019Air (FOSA)<\/span><\/a><\/li>\n\t<li  class=\" menu-item-41909 menu-item menu-quest-ce-quun-meeting-de-lair\"><a href=\"https:\/\/www.fosa.fr\/meetingdelair\/a-propos-des-meetings-de-lair\/\" class=\"elementor-sub-item\" tabindex=\"-1\"><span>Qu\u2019est-ce qu\u2019un Meeting de l\u2019air<\/span><\/a><\/li>\n\t<li  class=\" menu-item-43121 menu-item menu-la-base-aerienne-709-de-cognac-chateaubernard\"><a href=\"https:\/\/www.fosa.fr\/meetingdelair\/la-base-aerienne-709\/\" class=\"elementor-sub-item\" tabindex=\"-1\"><span>La Base A\u00e9rienne 709 de Cognac-Ch\u00e2teaubernard<\/span><\/a><\/li>\n\t<li  class=\" menu-item-43413 menu-item menu-le-mot-du-commandant-de-base\"><a href=\"https:\/\/www.fosa.fr\/meetingdelair\/le-mot-du-commandant-de-base\/\" class=\"elementor-sub-item\" tabindex=\"-1\"><span>Le mot du Commandant de Base<\/span><\/a><\/li>\n\t<li  class=\" menu-item-42599 menu-item menu-les-partenaires-du-meeting-de-lair-de-cognac-chateaubernard\"><a href=\"https:\/\/www.fosa.fr\/meetingdelair\/les-partenaires\/\" class=\"elementor-sub-item\" tabindex=\"-1\"><span>Les partenaires du Meeting de l&#8217;Air de Cognac-Ch\u00e2teaubernard<\/span><\/a><\/li>\n\t<li  class=\" menu-item-41911 menu-item menu-devenez-partenaires\"><a href=\"https:\/\/www.fosa.fr\/meetingdelair\/devenez-partenaire\/\" class=\"elementor-sub-item\" tabindex=\"-1\"><span>Devenez Partenaires<\/span><\/a><\/li>\n<\/ul>\n<\/li>\n<li  class=\" menu-item-42626 menu-item menu-billetterie\"><a href=\"https:\/\/www.fosa.fr\/meetingdelair\/billetterie\/\" class=\"elementor-item\" tabindex=\"-1\"><span>BILLETTERIE<\/span><\/a><\/li>\n<li  class=\" sf-dropdown menu-item-has-children menu-item-43333 menu-item menu-plateau-aerien\"><a href=\"#\" class=\"elementor-item elementor-item-anchor\" tabindex=\"-1\"><span>PLATEAU A\u00c9RIEN<\/span><\/a>\n<ul class=\"sub-menu sf-dropdown-menu dropdown elementor-nav-menu--dropdown\">\n\t<li  class=\" menu-item-43335 menu-item menu-plateau-aerien-civil\"><a href=\"https:\/\/www.fosa.fr\/meetingdelair\/plateau-aerien-civil\/\" class=\"elementor-sub-item\" tabindex=\"-1\"><span>Plateau A\u00e9rien Civil<\/span><\/a><\/li>\n\t<li  class=\" menu-item-43334 menu-item menu-plateau-aerien-militaire\"><a href=\"https:\/\/www.fosa.fr\/meetingdelair\/plateau-aerien-militaire\/\" class=\"elementor-sub-item\" tabindex=\"-1\"><span>Plateau A\u00e9rien Militaire<\/span><\/a><\/li>\n<\/ul>\n<\/li>\n<li  class=\" sf-dropdown menu-item-has-children menu-item-41912 menu-item menu-infos-pratiques\"><a href=\"#\" class=\"elementor-item elementor-item-anchor\" tabindex=\"-1\"><span>INFOS PRATIQUES<\/span><\/a>\n<ul class=\"sub-menu sf-dropdown-menu dropdown elementor-nav-menu--dropdown\">\n\t<li  class=\" menu-item-43453 menu-item menu-plan-du-site\"><a href=\"https:\/\/www.fosa.fr\/meetingdelair\/plan-du-site\/\" class=\"elementor-sub-item\" tabindex=\"-1\"><span>Plan du Site<\/span><\/a><\/li>\n\t<li  class=\" menu-item-42600 menu-item menu-faq\"><a href=\"https:\/\/www.fosa.fr\/meetingdelair\/faq\/\" class=\"elementor-sub-item\" tabindex=\"-1\"><span>FAQ<\/span><\/a><\/li>\n\t<li  class=\" menu-item-41913 menu-item menu-contact\"><a href=\"https:\/\/www.fosa.fr\/meetingdelair\/contact\/\" class=\"elementor-sub-item\" tabindex=\"-1\"><span>Contact<\/span><\/a><\/li>\n<\/ul>\n<\/li>\n<\/ul>\t\t\t<\/nav>\n\t\t\t\t\t\t<\/div>\n\t\t\t\t<\/div>\n\t\t\t\t\t<\/div>\n\t\t<\/div>\n\t\t\t\t<div class=\"elementor-column elementor-col-25 elementor-top-column elementor-element elementor-element-74e787c4 elementor-hidden-mobile\" data-id=\"74e787c4\" data-element_type=\"column\" data-e-type=\"column\">\n\t\t\t<div class=\"elementor-widget-wrap elementor-element-populated\">\n\t\t\t\t\t\t<div class=\"elementor-element elementor-element-1ed9a50c elementor-align-center elementor-widget elementor-widget-button\" data-id=\"1ed9a50c\" data-element_type=\"widget\" data-e-type=\"widget\" data-widget_type=\"button.default\">\n\t\t\t\t<div class=\"elementor-widget-container\">\n\t\t\t\t\t\t\t\t\t<div class=\"elementor-button-wrapper\">\n\t\t\t\t\t<a class=\"elementor-button elementor-button-link elementor-size-sm elementor-animation-grow\" href=\"https:\/\/www.fosa.fr\/meetingdelair\/espace-spotters\/\">\n\t\t\t\t\t\t<span class=\"elementor-button-content-wrapper\">\n\t\t\t\t\t\t\t\t\t<span class=\"elementor-button-text\">ESPACE SPOTTERS<\/span>\n\t\t\t\t\t<\/span>\n\t\t\t\t\t<\/a>\n\t\t\t\t<\/div>\n\t\t\t\t\t\t\t\t<\/div>\n\t\t\t\t<\/div>\n\t\t\t\t\t<\/div>\n\t\t<\/div>\n\t\t\t\t<div class=\"elementor-column elementor-col-25 elementor-top-column elementor-element elementor-element-24b4e493\" data-id=\"24b4e493\" data-element_type=\"column\" data-e-type=\"column\" data-settings=\"{&quot;background_background&quot;:&quot;classic&quot;}\">\n\t\t\t<div class=\"elementor-widget-wrap elementor-element-populated\">\n\t\t\t\t\t\t<div class=\"elementor-element elementor-element-6cdb5e2c shrink-logo elementor-widget elementor-widget-image\" data-id=\"6cdb5e2c\" data-element_type=\"widget\" data-e-type=\"widget\" data-widget_type=\"image.default\">\n\t\t\t\t<div class=\"elementor-widget-container\">\n\t\t\t\t\t\t\t\t\t\t\t\t\t\t\t\t<a href=\"https:\/\/www.fosa.fr\/\" target=\"_blank\">\n\t\t\t\t\t\t\t<img fetchpriority=\"high\" decoding=\"async\" width=\"624\" height=\"200\" src=\"https:\/\/www.fosa.fr\/meetingdelair\/wp-content\/uploads\/2025\/12\/Logo-FOSA-HD-Transp-h200.png\" class=\"attachment-full size-full wp-image-41733\" alt=\"\" srcset=\"https:\/\/www.fosa.fr\/meetingdelair\/wp-content\/uploads\/2025\/12\/Logo-FOSA-HD-Transp-h200.png 624w, https:\/\/www.fosa.fr\/meetingdelair\/wp-content\/uploads\/2025\/12\/Logo-FOSA-HD-Transp-h200-300x96.png 300w\" sizes=\"(max-width: 624px) 100vw, 624px\" \/>\t\t\t\t\t\t\t\t<\/a>\n\t\t\t\t\t\t\t\t\t\t\t\t\t\t\t<\/div>\n\t\t\t\t<\/div>\n\t\t\t\t\t<\/div>\n\t\t<\/div>\n\t\t\t\t\t<\/div>\n\t\t<\/section>\n\t\t\t\t<section class=\"elementor-section elementor-top-section elementor-element elementor-element-348106be elementor-section-boxed elementor-section-height-default elementor-section-height-default\" data-id=\"348106be\" data-element_type=\"section\" data-e-type=\"section\">\n\t\t\t\t\t\t<div class=\"elementor-container elementor-column-gap-default\">\n\t\t\t\t\t<div class=\"elementor-column elementor-col-100 elementor-top-column elementor-element elementor-element-231a44d2\" data-id=\"231a44d2\" data-element_type=\"column\" data-e-type=\"column\">\n\t\t\t<div class=\"elementor-widget-wrap elementor-element-populated\">\n\t\t\t\t\t\t<div class=\"elementor-element elementor-element-ea40143 elementor-widget elementor-widget-heading\" data-id=\"ea40143\" data-element_type=\"widget\" data-e-type=\"widget\" data-widget_type=\"heading.default\">\n\t\t\t\t<div class=\"elementor-widget-container\">\n\t\t\t\t\t<h2 class=\"elementor-heading-title elementor-size-default\">La base A\u00e9rienne 709 de Cognac-Ch\u00e2teaubernard <\/h2>\t\t\t\t<\/div>\n\t\t\t\t<\/div>\n\t\t\t\t\t<\/div>\n\t\t<\/div>\n\t\t\t\t\t<\/div>\n\t\t<\/section>\n\t\t\t\t<section class=\"elementor-section elementor-top-section elementor-element elementor-element-4492e894 elementor-section-stretched elementor-section-content-middle elementor-section-full_width elementor-section-height-min-height elementor-section-height-default elementor-section-items-middle\" data-id=\"4492e894\" data-element_type=\"section\" data-e-type=\"section\" data-settings=\"{&quot;stretch_section&quot;:&quot;section-stretched&quot;,&quot;background_background&quot;:&quot;classic&quot;,&quot;background_motion_fx_motion_fx_scrolling&quot;:&quot;yes&quot;,&quot;background_motion_fx_translateY_effect&quot;:&quot;yes&quot;,&quot;background_motion_fx_translateY_speed&quot;:{&quot;unit&quot;:&quot;px&quot;,&quot;size&quot;:4,&quot;sizes&quot;:[]},&quot;background_motion_fx_translateY_affectedRange&quot;:{&quot;unit&quot;:&quot;%&quot;,&quot;size&quot;:&quot;&quot;,&quot;sizes&quot;:{&quot;start&quot;:0,&quot;end&quot;:100}},&quot;background_motion_fx_devices&quot;:[&quot;desktop&quot;,&quot;tablet&quot;,&quot;mobile&quot;]}\">\n\t\t\t\t\t\t<div class=\"elementor-container elementor-column-gap-default\">\n\t\t\t\t\t<div class=\"elementor-column elementor-col-100 elementor-top-column elementor-element elementor-element-7ae8f2b9\" data-id=\"7ae8f2b9\" data-element_type=\"column\" data-e-type=\"column\">\n\t\t\t<div class=\"elementor-widget-wrap\">\n\t\t\t\t\t\t\t<\/div>\n\t\t<\/div>\n\t\t\t\t\t<\/div>\n\t\t<\/section>\n\t\t\t\t<section class=\"elementor-section elementor-top-section elementor-element elementor-element-64b2139d elementor-section-boxed elementor-section-height-default elementor-section-height-default\" data-id=\"64b2139d\" data-element_type=\"section\" data-e-type=\"section\">\n\t\t\t\t\t\t<div class=\"elementor-container elementor-column-gap-default\">\n\t\t\t\t\t<div class=\"elementor-column elementor-col-50 elementor-top-column elementor-element elementor-element-4811badd\" data-id=\"4811badd\" data-element_type=\"column\" data-e-type=\"column\">\n\t\t\t<div class=\"elementor-widget-wrap elementor-element-populated\">\n\t\t\t\t\t\t<div class=\"elementor-element elementor-element-17a48fb0 elementor-widget elementor-widget-image\" data-id=\"17a48fb0\" data-element_type=\"widget\" data-e-type=\"widget\" data-widget_type=\"image.default\">\n\t\t\t\t<div class=\"elementor-widget-container\">\n\t\t\t\t\t\t\t\t\t\t\t\t\t\t\t<img decoding=\"async\" width=\"133\" height=\"150\" src=\"https:\/\/www.fosa.fr\/meetingdelair\/wp-content\/uploads\/2026\/02\/BA709-h150.png\" class=\"attachment-medium size-medium wp-image-42887\" alt=\"\" \/>\t\t\t\t\t\t\t\t\t\t\t\t\t\t\t<\/div>\n\t\t\t\t<\/div>\n\t\t\t\t<div class=\"elementor-element elementor-element-12f70a81 elementor-widget elementor-widget-text-editor\" data-id=\"12f70a81\" data-element_type=\"widget\" data-e-type=\"widget\" data-widget_type=\"text-editor.default\">\n\t\t\t\t<div class=\"elementor-widget-container\">\n\t\t\t\t\t\t\t\t\t<p>Cr\u00e9\u00e9e en 1938, la base a\u00e9rienne de Cognac a connu une histoire riche et mouvement\u00e9e. Occup\u00e9e par la Luftwaffe pendant la Seconde Guerre mondiale, elle est aujourd&#8217;hui devenue une \u00e9tape majeure de la formation des pilotes et un p\u00f4le de mise en \u0153uvre des drones MALE. Aujourd&#8217;hui, elle perp\u00e9tue son r\u00f4le historique dans la formation a\u00e9ronautique tout en s&#8217;adaptant aux nouvelles technologies.<\/p>\t\t\t\t\t\t\t\t<\/div>\n\t\t\t\t<\/div>\n\t\t\t\t\t<\/div>\n\t\t<\/div>\n\t\t\t\t<div class=\"elementor-column elementor-col-50 elementor-top-column elementor-element elementor-element-57718d0\" data-id=\"57718d0\" data-element_type=\"column\" data-e-type=\"column\">\n\t\t\t<div class=\"elementor-widget-wrap elementor-element-populated\">\n\t\t\t\t\t\t<div class=\"elementor-element elementor-element-59de894a elementor-widget elementor-widget-image\" data-id=\"59de894a\" data-element_type=\"widget\" data-e-type=\"widget\" data-widget_type=\"image.default\">\n\t\t\t\t<div class=\"elementor-widget-container\">\n\t\t\t\t\t\t\t\t\t\t\t\t\t\t\t\t<a href=\"https:\/\/www.fosa.fr\/meetingdelair\/wp-content\/uploads\/2026\/02\/Raoul.jpg\" data-elementor-open-lightbox=\"yes\" data-elementor-lightbox-title=\"Raoul\" data-e-action-hash=\"#elementor-action%3Aaction%3Dlightbox%26settings%3DeyJpZCI6NDI4NzgsInVybCI6Imh0dHBzOlwvXC93d3cuZm9zYS5mclwvbWVldGluZ2RlbGFpclwvd3AtY29udGVudFwvdXBsb2Fkc1wvMjAyNlwvMDJcL1Jhb3VsLmpwZyJ9\">\n\t\t\t\t\t\t\t<img loading=\"lazy\" decoding=\"async\" width=\"300\" height=\"300\" src=\"https:\/\/www.fosa.fr\/meetingdelair\/wp-content\/uploads\/2026\/02\/Raoul-300x300.jpg\" class=\"attachment-medium size-medium wp-image-42878\" alt=\"\" srcset=\"https:\/\/www.fosa.fr\/meetingdelair\/wp-content\/uploads\/2026\/02\/Raoul-300x300.jpg 300w, https:\/\/www.fosa.fr\/meetingdelair\/wp-content\/uploads\/2026\/02\/Raoul-150x150.jpg 150w, https:\/\/www.fosa.fr\/meetingdelair\/wp-content\/uploads\/2026\/02\/Raoul.jpg 700w\" sizes=\"(max-width: 300px) 100vw, 300px\" \/>\t\t\t\t\t\t\t\t<\/a>\n\t\t\t\t\t\t\t\t\t\t\t\t\t\t\t<\/div>\n\t\t\t\t<\/div>\n\t\t\t\t<div class=\"elementor-element elementor-element-6c581bb1 elementor-widget elementor-widget-text-editor\" data-id=\"6c581bb1\" data-element_type=\"widget\" data-e-type=\"widget\" data-widget_type=\"text-editor.default\">\n\t\t\t\t<div class=\"elementor-widget-container\">\n\t\t\t\t\t\t\t\t\t<p style=\"text-align: center;\"><span style=\"font-size: 10pt;\"><b>Commandant Raoul M\u00e9nard<\/b><\/span><\/p>\t\t\t\t\t\t\t\t<\/div>\n\t\t\t\t<\/div>\n\t\t\t\t\t<\/div>\n\t\t<\/div>\n\t\t\t\t\t<\/div>\n\t\t<\/section>\n\t\t\t\t<section class=\"elementor-section elementor-top-section elementor-element elementor-element-5af2d946 elementor-section-boxed elementor-section-height-default elementor-section-height-default\" data-id=\"5af2d946\" data-element_type=\"section\" data-e-type=\"section\">\n\t\t\t\t\t\t<div class=\"elementor-container elementor-column-gap-default\">\n\t\t\t\t\t<div class=\"elementor-column elementor-col-100 elementor-top-column elementor-element elementor-element-5d11d5f4\" data-id=\"5d11d5f4\" data-element_type=\"column\" data-e-type=\"column\">\n\t\t\t<div class=\"elementor-widget-wrap elementor-element-populated\">\n\t\t\t\t\t\t<div class=\"elementor-element elementor-element-78f88ffa elementor-widget elementor-widget-heading\" data-id=\"78f88ffa\" data-element_type=\"widget\" data-e-type=\"widget\" data-widget_type=\"heading.default\">\n\t\t\t\t<div class=\"elementor-widget-container\">\n\t\t\t\t\t<h3 class=\"elementor-heading-title elementor-size-default\">Historique<\/h3>\t\t\t\t<\/div>\n\t\t\t\t<\/div>\n\t\t\t\t\t<\/div>\n\t\t<\/div>\n\t\t\t\t\t<\/div>\n\t\t<\/section>\n\t\t\t\t<section class=\"elementor-section elementor-top-section elementor-element elementor-element-42f44f36 elementor-section-boxed elementor-section-height-default elementor-section-height-default\" data-id=\"42f44f36\" data-element_type=\"section\" data-e-type=\"section\">\n\t\t\t\t\t\t<div class=\"elementor-container elementor-column-gap-default\">\n\t\t\t\t\t<div class=\"elementor-column elementor-col-50 elementor-top-column elementor-element elementor-element-10fdacd\" data-id=\"10fdacd\" data-element_type=\"column\" data-e-type=\"column\">\n\t\t\t<div class=\"elementor-widget-wrap elementor-element-populated\">\n\t\t\t\t\t\t<div class=\"elementor-element elementor-element-29a50576 elementor-widget elementor-widget-text-editor\" data-id=\"29a50576\" data-element_type=\"widget\" data-e-type=\"widget\" data-widget_type=\"text-editor.default\">\n\t\t\t\t<div class=\"elementor-widget-container\">\n\t\t\t\t\t\t\t\t\t<p><strong><span style=\"font-size: 12pt;\">1938 &#8211; 1940 : Cr\u00e9ation d&#8217;un terrain d&#8217;aviation.<\/span><\/strong><\/p><p>En janvier 1938, suite \u00e0 la demande du maire de Cognac (Paul Firino Martel), le minist\u00e8re de l&#8217;air d\u00e9cide de la cr\u00e9ation d&#8217;un terrain d&#8217;aviation sur la commune de Ch\u00e2teaubernard (Charente).<\/p><p>Les plans et les limites de ce terrain que l&#8217;on va appeler longtemps le &#8220;camp d&#8217;aviation de Ch\u00e2teaubernard&#8221;, sont ceux que nous connaissons actuellement.<\/p><p><strong><span style=\"font-size: 12pt;\">1940 &#8211; 1944 : Occupation allemande.<\/span><\/strong><\/p><p>Le 22 juin 1940, lorsque les Fran\u00e7ais \u00e9vacuent le &#8220;camp&#8221; les travaux sont bien avanc\u00e9s. Ils sont poursuivis par l&#8217;occupant qui les compl\u00e8te par un nouveau poste de commandement (actuel mess des officiers) et construit des pistes en dur.<\/p><p>La Luftwaffe s&#8217;y installe avec les missions suivantes :<\/p><ul><li>Attaque des convois en Atlantique\u00a0;<\/li><li>Protection des sous-marins dans le golfe de Gascogne\u00a0;<\/li><li>\u00c9cole de transformation chasse sur bombardier FW 190.<\/li><\/ul><p>Le 31 d\u00e9cembre 1943, les alli\u00e9s bombardent le terrain. Ce qui reste intact sera d\u00e9truit en ao\u00fbt 1944 par les Allemands avant leur retraite.<\/p><p>Avec la lib\u00e9ration, la remise en \u00e9tat du camp est entreprise sous l&#8217;action de la ville de Cognac pour permettre \u00e0 notre aviation de participer aux raids a\u00e9riens contre les poches de l&#8217;Atlantique jusqu&#8217;en avril 1945.<\/p><p><strong><span style=\"font-size: 12pt;\">1945 &#8211; 1949 : La base \u00e9cole<\/span><\/strong>.<\/p><p>En juillet 1945, une \u00e9cole de pilotage est cr\u00e9\u00e9e \u00e0 Cognac. Le &#8220;camp&#8221; devient la &#8220;base \u00e9cole 705&#8221; et reprend la formation des pilotes de l&#8217;arm\u00e9e de l&#8217;air sur des avions les plus divers.<\/p><p>Fin 1949, l&#8217;\u00e9cole s&#8217;installe \u00e0 Marrakech (Maroc).<\/p><p><strong><span style=\"font-size: 12pt;\">1950 &#8211; 1958 : La reconnaissance<\/span><\/strong>.<\/p><p>Le 1er janvier 1950, la plateforme de Cognac devient la base a\u00e9rienne 135 et s&#8217;organise pour recevoir la 33\u00e8me escadre de reconnaissance, en provenance de Fribourg. La piste est rallong\u00e9e \u00e0 2400 m\u00e8tres.<\/p><p>En 1958 est cr\u00e9\u00e9e sur la base de Cognac la 92\u00e8me brigade de bombardement, comprenant le 1\/92 Bourgogne et le 2\/92 Aquitaine, tous deux \u00e9quip\u00e9s de Vautour II.<\/p>\t\t\t\t\t\t\t\t<\/div>\n\t\t\t\t<\/div>\n\t\t\t\t\t<\/div>\n\t\t<\/div>\n\t\t\t\t<div class=\"elementor-column elementor-col-50 elementor-top-column elementor-element elementor-element-3917ae9\" data-id=\"3917ae9\" data-element_type=\"column\" data-e-type=\"column\">\n\t\t\t<div class=\"elementor-widget-wrap elementor-element-populated\">\n\t\t\t\t\t\t<div class=\"elementor-element elementor-element-ccfb03c elementor-widget elementor-widget-text-editor\" data-id=\"ccfb03c\" data-element_type=\"widget\" data-e-type=\"widget\" data-widget_type=\"text-editor.default\">\n\t\t\t\t<div class=\"elementor-widget-container\">\n\t\t\t\t\t\t\t\t\t<p><strong><span style=\"font-size: 12pt;\">1961 : De nouveau base \u00e9cole.<\/span><\/strong><\/p><p>D\u00e9but 1961, la base de Cognac re\u00e7oit l&#8217;\u00e9cole de pilotage de Marrakech, \u00e9quip\u00e9e de T6 (avion monomoteur \u00e0 h\u00e9lices). Elle devient la base \u00e9cole 709.<\/p><p>Elle re\u00e7oit \u00e9galement la mission d&#8217;instruire la plupart des \u00e9l\u00e8ves pilotes de l&#8217;a\u00e9ronautique navale.<\/p><p>En 1965, les T6 sont remplac\u00e9s par le bir\u00e9acteur Potez-Fouga CM 70 Magister, mieux \u00e9quip\u00e9 et plus adapt\u00e9 \u00e0 la formation initiale des pilotes modernes.<\/p><p>En 1984, les Epsilon s&#8217;installent et remplacent progressivement les Fouga-Magister.<\/p><p>En 1992, la base prend le nom de bapt\u00eame de Commandant M\u00e9nard.<\/p><p>1er ao\u00fbt 1994 : Le groupement \u00e9cole est rebaptis\u00e9 \u00e9cole de pilotage de l&#8217;arm\u00e9e de l&#8217;air.<\/p><p>1995 : Cr\u00e9ation du centre de formation des instructeurs pilotes (CFIP), \u00e9manation directe de l&#8217;escadron de formation des moniteurs et de standardisation (EFMS) et de l&#8217;\u00e9cole de formation initiale du personnel navigant (EFIPN), charg\u00e9 de la transformation op\u00e9rationnelle de tous les moniteurs affect\u00e9s dans les \u00e9coles de l&#8217;arm\u00e9e de l&#8217;air mais aussi de la s\u00e9lection en vol des \u00e9l\u00e8ves officiers du personnel navigant.<\/p><p>26 novembre 1998 : Dans le cadre de la professionnalisation des arm\u00e9es, le dernier appel\u00e9 du contingent quitte la base a\u00e9rienne.<\/p><p><strong><span style=\"font-size: 12pt;\">\u00c0 partir de juin 2000 : L&#8217;arm\u00e9e de l&#8217;air met en \u0153uvre un cursus unique de formation au profit des pilotes.<\/span><\/strong><\/p><p>Mai 2006 : La soci\u00e9t\u00e9 ECATS (EADS Cognac Aviation Training Services) a pour mission la mise en \u0153uvre et la maintenance des outils de formation des pilotes.<\/p><p>2006 : L&#8217;arriv\u00e9e des drones.<\/p><p>En ao\u00fbt 2009, la base a\u00e9rienne accueille l\u2019Escadron d\u2019exp\u00e9rimentation des drones (EED).<\/p><p>En 2013, arriv\u00e9e du drone &#8220;Reaper&#8221; \u00e0 Niamey.<\/p><p>En 2017, arriv\u00e9e du drone &#8220;Reaper&#8221; sur la base a\u00e9rienne.<\/p>\t\t\t\t\t\t\t\t<\/div>\n\t\t\t\t<\/div>\n\t\t\t\t\t<\/div>\n\t\t<\/div>\n\t\t\t\t\t<\/div>\n\t\t<\/section>\n\t\t\t\t<section class=\"elementor-section elementor-top-section elementor-element elementor-element-7f3b9234 elementor-section-boxed elementor-section-height-default elementor-section-height-default\" data-id=\"7f3b9234\" data-element_type=\"section\" data-e-type=\"section\">\n\t\t\t\t\t\t<div class=\"elementor-container elementor-column-gap-default\">\n\t\t\t\t\t<div class=\"elementor-column elementor-col-100 elementor-top-column elementor-element elementor-element-659df97c\" data-id=\"659df97c\" data-element_type=\"column\" data-e-type=\"column\">\n\t\t\t<div class=\"elementor-widget-wrap elementor-element-populated\">\n\t\t\t\t\t\t<div class=\"elementor-element elementor-element-2e47a11c elementor-widget elementor-widget-heading\" data-id=\"2e47a11c\" data-element_type=\"widget\" data-e-type=\"widget\" data-widget_type=\"heading.default\">\n\t\t\t\t<div class=\"elementor-widget-container\">\n\t\t\t\t\t<h3 class=\"elementor-heading-title elementor-size-default\">Les Missions de la BA 709\n<\/h3>\t\t\t\t<\/div>\n\t\t\t\t<\/div>\n\t\t\t\t\t<\/div>\n\t\t<\/div>\n\t\t\t\t\t<\/div>\n\t\t<\/section>\n\t\t\t\t<section class=\"elementor-section elementor-top-section elementor-element elementor-element-273bf6a elementor-section-boxed elementor-section-height-default elementor-section-height-default\" data-id=\"273bf6a\" data-element_type=\"section\" data-e-type=\"section\">\n\t\t\t\t\t\t<div class=\"elementor-container elementor-column-gap-default\">\n\t\t\t\t\t<div class=\"elementor-column elementor-col-50 elementor-top-column elementor-element elementor-element-5ea28fce\" data-id=\"5ea28fce\" data-element_type=\"column\" data-e-type=\"column\">\n\t\t\t<div class=\"elementor-widget-wrap elementor-element-populated\">\n\t\t\t\t\t\t<div class=\"elementor-element elementor-element-78fa47e3 elementor-widget elementor-widget-image\" data-id=\"78fa47e3\" data-element_type=\"widget\" data-e-type=\"widget\" data-widget_type=\"image.default\">\n\t\t\t\t<div class=\"elementor-widget-container\">\n\t\t\t\t\t\t\t\t\t\t\t\t\t\t\t\t<a href=\"https:\/\/www.fosa.fr\/meetingdelair\/wp-content\/uploads\/2026\/02\/2025_A709_148_N_001_012.jpg\" data-elementor-open-lightbox=\"yes\" data-elementor-lightbox-title=\"2025_A709_148_N_001_012\" data-e-action-hash=\"#elementor-action%3Aaction%3Dlightbox%26settings%3DeyJpZCI6NDI5MDAsInVybCI6Imh0dHBzOlwvXC93d3cuZm9zYS5mclwvbWVldGluZ2RlbGFpclwvd3AtY29udGVudFwvdXBsb2Fkc1wvMjAyNlwvMDJcLzIwMjVfQTcwOV8xNDhfTl8wMDFfMDEyLmpwZyJ9\">\n\t\t\t\t\t\t\t<img loading=\"lazy\" decoding=\"async\" width=\"1024\" height=\"683\" src=\"https:\/\/www.fosa.fr\/meetingdelair\/wp-content\/uploads\/2026\/02\/2025_A709_148_N_001_012-1024x683.jpg\" class=\"attachment-large size-large wp-image-42900\" alt=\"\" srcset=\"https:\/\/www.fosa.fr\/meetingdelair\/wp-content\/uploads\/2026\/02\/2025_A709_148_N_001_012-1024x683.jpg 1024w, https:\/\/www.fosa.fr\/meetingdelair\/wp-content\/uploads\/2026\/02\/2025_A709_148_N_001_012-300x200.jpg 300w, https:\/\/www.fosa.fr\/meetingdelair\/wp-content\/uploads\/2026\/02\/2025_A709_148_N_001_012-768x512.jpg 768w, https:\/\/www.fosa.fr\/meetingdelair\/wp-content\/uploads\/2026\/02\/2025_A709_148_N_001_012-1536x1024.jpg 1536w, https:\/\/www.fosa.fr\/meetingdelair\/wp-content\/uploads\/2026\/02\/2025_A709_148_N_001_012-272x182.jpg 272w, https:\/\/www.fosa.fr\/meetingdelair\/wp-content\/uploads\/2026\/02\/2025_A709_148_N_001_012.jpg 1920w\" sizes=\"(max-width: 1024px) 100vw, 1024px\" \/>\t\t\t\t\t\t\t\t<\/a>\n\t\t\t\t\t\t\t\t\t\t\t\t\t\t\t<\/div>\n\t\t\t\t<\/div>\n\t\t\t\t\t<\/div>\n\t\t<\/div>\n\t\t\t\t<div class=\"elementor-column elementor-col-50 elementor-top-column elementor-element elementor-element-165c1e33\" data-id=\"165c1e33\" data-element_type=\"column\" data-e-type=\"column\">\n\t\t\t<div class=\"elementor-widget-wrap elementor-element-populated\">\n\t\t\t\t\t\t<div class=\"elementor-element elementor-element-29e935a2 elementor-widget elementor-widget-text-editor\" data-id=\"29e935a2\" data-element_type=\"widget\" data-e-type=\"widget\" data-widget_type=\"text-editor.default\">\n\t\t\t\t<div class=\"elementor-widget-container\">\n\t\t\t\t\t\t\t\t\t<p>La base a\u00e9rienne 709 de Cognac, implant\u00e9e depuis 1938, assure aujourd\u2019hui deux missions principales et compl\u00e9mentaires : la formation des pilotes de chasse, des navigateurs officiers syst\u00e8mes d\u2019armes et des pilotes de transport au sein de l\u2019\u00c9cole de l\u2019Aviation de Chasse 00.315 \u00ab Christian Martell \u00bb, ainsi que la mise en \u0153uvre op\u00e9rationnelle et la formation des \u00e9quipages de drones MALE Reaper au sein de la 33\u00e8me Escadre de Surveillance, de Reconnaissance et d\u2019Attaque.<\/p><p>Implant\u00e9e sur les communes de Ch\u00e2teaubernard et Gent\u00e9 depuis 1938, la base a\u00e9rienne de Cognac s\u2019\u00e9tend sur 465 hectares.<\/p><p>Le site compte \u00e0 ce jour environ 1800 personnes militaires et civils de la d\u00e9fense, et dispose de deux pistes de 2400 m et 1800 m.<\/p><p>La base accueille l\u2019\u00c9cole de l\u2019Aviation de Chasse 00.315 \u00ab Christian Martell \u00bb, la 33\u00e8me Escadre de Surveillance, de Reconnaissance et d\u2019Attaque ainsi qu\u2019un nombre important d\u2019unit\u00e9s de soutien.<\/p><p>Dans le cadre de l\u2019externalisation de l\u2019entretien des diff\u00e9rents avions \u00e9coles, deux soci\u00e9t\u00e9s civiles sont pr\u00e9sentes sur la base.<\/p><p>Par ailleurs, la base a\u00e9rienne assure une contribution importante \u00e0 la mission de posture permanente de s\u00fbret\u00e9 a\u00e9rienne gr\u00e2ce \u00e0 ses moyens de d\u00e9tection et de communication participant au r\u00e9seau national de d\u00e9fense a\u00e9rienne.<\/p><p>La base a\u00e9rienne est \u00e9galement en mesure d\u2019accueillir 24H\/24 et 7j\/7 des appareils de transport d\u2019organes dans le cadre de la mission de service public (biom\u00e9decine).<\/p>\t\t\t\t\t\t\t\t<\/div>\n\t\t\t\t<\/div>\n\t\t\t\t\t<\/div>\n\t\t<\/div>\n\t\t\t\t\t<\/div>\n\t\t<\/section>\n\t\t\t\t<section class=\"elementor-section elementor-top-section elementor-element elementor-element-116a44f4 elementor-section-boxed elementor-section-height-default elementor-section-height-default\" data-id=\"116a44f4\" data-element_type=\"section\" data-e-type=\"section\">\n\t\t\t\t\t\t<div class=\"elementor-container elementor-column-gap-default\">\n\t\t\t\t\t<div class=\"elementor-column elementor-col-100 elementor-top-column elementor-element elementor-element-248d4db6\" data-id=\"248d4db6\" data-element_type=\"column\" data-e-type=\"column\">\n\t\t\t<div class=\"elementor-widget-wrap elementor-element-populated\">\n\t\t\t\t\t\t<div class=\"elementor-element elementor-element-11bcb3bb elementor-widget elementor-widget-heading\" data-id=\"11bcb3bb\" data-element_type=\"widget\" data-e-type=\"widget\" data-widget_type=\"heading.default\">\n\t\t\t\t<div class=\"elementor-widget-container\">\n\t\t\t\t\t<h3 class=\"elementor-heading-title elementor-size-default\">Missions sp\u00e9cifiques :<\/h3>\t\t\t\t<\/div>\n\t\t\t\t<\/div>\n\t\t\t\t\t<\/div>\n\t\t<\/div>\n\t\t\t\t\t<\/div>\n\t\t<\/section>\n\t\t\t\t<section class=\"elementor-section elementor-top-section elementor-element elementor-element-2a300c51 elementor-section-boxed elementor-section-height-default elementor-section-height-default\" data-id=\"2a300c51\" data-element_type=\"section\" data-e-type=\"section\">\n\t\t\t\t\t\t<div class=\"elementor-container elementor-column-gap-default\">\n\t\t\t\t\t<div class=\"elementor-column elementor-col-50 elementor-top-column elementor-element elementor-element-594dcc63\" data-id=\"594dcc63\" data-element_type=\"column\" data-e-type=\"column\">\n\t\t\t<div class=\"elementor-widget-wrap elementor-element-populated\">\n\t\t\t\t\t\t<div class=\"elementor-element elementor-element-426e3311 elementor-widget elementor-widget-image\" data-id=\"426e3311\" data-element_type=\"widget\" data-e-type=\"widget\" data-widget_type=\"image.default\">\n\t\t\t\t<div class=\"elementor-widget-container\">\n\t\t\t\t\t\t\t\t\t\t\t\t\t\t\t<img loading=\"lazy\" decoding=\"async\" width=\"161\" height=\"150\" src=\"https:\/\/www.fosa.fr\/meetingdelair\/wp-content\/uploads\/2026\/02\/EAC-h150.png\" class=\"attachment-large size-large wp-image-42901\" alt=\"\" \/>\t\t\t\t\t\t\t\t\t\t\t\t\t\t\t<\/div>\n\t\t\t\t<\/div>\n\t\t\t\t<div class=\"elementor-element elementor-element-360ff913 elementor-widget elementor-widget-text-editor\" data-id=\"360ff913\" data-element_type=\"widget\" data-e-type=\"widget\" data-widget_type=\"text-editor.default\">\n\t\t\t\t<div class=\"elementor-widget-container\">\n\t\t\t\t\t\t\t\t\t<p><strong><span style=\"font-size: 12pt;\"><em><u>L\u2019\u00c9cole de l\u2019Aviation de Chasse 00.315 :<\/u><\/em><\/span><\/strong><\/p><ul><li>Formation de base des \u00e9l\u00e8ves pilotes et navigateurs officiers syst\u00e8me d&#8217;armes\u00a0;<\/li><li>Formation des sous-officiers \u00e9l\u00e8ves moniteurs simulateurs\u00a0;<\/li><li>Formation et progression professionnelle des instructeurs\u00a0;<\/li><li>Formation p\u00e9dagogique des moniteurs et instructeurs pilotes\u00a0;<\/li><li>Formation pratique des pilotes moniteurs\u00a0;<\/li><\/ul><p data-start=\"33\" data-end=\"488\">Formation du personnel navigant de l\u2019a\u00e9ronautique navale ainsi que certains partenaires <\/p>\t\t\t\t\t\t\t\t<\/div>\n\t\t\t\t<\/div>\n\t\t\t\t\t<\/div>\n\t\t<\/div>\n\t\t\t\t<div class=\"elementor-column elementor-col-50 elementor-top-column elementor-element elementor-element-2ab8f2ea\" data-id=\"2ab8f2ea\" data-element_type=\"column\" data-e-type=\"column\">\n\t\t\t<div class=\"elementor-widget-wrap elementor-element-populated\">\n\t\t\t\t\t\t<div class=\"elementor-element elementor-element-6bffb421 elementor-widget elementor-widget-image\" data-id=\"6bffb421\" data-element_type=\"widget\" data-e-type=\"widget\" data-widget_type=\"image.default\">\n\t\t\t\t<div class=\"elementor-widget-container\">\n\t\t\t\t\t\t\t\t\t\t\t\t\t\t\t\t<a href=\"https:\/\/www.fosa.fr\/meetingdelair\/wp-content\/uploads\/2026\/02\/2025_A126_008_K_001_020v2.jpg\" data-elementor-open-lightbox=\"yes\" data-elementor-lightbox-title=\"2025_A126_008_K_001_020v2\" data-e-action-hash=\"#elementor-action%3Aaction%3Dlightbox%26settings%3DeyJpZCI6NDI5MTAsInVybCI6Imh0dHBzOlwvXC93d3cuZm9zYS5mclwvbWVldGluZ2RlbGFpclwvd3AtY29udGVudFwvdXBsb2Fkc1wvMjAyNlwvMDJcLzIwMjVfQTEyNl8wMDhfS18wMDFfMDIwdjIuanBnIn0%3D\">\n\t\t\t\t\t\t\t<img loading=\"lazy\" decoding=\"async\" width=\"1024\" height=\"576\" src=\"https:\/\/www.fosa.fr\/meetingdelair\/wp-content\/uploads\/2026\/02\/2025_A126_008_K_001_020v2-1024x576.jpg\" class=\"attachment-large size-large wp-image-42910\" alt=\"\" srcset=\"https:\/\/www.fosa.fr\/meetingdelair\/wp-content\/uploads\/2026\/02\/2025_A126_008_K_001_020v2-1024x576.jpg 1024w, https:\/\/www.fosa.fr\/meetingdelair\/wp-content\/uploads\/2026\/02\/2025_A126_008_K_001_020v2-300x169.jpg 300w, https:\/\/www.fosa.fr\/meetingdelair\/wp-content\/uploads\/2026\/02\/2025_A126_008_K_001_020v2-768x432.jpg 768w, https:\/\/www.fosa.fr\/meetingdelair\/wp-content\/uploads\/2026\/02\/2025_A126_008_K_001_020v2-1536x864.jpg 1536w, https:\/\/www.fosa.fr\/meetingdelair\/wp-content\/uploads\/2026\/02\/2025_A126_008_K_001_020v2.jpg 1600w\" sizes=\"(max-width: 1024px) 100vw, 1024px\" \/>\t\t\t\t\t\t\t\t<\/a>\n\t\t\t\t\t\t\t\t\t\t\t\t\t\t\t<\/div>\n\t\t\t\t<\/div>\n\t\t\t\t\t<\/div>\n\t\t<\/div>\n\t\t\t\t\t<\/div>\n\t\t<\/section>\n\t\t\t\t<section class=\"elementor-section elementor-top-section elementor-element elementor-element-64915715 elementor-section-boxed elementor-section-height-default elementor-section-height-default\" data-id=\"64915715\" data-element_type=\"section\" data-e-type=\"section\">\n\t\t\t\t\t\t<div class=\"elementor-container elementor-column-gap-default\">\n\t\t\t\t\t<div class=\"elementor-column elementor-col-50 elementor-top-column elementor-element elementor-element-45f8511\" data-id=\"45f8511\" data-element_type=\"column\" data-e-type=\"column\">\n\t\t\t<div class=\"elementor-widget-wrap elementor-element-populated\">\n\t\t\t\t\t\t<div class=\"elementor-element elementor-element-66d94911 elementor-widget elementor-widget-image\" data-id=\"66d94911\" data-element_type=\"widget\" data-e-type=\"widget\" data-widget_type=\"image.default\">\n\t\t\t\t<div class=\"elementor-widget-container\">\n\t\t\t\t\t\t\t\t\t\t\t\t\t\t\t\t<a href=\"https:\/\/www.fosa.fr\/meetingdelair\/wp-content\/uploads\/2026\/02\/2023_A709_030_C_001_024.jpg\" data-elementor-open-lightbox=\"yes\" data-elementor-lightbox-title=\"2023_A709_030_C_001_024\" data-e-action-hash=\"#elementor-action%3Aaction%3Dlightbox%26settings%3DeyJpZCI6NDI4OTMsInVybCI6Imh0dHBzOlwvXC93d3cuZm9zYS5mclwvbWVldGluZ2RlbGFpclwvd3AtY29udGVudFwvdXBsb2Fkc1wvMjAyNlwvMDJcLzIwMjNfQTcwOV8wMzBfQ18wMDFfMDI0LmpwZyJ9\">\n\t\t\t\t\t\t\t<img loading=\"lazy\" decoding=\"async\" width=\"1024\" height=\"683\" src=\"https:\/\/www.fosa.fr\/meetingdelair\/wp-content\/uploads\/2026\/02\/2023_A709_030_C_001_024-1024x683.jpg\" class=\"attachment-large size-large wp-image-42893\" alt=\"\" srcset=\"https:\/\/www.fosa.fr\/meetingdelair\/wp-content\/uploads\/2026\/02\/2023_A709_030_C_001_024-1024x683.jpg 1024w, https:\/\/www.fosa.fr\/meetingdelair\/wp-content\/uploads\/2026\/02\/2023_A709_030_C_001_024-300x200.jpg 300w, https:\/\/www.fosa.fr\/meetingdelair\/wp-content\/uploads\/2026\/02\/2023_A709_030_C_001_024-768x512.jpg 768w, https:\/\/www.fosa.fr\/meetingdelair\/wp-content\/uploads\/2026\/02\/2023_A709_030_C_001_024-1536x1024.jpg 1536w, https:\/\/www.fosa.fr\/meetingdelair\/wp-content\/uploads\/2026\/02\/2023_A709_030_C_001_024-272x182.jpg 272w, https:\/\/www.fosa.fr\/meetingdelair\/wp-content\/uploads\/2026\/02\/2023_A709_030_C_001_024.jpg 1920w\" sizes=\"(max-width: 1024px) 100vw, 1024px\" \/>\t\t\t\t\t\t\t\t<\/a>\n\t\t\t\t\t\t\t\t\t\t\t\t\t\t\t<\/div>\n\t\t\t\t<\/div>\n\t\t\t\t\t<\/div>\n\t\t<\/div>\n\t\t\t\t<div class=\"elementor-column elementor-col-50 elementor-top-column elementor-element elementor-element-4f712d7e\" data-id=\"4f712d7e\" data-element_type=\"column\" data-e-type=\"column\">\n\t\t\t<div class=\"elementor-widget-wrap elementor-element-populated\">\n\t\t\t\t\t\t<div class=\"elementor-element elementor-element-614da2ea elementor-widget elementor-widget-image\" data-id=\"614da2ea\" data-element_type=\"widget\" data-e-type=\"widget\" data-widget_type=\"image.default\">\n\t\t\t\t<div class=\"elementor-widget-container\">\n\t\t\t\t\t\t\t\t\t\t\t\t\t\t\t<img loading=\"lazy\" decoding=\"async\" width=\"155\" height=\"150\" src=\"https:\/\/www.fosa.fr\/meetingdelair\/wp-content\/uploads\/2026\/02\/33ESRA-H150.png\" class=\"attachment-large size-large wp-image-42902\" alt=\"\" \/>\t\t\t\t\t\t\t\t\t\t\t\t\t\t\t<\/div>\n\t\t\t\t<\/div>\n\t\t\t\t<div class=\"elementor-element elementor-element-279fa7e3 elementor-widget elementor-widget-text-editor\" data-id=\"279fa7e3\" data-element_type=\"widget\" data-e-type=\"widget\" data-widget_type=\"text-editor.default\">\n\t\t\t\t<div class=\"elementor-widget-container\">\n\t\t\t\t\t\t\t\t\t<p><span style=\"font-size: 12pt;\"><strong><em><u>La 33\u00e8me Escadre de Surveillance, de Reconnaissance et d\u2019Attaque :<\/u><\/em><\/strong><\/span><\/p><p>Recr\u00e9\u00e9e \u00e0 l\u2019\u00e9t\u00e9 2018 sur la base a\u00e9rienne 709 de Cognac-Ch\u00e2teaubernard, la 33\u00e8me Escadre de Surveillance, de Reconnaissance et d\u2019Attaque met en \u0153uvre les drones MALE Reaper de l\u2019arm\u00e9e de l\u2019air et de l\u2019Espace.<\/p><p>Elle permet\u00a0:<\/p><ul><li>Formation initiale et op\u00e9rationnelle des \u00e9quipages\u00a0;<\/li><li>Participation aux op\u00e9rations ext\u00e9rieures\u00a0;<\/li><li>Participation aux dispositifs particuliers de s\u00fbret\u00e9 a\u00e9rienne sur le territoire national\u00a0;<\/li><li>D\u00e9veloppement et \u00e9volution des syst\u00e8mes ISR\u00a0;<\/li><li>Maintenance et soutien technique des syst\u00e8mes.<\/li><\/ul><p>Elle comprend notamment :<\/p><ul><li>L\u2019Escadron Drone 01.033 \u00ab BELFORT \u00bb ;<\/li><li>L\u2019Escadron Drone 02.033 \u00ab SAVOIE \u00bb ;<\/li><li>L\u2019Escadron de Transition Op\u00e9rationnelle 03.033 \u00ab MOSELLE \u00bb ;<\/li><li>L\u2019Escadron de Reconnaissance 04.033 \u00ab PERIGORD \u00bb ;<\/li><li>L\u2019Escadron de Soutien Technique A\u00e9ronautique 15.033 \u00ab COGNAC \u00bb.<\/li><\/ul>\t\t\t\t\t\t\t\t<\/div>\n\t\t\t\t<\/div>\n\t\t\t\t\t<\/div>\n\t\t<\/div>\n\t\t\t\t\t<\/div>\n\t\t<\/section>\n\t\t\t\t<section class=\"elementor-section elementor-top-section elementor-element elementor-element-7c838187 elementor-section-boxed elementor-section-height-default elementor-section-height-default\" data-id=\"7c838187\" data-element_type=\"section\" data-e-type=\"section\">\n\t\t\t\t\t\t<div class=\"elementor-container elementor-column-gap-default\">\n\t\t\t\t\t<div class=\"elementor-column elementor-col-100 elementor-top-column elementor-element elementor-element-1722ce50\" data-id=\"1722ce50\" data-element_type=\"column\" data-e-type=\"column\">\n\t\t\t<div class=\"elementor-widget-wrap elementor-element-populated\">\n\t\t\t\t\t\t<div class=\"elementor-element elementor-element-7fe76cda elementor-widget elementor-widget-text-editor\" data-id=\"7fe76cda\" data-element_type=\"widget\" data-e-type=\"widget\" data-widget_type=\"text-editor.default\">\n\t\t\t\t<div class=\"elementor-widget-container\">\n\t\t\t\t\t\t\t\t\t<p><strong><span style=\"font-size: 12pt;\"><u>Missions \u00e0 caract\u00e8re op\u00e9rationnel :<\/u><\/span><\/strong><\/p><p><em><u>Projection de puissance :<\/u><\/em><\/p><ul><li>Participation aux op\u00e9rations sur les diff\u00e9rents th\u00e9\u00e2tres d&#8217;op\u00e9rations ext\u00e9rieures,<br \/>participation \u00e0 la constitution d&#8217;une base de th\u00e9\u00e2tre.<\/li><\/ul><p><em><u>Aide au service public :<\/u><\/em><\/p><ul><li>Participation du personnel aux missions int\u00e9rieures (pollution maritime, Vigipirate, &#8230;) et aux diff\u00e9rents plans d&#8217;aide aux populations (ORSEC).<\/li><\/ul><p><strong><span style=\"font-size: 12pt;\"><u>Missions de d\u00e9fense a\u00e9rienne :<\/u><\/span><\/strong><\/p><p>Dans ce cadre, la base dispose de diff\u00e9rents moyens qui concourent \u00e0 cette mission :<\/p><ul><li>Moyens de d\u00e9tection et de communication\u00a0;<\/li><li>Moyens de t\u00e9l\u00e9communication\u00a0;<\/li><li>Plateforme elle-m\u00eame pour l&#8217;accueil de la permanence op\u00e9rationnelle,<br \/>constitution de d\u00e9tachements a\u00e9riens de Pilatus PC-21 dans le cadre de la protection a\u00e9rienne de points sensibles.<\/li><\/ul><p><strong><span style=\"font-size: 12pt;\"><u>Missions de support et de soutien d\u2019unit\u00e9s :<\/u><\/span><\/strong><\/p><ul><li>Support et soutien des unit\u00e9s de passage sur la base a\u00e9rienne\u00a0;<\/li><li>Service d&#8217;a\u00e9rodrome sur les terrains de Saintes et de Rochefort\u00a0;<\/li><li>Support administratif des personnels &#8220;air&#8221; affect\u00e9s dans les participations air aupr\u00e8s du centre du service national de Limoges et du bureau du service national de Poitiers.<\/li><\/ul><p><span style=\"font-size: 12pt;\"><strong><u>Mission au profit de la direction du service national\u00a0: <\/u><\/strong><\/span><\/p><ul><li>Accueil des journ\u00e9es d\u00e9fense et citoyennet\u00e9.<\/li><\/ul>\t\t\t\t\t\t\t\t<\/div>\n\t\t\t\t<\/div>\n\t\t\t\t\t<\/div>\n\t\t<\/div>\n\t\t\t\t\t<\/div>\n\t\t<\/section>\n\t\t\t\t<section class=\"elementor-section elementor-top-section elementor-element elementor-element-104604fe elementor-section-boxed elementor-section-height-default elementor-section-height-default\" data-id=\"104604fe\" data-element_type=\"section\" data-e-type=\"section\" data-settings=\"{&quot;background_background&quot;:&quot;classic&quot;}\">\n\t\t\t\t\t\t<div class=\"elementor-container elementor-column-gap-default\">\n\t\t\t\t\t<div class=\"elementor-column elementor-col-33 elementor-top-column elementor-element elementor-element-62c949d3\" data-id=\"62c949d3\" data-element_type=\"column\" data-e-type=\"column\">\n\t\t\t<div class=\"elementor-widget-wrap elementor-element-populated\">\n\t\t\t\t\t\t<div class=\"elementor-element elementor-element-58020d0b elementor-widget elementor-widget-heading\" data-id=\"58020d0b\" data-element_type=\"widget\" data-e-type=\"widget\" data-widget_type=\"heading.default\">\n\t\t\t\t<div class=\"elementor-widget-container\">\n\t\t\t\t\t<h2 class=\"elementor-heading-title elementor-size-default\">FOSA <\/h2>\t\t\t\t<\/div>\n\t\t\t\t<\/div>\n\t\t\t\t<div class=\"elementor-element elementor-element-71e866df elementor-widget elementor-widget-image\" data-id=\"71e866df\" data-element_type=\"widget\" data-e-type=\"widget\" data-widget_type=\"image.default\">\n\t\t\t\t<div class=\"elementor-widget-container\">\n\t\t\t\t\t\t\t\t\t\t\t\t\t\t\t<img loading=\"lazy\" decoding=\"async\" width=\"100\" height=\"100\" src=\"https:\/\/www.fosa.fr\/meetingdelair\/wp-content\/uploads\/2026\/01\/Logo-FOSA-90ans-100pix.png\" class=\"attachment-large size-large wp-image-41751\" alt=\"\" \/>\t\t\t\t\t\t\t\t\t\t\t\t\t\t\t<\/div>\n\t\t\t\t<\/div>\n\t\t\t\t<div class=\"elementor-element elementor-element-4a8291c9 elementor-shape-circle elementor-grid-0 e-grid-align-center elementor-widget elementor-widget-social-icons\" data-id=\"4a8291c9\" data-element_type=\"widget\" data-e-type=\"widget\" data-widget_type=\"social-icons.default\">\n\t\t\t\t<div class=\"elementor-widget-container\">\n\t\t\t\t\t\t\t<div class=\"elementor-social-icons-wrapper elementor-grid\" role=\"list\">\n\t\t\t\t\t\t\t<span class=\"elementor-grid-item\" role=\"listitem\">\n\t\t\t\t\t<a class=\"elementor-icon elementor-social-icon elementor-social-icon-facebook elementor-animation-grow elementor-repeater-item-ec919cf\" href=\"https:\/\/www.facebook.com\/fosasolidarite\/\" target=\"_blank\">\n\t\t\t\t\t\t<span class=\"elementor-screen-only\">Facebook<\/span>\n\t\t\t\t\t\t<i aria-hidden=\"true\" class=\"fab fa-facebook\"><\/i>\t\t\t\t\t<\/a>\n\t\t\t\t<\/span>\n\t\t\t\t\t\t\t<span class=\"elementor-grid-item\" role=\"listitem\">\n\t\t\t\t\t<a class=\"elementor-icon elementor-social-icon elementor-social-icon-instagram elementor-animation-grow elementor-repeater-item-77ef1e1\" href=\"https:\/\/www.instagram.com\/fondation_fosa\/\" target=\"_blank\">\n\t\t\t\t\t\t<span class=\"elementor-screen-only\">Instagram<\/span>\n\t\t\t\t\t\t<i aria-hidden=\"true\" class=\"fab fa-instagram\"><\/i>\t\t\t\t\t<\/a>\n\t\t\t\t<\/span>\n\t\t\t\t\t\t\t<span class=\"elementor-grid-item\" role=\"listitem\">\n\t\t\t\t\t<a class=\"elementor-icon elementor-social-icon elementor-social-icon-linkedin elementor-animation-grow elementor-repeater-item-184d205\" href=\"https:\/\/www.linkedin.com\/in\/fondation-fosa-8b42a81b5\/\" target=\"_blank\">\n\t\t\t\t\t\t<span class=\"elementor-screen-only\">Linkedin<\/span>\n\t\t\t\t\t\t<i aria-hidden=\"true\" class=\"fab fa-linkedin\"><\/i>\t\t\t\t\t<\/a>\n\t\t\t\t<\/span>\n\t\t\t\t\t\t\t<span class=\"elementor-grid-item\" role=\"listitem\">\n\t\t\t\t\t<a class=\"elementor-icon elementor-social-icon elementor-social-icon-youtube elementor-animation-grow elementor-repeater-item-e1d529f\" href=\"https:\/\/www.youtube.com\/@FOSAofficiel\" target=\"_blank\">\n\t\t\t\t\t\t<span class=\"elementor-screen-only\">Youtube<\/span>\n\t\t\t\t\t\t<i aria-hidden=\"true\" class=\"fab fa-youtube\"><\/i>\t\t\t\t\t<\/a>\n\t\t\t\t<\/span>\n\t\t\t\t\t<\/div>\n\t\t\t\t\t\t<\/div>\n\t\t\t\t<\/div>\n\t\t\t\t\t<\/div>\n\t\t<\/div>\n\t\t\t\t<div class=\"elementor-column elementor-col-33 elementor-top-column elementor-element elementor-element-513534cf\" data-id=\"513534cf\" data-element_type=\"column\" data-e-type=\"column\">\n\t\t\t<div class=\"elementor-widget-wrap elementor-element-populated\">\n\t\t\t\t\t\t<div class=\"elementor-element elementor-element-444b43ee elementor-widget elementor-widget-heading\" data-id=\"444b43ee\" data-element_type=\"widget\" data-e-type=\"widget\" data-widget_type=\"heading.default\">\n\t\t\t\t<div class=\"elementor-widget-container\">\n\t\t\t\t\t<h2 class=\"elementor-heading-title elementor-size-default\">\u00a92026 Fondation des \u0152uvres Sociales de l'Air \/ Arm\u00e9e de l'Air et de l'Espace -Tous droits r\u00e9serv\u00e9<\/h2>\t\t\t\t<\/div>\n\t\t\t\t<\/div>\n\t\t\t\t<div class=\"elementor-element elementor-element-621d133f elementor-widget elementor-widget-heading\" data-id=\"621d133f\" data-element_type=\"widget\" data-e-type=\"widget\" data-widget_type=\"heading.default\">\n\t\t\t\t<div class=\"elementor-widget-container\">\n\t\t\t\t\t<h2 class=\"elementor-heading-title elementor-size-default\">Cr\u00e9dits photos \u00a9 2026 SIRPA Air et Espace - Arm\u00e9e de l'Air et de l'Espace - \/ Concours Photos Spotters - Fondation des \u0152uvres Sociales de l'Air \/Tous droits r\u00e9serv\u00e9s<\/h2>\t\t\t\t<\/div>\n\t\t\t\t<\/div>\n\t\t\t\t<div class=\"elementor-element elementor-element-19c10e97 elementor-align-center elementor-widget elementor-widget-button\" data-id=\"19c10e97\" data-element_type=\"widget\" data-e-type=\"widget\" data-widget_type=\"button.default\">\n\t\t\t\t<div class=\"elementor-widget-container\">\n\t\t\t\t\t\t\t\t\t<div class=\"elementor-button-wrapper\">\n\t\t\t\t\t<a class=\"elementor-button elementor-button-link elementor-size-sm elementor-animation-grow\" href=\"https:\/\/www.fosa.fr\/meetingdelair\/mentions-legales\/\">\n\t\t\t\t\t\t<span class=\"elementor-button-content-wrapper\">\n\t\t\t\t\t\t\t\t\t<span class=\"elementor-button-text\">Mentions L\u00e9gales<\/span>\n\t\t\t\t\t<\/span>\n\t\t\t\t\t<\/a>\n\t\t\t\t<\/div>\n\t\t\t\t\t\t\t\t<\/div>\n\t\t\t\t<\/div>\n\t\t\t\t\t<\/div>\n\t\t<\/div>\n\t\t\t\t<div class=\"elementor-column elementor-col-33 elementor-top-column elementor-element elementor-element-7e03c75b\" data-id=\"7e03c75b\" data-element_type=\"column\" data-e-type=\"column\" data-settings=\"{&quot;background_background&quot;:&quot;classic&quot;}\">\n\t\t\t<div class=\"elementor-widget-wrap elementor-element-populated\">\n\t\t\t\t\t\t<div class=\"elementor-element elementor-element-5a775ff2 elementor-widget elementor-widget-heading\" data-id=\"5a775ff2\" data-element_type=\"widget\" data-e-type=\"widget\" data-widget_type=\"heading.default\">\n\t\t\t\t<div class=\"elementor-widget-container\">\n\t\t\t\t\t<h2 class=\"elementor-heading-title elementor-size-default\">BA 709 Cognac-Ch\u00e2teaubernard<\/h2>\t\t\t\t<\/div>\n\t\t\t\t<\/div>\n\t\t\t\t<div class=\"elementor-element elementor-element-33373fd7 elementor-widget elementor-widget-image\" data-id=\"33373fd7\" data-element_type=\"widget\" data-e-type=\"widget\" data-widget_type=\"image.default\">\n\t\t\t\t<div class=\"elementor-widget-container\">\n\t\t\t\t\t\t\t\t\t\t\t\t\t\t\t<img loading=\"lazy\" decoding=\"async\" width=\"88\" height=\"100\" src=\"https:\/\/www.fosa.fr\/meetingdelair\/wp-content\/uploads\/2026\/01\/BA-709-h100pix.png\" class=\"attachment-large size-large wp-image-41781\" alt=\"\" \/>\t\t\t\t\t\t\t\t\t\t\t\t\t\t\t<\/div>\n\t\t\t\t<\/div>\n\t\t\t\t<div class=\"elementor-element elementor-element-80c5a18 elementor-shape-circle elementor-grid-0 e-grid-align-center elementor-widget elementor-widget-social-icons\" data-id=\"80c5a18\" data-element_type=\"widget\" data-e-type=\"widget\" data-widget_type=\"social-icons.default\">\n\t\t\t\t<div class=\"elementor-widget-container\">\n\t\t\t\t\t\t\t<div class=\"elementor-social-icons-wrapper elementor-grid\" role=\"list\">\n\t\t\t\t\t\t\t<span class=\"elementor-grid-item\" role=\"listitem\">\n\t\t\t\t\t<a class=\"elementor-icon elementor-social-icon elementor-social-icon-facebook elementor-animation-grow elementor-repeater-item-ec919cf\" href=\"https:\/\/www.facebook.com\/baseaerienne709Cognac\" target=\"_blank\">\n\t\t\t\t\t\t<span class=\"elementor-screen-only\">Facebook<\/span>\n\t\t\t\t\t\t<i aria-hidden=\"true\" class=\"fab fa-facebook\"><\/i>\t\t\t\t\t<\/a>\n\t\t\t\t<\/span>\n\t\t\t\t\t\t\t<span class=\"elementor-grid-item\" role=\"listitem\">\n\t\t\t\t\t<a class=\"elementor-icon elementor-social-icon elementor-social-icon-instagram elementor-animation-grow elementor-repeater-item-77ef1e1\" href=\"https:\/\/www.instagram.com\/ba709_cognac\/\" target=\"_blank\">\n\t\t\t\t\t\t<span class=\"elementor-screen-only\">Instagram<\/span>\n\t\t\t\t\t\t<i aria-hidden=\"true\" class=\"fab fa-instagram\"><\/i>\t\t\t\t\t<\/a>\n\t\t\t\t<\/span>\n\t\t\t\t\t\t\t<span class=\"elementor-grid-item\" role=\"listitem\">\n\t\t\t\t\t<a class=\"elementor-icon elementor-social-icon elementor-social-icon-linkedin elementor-animation-grow elementor-repeater-item-b907fc7\" href=\"https:\/\/www.linkedin.com\/company\/base-a%C3%A9rienne-709-cognac-ch%C3%A2teaubernard\" target=\"_blank\">\n\t\t\t\t\t\t<span class=\"elementor-screen-only\">Linkedin<\/span>\n\t\t\t\t\t\t<i aria-hidden=\"true\" class=\"fab fa-linkedin\"><\/i>\t\t\t\t\t<\/a>\n\t\t\t\t<\/span>\n\t\t\t\t\t<\/div>\n\t\t\t\t\t\t<\/div>\n\t\t\t\t<\/div>\n\t\t\t\t\t<\/div>\n\t\t<\/div>\n\t\t\t\t\t<\/div>\n\t\t<\/section>\n\t\t\t\t<\/div>\n\t\t","protected":false},"excerpt":{"rendered":"<p>30 &amp; 31 MAI 2026 Organis\u00e9 par la Fondation des \u0152uvres Sociales de l&#8217;Air ESPACE SPOTTERS La base A\u00e9rienne 709 de Cognac-Ch\u00e2teaubernard Cr\u00e9\u00e9e en 1938, la base a\u00e9rienne de Cognac a connu une histoire riche et mouvement\u00e9e. Occup\u00e9e par la &hellip; <a class=\"kt-excerpt-readmore\" href=\"https:\/\/www.fosa.fr\/meetingdelair\/la-base-aerienne-709\/\" aria-label=\"La Base A\u00e9rienne 709\">Lire la suite<\/a><\/p>\n","protected":false},"author":1,"featured_media":42071,"parent":0,"menu_order":121,"comment_status":"closed","ping_status":"closed","template":"elementor_canvas","meta":{"footnotes":""},"coauthors":[19],"class_list":["post-43113","page","type-page","status-publish","has-post-thumbnail","hentry"],"yoast_head":"<!-- This site is optimized with the Yoast SEO plugin v27.4 - https:\/\/yoast.com\/product\/yoast-seo-wordpress\/ -->\n<title>La Base A\u00e9rienne 709 - Meeting de l&#039;Air de la FOSA<\/title>\n<meta name=\"description\" content=\"Pr\u00e9sentation de la Base A\u00e9rienne 709 de Cognac-Ch\u00e2teaubernard qui accueillera le Meeting de l&#039;Air les 30 et 31 Mai 2026.\" \/>\n<meta name=\"robots\" content=\"index, follow, max-snippet:-1, max-image-preview:large, max-video-preview:-1\" \/>\n<link rel=\"canonical\" href=\"https:\/\/www.fosa.fr\/meetingdelair\/la-base-aerienne-709\/\" \/>\n<meta property=\"og:locale\" content=\"fr_FR\" \/>\n<meta property=\"og:type\" content=\"article\" \/>\n<meta property=\"og:title\" content=\"La Base A\u00e9rienne 709 - Meeting de l&#039;Air de la FOSA\" \/>\n<meta property=\"og:description\" content=\"Pr\u00e9sentation de la Base A\u00e9rienne 709 de Cognac-Ch\u00e2teaubernard qui accueillera le Meeting de l&#039;Air les 30 et 31 Mai 2026.\" \/>\n<meta property=\"og:url\" content=\"https:\/\/www.fosa.fr\/meetingdelair\/la-base-aerienne-709\/\" \/>\n<meta property=\"og:site_name\" content=\"Meeting de l&#039;Air de la FOSA\" \/>\n<meta property=\"article:modified_time\" content=\"2026-03-11T13:37:52+00:00\" \/>\n<meta property=\"og:image\" content=\"https:\/\/www.fosa.fr\/meetingdelair\/wp-content\/uploads\/2026\/01\/Meeting-de-lAir-de-Cognac-Chateaubernard-2026-Affiche-H800.jpg\" \/>\n\t<meta property=\"og:image:width\" content=\"566\" \/>\n\t<meta property=\"og:image:height\" content=\"800\" \/>\n\t<meta property=\"og:image:type\" content=\"image\/jpeg\" \/>\n<meta name=\"twitter:label1\" content=\"Written by\" \/>\n\t<meta name=\"twitter:data1\" content=\"fondationfosa\" \/>\n<script type=\"application\/ld+json\" class=\"yoast-schema-graph\">{\"@context\":\"https:\\\/\\\/schema.org\",\"@graph\":[{\"@type\":\"WebPage\",\"@id\":\"https:\\\/\\\/www.fosa.fr\\\/meetingdelair\\\/la-base-aerienne-709\\\/\",\"url\":\"https:\\\/\\\/www.fosa.fr\\\/meetingdelair\\\/la-base-aerienne-709\\\/\",\"name\":\"La Base A\u00e9rienne 709 - Meeting de l&#039;Air de la FOSA\",\"isPartOf\":{\"@id\":\"https:\\\/\\\/www.fosa.fr\\\/meetingdelair\\\/#website\"},\"primaryImageOfPage\":{\"@id\":\"https:\\\/\\\/www.fosa.fr\\\/meetingdelair\\\/la-base-aerienne-709\\\/#primaryimage\"},\"image\":{\"@id\":\"https:\\\/\\\/www.fosa.fr\\\/meetingdelair\\\/la-base-aerienne-709\\\/#primaryimage\"},\"thumbnailUrl\":\"https:\\\/\\\/www.fosa.fr\\\/meetingdelair\\\/wp-content\\\/uploads\\\/2026\\\/01\\\/Meeting-de-lAir-de-Cognac-Chateaubernard-2026-Affiche-H800.jpg\",\"datePublished\":\"2026-03-11T13:34:05+00:00\",\"dateModified\":\"2026-03-11T13:37:52+00:00\",\"description\":\"Pr\u00e9sentation de la Base A\u00e9rienne 709 de Cognac-Ch\u00e2teaubernard qui accueillera le Meeting de l'Air les 30 et 31 Mai 2026.\",\"breadcrumb\":{\"@id\":\"https:\\\/\\\/www.fosa.fr\\\/meetingdelair\\\/la-base-aerienne-709\\\/#breadcrumb\"},\"inLanguage\":\"fr-FR\",\"potentialAction\":[{\"@type\":\"ReadAction\",\"target\":[\"https:\\\/\\\/www.fosa.fr\\\/meetingdelair\\\/la-base-aerienne-709\\\/\"]}]},{\"@type\":\"ImageObject\",\"inLanguage\":\"fr-FR\",\"@id\":\"https:\\\/\\\/www.fosa.fr\\\/meetingdelair\\\/la-base-aerienne-709\\\/#primaryimage\",\"url\":\"https:\\\/\\\/www.fosa.fr\\\/meetingdelair\\\/wp-content\\\/uploads\\\/2026\\\/01\\\/Meeting-de-lAir-de-Cognac-Chateaubernard-2026-Affiche-H800.jpg\",\"contentUrl\":\"https:\\\/\\\/www.fosa.fr\\\/meetingdelair\\\/wp-content\\\/uploads\\\/2026\\\/01\\\/Meeting-de-lAir-de-Cognac-Chateaubernard-2026-Affiche-H800.jpg\",\"width\":566,\"height\":800,\"caption\":\"Meeting de l'Air de Cognac-Ch\u00e2teaubernard -30 et 31 Mai 2026 - Organis\u00e9 par la Fondation des \u0152uvres Sociales de l'Air (FOSA)\"},{\"@type\":\"BreadcrumbList\",\"@id\":\"https:\\\/\\\/www.fosa.fr\\\/meetingdelair\\\/la-base-aerienne-709\\\/#breadcrumb\",\"itemListElement\":[{\"@type\":\"ListItem\",\"position\":1,\"name\":\"Accueil\",\"item\":\"https:\\\/\\\/www.fosa.fr\\\/meetingdelair\\\/\"},{\"@type\":\"ListItem\",\"position\":2,\"name\":\"La Base A\u00e9rienne 709\"}]},{\"@type\":\"WebSite\",\"@id\":\"https:\\\/\\\/www.fosa.fr\\\/meetingdelair\\\/#website\",\"url\":\"https:\\\/\\\/www.fosa.fr\\\/meetingdelair\\\/\",\"name\":\"Meeting de l&#039;Air de la FOSA\",\"description\":\"Meetings de l&#039;Air de Salon-de-Provence 2023\",\"potentialAction\":[{\"@type\":\"SearchAction\",\"target\":{\"@type\":\"EntryPoint\",\"urlTemplate\":\"https:\\\/\\\/www.fosa.fr\\\/meetingdelair\\\/?s={search_term_string}\"},\"query-input\":{\"@type\":\"PropertyValueSpecification\",\"valueRequired\":true,\"valueName\":\"search_term_string\"}}],\"inLanguage\":\"fr-FR\"}]}<\/script>\n<!-- \/ Yoast SEO plugin. -->","yoast_head_json":{"title":"La Base A\u00e9rienne 709 - Meeting de l&#039;Air de la FOSA","description":"Pr\u00e9sentation de la Base A\u00e9rienne 709 de Cognac-Ch\u00e2teaubernard qui accueillera le Meeting de l'Air les 30 et 31 Mai 2026.","robots":{"index":"index","follow":"follow","max-snippet":"max-snippet:-1","max-image-preview":"max-image-preview:large","max-video-preview":"max-video-preview:-1"},"canonical":"https:\/\/www.fosa.fr\/meetingdelair\/la-base-aerienne-709\/","og_locale":"fr_FR","og_type":"article","og_title":"La Base A\u00e9rienne 709 - Meeting de l&#039;Air de la FOSA","og_description":"Pr\u00e9sentation de la Base A\u00e9rienne 709 de Cognac-Ch\u00e2teaubernard qui accueillera le Meeting de l'Air les 30 et 31 Mai 2026.","og_url":"https:\/\/www.fosa.fr\/meetingdelair\/la-base-aerienne-709\/","og_site_name":"Meeting de l&#039;Air de la FOSA","article_modified_time":"2026-03-11T13:37:52+00:00","og_image":[{"width":566,"height":800,"url":"https:\/\/www.fosa.fr\/meetingdelair\/wp-content\/uploads\/2026\/01\/Meeting-de-lAir-de-Cognac-Chateaubernard-2026-Affiche-H800.jpg","type":"image\/jpeg"}],"twitter_misc":{"Written by":"fondationfosa"},"schema":{"@context":"https:\/\/schema.org","@graph":[{"@type":"WebPage","@id":"https:\/\/www.fosa.fr\/meetingdelair\/la-base-aerienne-709\/","url":"https:\/\/www.fosa.fr\/meetingdelair\/la-base-aerienne-709\/","name":"La Base A\u00e9rienne 709 - Meeting de l&#039;Air de la FOSA","isPartOf":{"@id":"https:\/\/www.fosa.fr\/meetingdelair\/#website"},"primaryImageOfPage":{"@id":"https:\/\/www.fosa.fr\/meetingdelair\/la-base-aerienne-709\/#primaryimage"},"image":{"@id":"https:\/\/www.fosa.fr\/meetingdelair\/la-base-aerienne-709\/#primaryimage"},"thumbnailUrl":"https:\/\/www.fosa.fr\/meetingdelair\/wp-content\/uploads\/2026\/01\/Meeting-de-lAir-de-Cognac-Chateaubernard-2026-Affiche-H800.jpg","datePublished":"2026-03-11T13:34:05+00:00","dateModified":"2026-03-11T13:37:52+00:00","description":"Pr\u00e9sentation de la Base A\u00e9rienne 709 de Cognac-Ch\u00e2teaubernard qui accueillera le Meeting de l'Air les 30 et 31 Mai 2026.","breadcrumb":{"@id":"https:\/\/www.fosa.fr\/meetingdelair\/la-base-aerienne-709\/#breadcrumb"},"inLanguage":"fr-FR","potentialAction":[{"@type":"ReadAction","target":["https:\/\/www.fosa.fr\/meetingdelair\/la-base-aerienne-709\/"]}]},{"@type":"ImageObject","inLanguage":"fr-FR","@id":"https:\/\/www.fosa.fr\/meetingdelair\/la-base-aerienne-709\/#primaryimage","url":"https:\/\/www.fosa.fr\/meetingdelair\/wp-content\/uploads\/2026\/01\/Meeting-de-lAir-de-Cognac-Chateaubernard-2026-Affiche-H800.jpg","contentUrl":"https:\/\/www.fosa.fr\/meetingdelair\/wp-content\/uploads\/2026\/01\/Meeting-de-lAir-de-Cognac-Chateaubernard-2026-Affiche-H800.jpg","width":566,"height":800,"caption":"Meeting de l'Air de Cognac-Ch\u00e2teaubernard -30 et 31 Mai 2026 - Organis\u00e9 par la Fondation des \u0152uvres Sociales de l'Air (FOSA)"},{"@type":"BreadcrumbList","@id":"https:\/\/www.fosa.fr\/meetingdelair\/la-base-aerienne-709\/#breadcrumb","itemListElement":[{"@type":"ListItem","position":1,"name":"Accueil","item":"https:\/\/www.fosa.fr\/meetingdelair\/"},{"@type":"ListItem","position":2,"name":"La Base A\u00e9rienne 709"}]},{"@type":"WebSite","@id":"https:\/\/www.fosa.fr\/meetingdelair\/#website","url":"https:\/\/www.fosa.fr\/meetingdelair\/","name":"Meeting de l&#039;Air de la FOSA","description":"Meetings de l&#039;Air de Salon-de-Provence 2023","potentialAction":[{"@type":"SearchAction","target":{"@type":"EntryPoint","urlTemplate":"https:\/\/www.fosa.fr\/meetingdelair\/?s={search_term_string}"},"query-input":{"@type":"PropertyValueSpecification","valueRequired":true,"valueName":"search_term_string"}}],"inLanguage":"fr-FR"}]}},"_links":{"self":[{"href":"https:\/\/www.fosa.fr\/meetingdelair\/wp-json\/wp\/v2\/pages\/43113","targetHints":{"allow":["GET"]}}],"collection":[{"href":"https:\/\/www.fosa.fr\/meetingdelair\/wp-json\/wp\/v2\/pages"}],"about":[{"href":"https:\/\/www.fosa.fr\/meetingdelair\/wp-json\/wp\/v2\/types\/page"}],"author":[{"embeddable":true,"href":"https:\/\/www.fosa.fr\/meetingdelair\/wp-json\/wp\/v2\/users\/1"}],"replies":[{"embeddable":true,"href":"https:\/\/www.fosa.fr\/meetingdelair\/wp-json\/wp\/v2\/comments?post=43113"}],"version-history":[{"count":4,"href":"https:\/\/www.fosa.fr\/meetingdelair\/wp-json\/wp\/v2\/pages\/43113\/revisions"}],"predecessor-version":[{"id":43120,"href":"https:\/\/www.fosa.fr\/meetingdelair\/wp-json\/wp\/v2\/pages\/43113\/revisions\/43120"}],"wp:featuredmedia":[{"embeddable":true,"href":"https:\/\/www.fosa.fr\/meetingdelair\/wp-json\/wp\/v2\/media\/42071"}],"wp:attachment":[{"href":"https:\/\/www.fosa.fr\/meetingdelair\/wp-json\/wp\/v2\/media?parent=43113"}],"wp:term":[{"taxonomy":"author","embeddable":true,"href":"https:\/\/www.fosa.fr\/meetingdelair\/wp-json\/wp\/v2\/coauthors?post=43113"}],"curies":[{"name":"wp","href":"https:\/\/api.w.org\/{rel}","templated":true}]}}